







{"id":4870,"date":"2024-03-22T11:50:17","date_gmt":"2024-03-22T11:50:17","guid":{"rendered":"https:\/\/phc24.yourcode-staging.com\/pt\/?page_id=4870"},"modified":"2026-01-16T11:36:36","modified_gmt":"2026-01-16T11:36:36","slug":"politica-de-privacidade","status":"publish","type":"page","link":"https:\/\/phcsoftware.com\/ao\/politica-de-privacidade\/","title":{"rendered":"Pol\u00edtica de Privacidade"},"content":{"rendered":"[vc_row type=&#8221;in_container&#8221; full_screen_row_position=&#8221;middle&#8221; column_margin=&#8221;default&#8221; column_direction=&#8221;default&#8221; column_direction_tablet=&#8221;default&#8221; column_direction_phone=&#8221;default&#8221; scene_position=&#8221;center&#8221; top_margin=&#8221;5%&#8221; top_margin_tablet=&#8221;10%&#8221; top_margin_phone=&#8221;20%&#8221; text_color=&#8221;dark&#8221; text_align=&#8221;left&#8221; row_border_radius=&#8221;none&#8221; row_border_radius_applies=&#8221;bg&#8221; overflow=&#8221;visible&#8221; overlay_strength=&#8221;0.3&#8243; gradient_direction=&#8221;left_to_right&#8221; shape_divider_position=&#8221;bottom&#8221; bg_image_animation=&#8221;none&#8221; gradient_type=&#8221;default&#8221; shape_type=&#8221;&#8221;][vc_column column_padding=&#8221;no-extra-padding&#8221; column_padding_tablet=&#8221;inherit&#8221; column_padding_phone=&#8221;inherit&#8221; column_padding_position=&#8221;all&#8221; left_margin=&#8221;2%&#8221; constrain_group_2=&#8221;yes&#8221; right_margin=&#8221;2%&#8221; column_element_direction_desktop=&#8221;default&#8221; column_element_spacing=&#8221;default&#8221; desktop_text_alignment=&#8221;default&#8221; tablet_text_alignment=&#8221;default&#8221; phone_text_alignment=&#8221;default&#8221; background_color_opacity=&#8221;1&#8243; background_hover_color_opacity=&#8221;1&#8243; column_backdrop_filter=&#8221;none&#8221; column_shadow=&#8221;none&#8221; column_border_radius=&#8221;none&#8221; column_link_target=&#8221;_self&#8221; column_position=&#8221;default&#8221; gradient_direction=&#8221;left_to_right&#8221; overlay_strength=&#8221;0.3&#8243; width=&#8221;1\/1&#8243; tablet_width_inherit=&#8221;default&#8221; animation_type=&#8221;default&#8221; bg_image_animation=&#8221;none&#8221; border_type=&#8221;simple&#8221; column_border_width=&#8221;none&#8221; column_border_style=&#8221;solid&#8221; column_padding_type=&#8221;default&#8221; gradient_type=&#8221;default&#8221;][vc_column_text]\n<h5>1. Pol\u00edtica de privacidade do PHC:<\/h5>\n[\/vc_column_text][vc_column_text]A PHC SOLUTIONS, LDA (doravante, &#8220;<strong>CEGID<\/strong>&#8220;), gostaria de o informar sobre o que fazemos com os seus dados pessoais quando utiliza o nosso website. Assim, a presente Pol\u00edtica de Privacidade detalha a forma como recolhemos, usamos, armazenamos, partilhamos e protegemos os dados pessoais que nos fornece enquanto utilizador deste website.<\/p>\n<p>A privacidade dos seus dados \u00e9 muito importante para n\u00f3s. Por isso, gostar\u00edamos de partilhar consigo os nossos princ\u00edpios de prote\u00e7\u00e3o de dados:<\/p>\n<ul>\n<li>Nunca pedimos mais informa\u00e7\u00f5es pessoais do que as necess\u00e1rias para prestar os servi\u00e7os solicitados pelo utilizador.<\/li>\n<li>Nunca partilhamos informa\u00e7\u00f5es pessoais com terceiros, exceto para cumprir uma obriga\u00e7\u00e3o legal ou quando o utilizador nos tenha autorizado expressamente a faz\u00ea-lo.<\/li>\n<li>N\u00e3o utilizamos os seus dados para fins incompat\u00edveis com aqueles para os quais foram recolhidos.<\/li>\n<\/ul>\n[\/vc_column_text][divider line_type=&#8221;No Line&#8221; custom_height=&#8221;15px&#8221;][vc_column_text]<strong>Quem \u00e9 respons\u00e1vel pelo tratamento dos seus dados?<\/strong><\/p>\n<p>O respons\u00e1vel pelo tratamento dos dados pessoais recolhidos atrav\u00e9s do site \u00e9 a PHC SOLUTIONS, LDA, com o n\u00famero de contribuinte 5000695980 e com sede na Prov\u00edncia de Luanda, Munic\u00edpio do Talatona, Condom\u00ednio Belas Business Park Ed. Luanda, 1.o, Porta 101.<\/p>\n<p>Para qualquer consulta ou pedido relacionado com a prote\u00e7\u00e3o de dados pessoais, pode contactar o CEGID, como respons\u00e1vel pelo tratamento de dados, atrav\u00e9s dos seguintes meios: IB_DPO@cegid.com[\/vc_column_text][divider line_type=&#8221;No Line&#8221; custom_height=&#8221;15px&#8221;][vc_column_text]<strong>A que dados pessoais acede o CEGID?<\/strong><\/p>\n<p>As categorias de dados tratados s\u00e3o:<\/p>\n<ul>\n<li>Dados de identifica\u00e7\u00e3o e de contacto: nome, n\u00famero de telefone, endere\u00e7o eletr\u00f3nico e\/ou endere\u00e7o postal.<\/li>\n<li>Dados profissionais: nome da empresa empregadora, cargo, sector profissional e qualquer outra informa\u00e7\u00e3o fornecida no \u00e2mbito da sua rela\u00e7\u00e3o com o CEGID.<\/li>\n<li>Dados sobre a carreira: experi\u00eancia, habilita\u00e7\u00f5es liter\u00e1rias e quaisquer outras informa\u00e7\u00f5es que possa fornecer no seu CV.<\/li>\n<li>Dados t\u00e9cnicos: informa\u00e7\u00f5es derivadas da utiliza\u00e7\u00e3o de servi\u00e7os digitais, como o endere\u00e7o IP, identificadores de sess\u00e3o, registos de apoio, informa\u00e7\u00f5es t\u00e9cnicas necess\u00e1rias para a resolu\u00e7\u00e3o de incidentes.<\/li>\n<li>Dados de navega\u00e7\u00e3o e anal\u00edticos: informa\u00e7\u00f5es recolhidas atrav\u00e9s de cookies, tais como identificadores online, prefer\u00eancias lingu\u00edsticas, tempos de navega\u00e7\u00e3o, comportamento no s\u00edtio (em conformidade com a Pol\u00edtica de Cookies).<\/li>\n<\/ul>\n<p>Os dados pessoais que ser\u00e3o tratados ser\u00e3o os dados pessoais fornecidos pelo utilizador ao CEGID ao preencher o formul\u00e1rio de contacto e\/ou por qualquer outro meio (Chat, WhatsApp, telefone, e-mail, Instagram, Linkedin, Twitter, Facebook).<\/p>\n<p>No caso de os dados do utilizador serem recolhidos atrav\u00e9s de uma Rede Social, a Pol\u00edtica de Privacidade aplic\u00e1vel ser\u00e1 a correspondente \u00e0 Rede Social espec\u00edfica, isentando o CEGID de qualquer responsabilidade nesse sentido.<\/p>\n<p>Em alternativa, podemos receber dados de outras empresas do Grupo CEGID, desde que o utilizador tenha dado o seu consentimento.[\/vc_column_text][divider line_type=&#8221;No Line&#8221; custom_height=&#8221;15px&#8221;][vc_column_text]<strong>Para que fins processamos os seus dados, qual \u00e9 o fundamento para o processamento e durante quanto tempo os conservamos?<\/strong><\/p>\n<p>Em cumprimento do disposto na Lei n.\u00ba 22\/11, de 17 de junho, bem como no Regulamento (UE) 2016\/679, de 27 de abril de 2016, relativo \u00e0 prote\u00e7\u00e3o das pessoas singulares no que diz respeito ao tratamento de dados pessoais e \u00e0 livre circula\u00e7\u00e3o desses dados e que revoga a Diretiva 95\/46\/CE (&#8220;Regulamento Geral sobre a Prote\u00e7\u00e3o de Dados&#8221; ou &#8220;RGPD&#8221;), informamos que o CEGID trata os dados pessoais que nos fornece de forma l\u00edcita e transparente para as seguintes finalidades:[\/vc_column_text][\/vc_column][\/vc_row][vc_row type=&#8221;in_container&#8221; full_screen_row_position=&#8221;middle&#8221; column_margin=&#8221;default&#8221; column_direction=&#8221;default&#8221; column_direction_tablet=&#8221;default&#8221; column_direction_phone=&#8221;default&#8221; scene_position=&#8221;center&#8221; top_margin=&#8221;5%&#8221; text_color=&#8221;dark&#8221; text_align=&#8221;left&#8221; row_border_radius=&#8221;none&#8221; row_border_radius_applies=&#8221;bg&#8221; overflow=&#8221;visible&#8221; overlay_strength=&#8221;0.3&#8243; gradient_direction=&#8221;left_to_right&#8221; shape_divider_position=&#8221;bottom&#8221; bg_image_animation=&#8221;none&#8221; gradient_type=&#8221;default&#8221; shape_type=&#8221;&#8221;][vc_column column_padding=&#8221;no-extra-padding&#8221; column_padding_tablet=&#8221;inherit&#8221; column_padding_phone=&#8221;inherit&#8221; column_padding_position=&#8221;all&#8221; left_margin=&#8221;2%&#8221; constrain_group_2=&#8221;yes&#8221; right_margin=&#8221;2%&#8221; column_element_direction_desktop=&#8221;default&#8221; column_element_spacing=&#8221;default&#8221; desktop_text_alignment=&#8221;default&#8221; tablet_text_alignment=&#8221;default&#8221; phone_text_alignment=&#8221;default&#8221; background_color_opacity=&#8221;1&#8243; background_hover_color_opacity=&#8221;1&#8243; column_backdrop_filter=&#8221;none&#8221; column_shadow=&#8221;none&#8221; column_border_radius=&#8221;none&#8221; column_link_target=&#8221;_self&#8221; column_position=&#8221;default&#8221; gradient_direction=&#8221;left_to_right&#8221; overlay_strength=&#8221;0.3&#8243; width=&#8221;1\/1&#8243; tablet_width_inherit=&#8221;default&#8221; animation_type=&#8221;default&#8221; bg_image_animation=&#8221;none&#8221; border_type=&#8221;simple&#8221; column_border_width=&#8221;none&#8221; column_border_style=&#8221;solid&#8221; column_padding_type=&#8221;default&#8221; gradient_type=&#8221;default&#8221;][vc_column_text]\n<h3>1. No dom\u00ednio das rela\u00e7\u00f5es comerciais<\/h3>\n<p><strong>1.1 Finalidade do tratamento:<\/strong> Responder \u00e0s suas perguntas, d\u00favidas e\/ou pedidos (incluindo a organiza\u00e7\u00e3o de demonstra\u00e7\u00f5es \u00e0 dist\u00e2ncia), bem como gerir e responder a qualquer interesse manifestado num produto CEGID e, se o desejar, gerir o seu registo como cliente.<\/p>\n<p><strong>1.2 Legalidade do tratamento:<\/strong> A base legal para o tratamento \u00e9 a execu\u00e7\u00e3o de rela\u00e7\u00f5es e neg\u00f3cios pr\u00e9-contratuais.<\/p>\n<p><strong>1.3 Conserva\u00e7\u00e3o dos dados:<\/strong> Os seus dados pessoais ser\u00e3o tratados durante o tempo necess\u00e1rio para cumprir a finalidade para a qual foram recolhidos. Logo que a finalidade se extinga, os seus dados pessoais ser\u00e3o bloqueados durante o per\u00edodo de conserva\u00e7\u00e3o aplic\u00e1vel, em fun\u00e7\u00e3o das responsabilidades que possam surgir. Uma vez decorrido este per\u00edodo, ser\u00e3o definitivamente apagados.<\/p>\n<p><strong>1.4 Destinat\u00e1rios dos dados:<\/strong> Os dados pessoais do utilizador s\u00f3 podem ser divulgados \u00e0s empresas do Grupo CEGID se o utilizador tiver autorizado essa divulga\u00e7\u00e3o. Podemos tamb\u00e9m solicitar o apoio de prestadores de servi\u00e7os. Estes terceiros poder\u00e3o ter acesso aos dados do utilizador e actuar\u00e3o em nosso nome e por nossa conta, na qualidade de subcontratantes, seguindo as nossas instru\u00e7\u00f5es e em conformidade com o contrato celebrado com a Cegid.[\/vc_column_text][\/vc_column][\/vc_row][vc_row type=&#8221;in_container&#8221; full_screen_row_position=&#8221;middle&#8221; column_margin=&#8221;default&#8221; column_direction=&#8221;default&#8221; column_direction_tablet=&#8221;default&#8221; column_direction_phone=&#8221;default&#8221; scene_position=&#8221;center&#8221; top_margin=&#8221;5%&#8221; text_color=&#8221;dark&#8221; text_align=&#8221;left&#8221; row_border_radius=&#8221;none&#8221; row_border_radius_applies=&#8221;bg&#8221; overflow=&#8221;visible&#8221; overlay_strength=&#8221;0.3&#8243; gradient_direction=&#8221;left_to_right&#8221; shape_divider_position=&#8221;bottom&#8221; bg_image_animation=&#8221;none&#8221; gradient_type=&#8221;default&#8221; shape_type=&#8221;&#8221;][vc_column column_padding=&#8221;no-extra-padding&#8221; column_padding_tablet=&#8221;inherit&#8221; column_padding_phone=&#8221;inherit&#8221; column_padding_position=&#8221;all&#8221; left_margin=&#8221;2%&#8221; constrain_group_2=&#8221;yes&#8221; right_margin=&#8221;2%&#8221; column_element_direction_desktop=&#8221;default&#8221; column_element_spacing=&#8221;default&#8221; desktop_text_alignment=&#8221;default&#8221; tablet_text_alignment=&#8221;default&#8221; phone_text_alignment=&#8221;default&#8221; background_color_opacity=&#8221;1&#8243; background_hover_color_opacity=&#8221;1&#8243; column_backdrop_filter=&#8221;none&#8221; column_shadow=&#8221;none&#8221; column_border_radius=&#8221;none&#8221; column_link_target=&#8221;_self&#8221; column_position=&#8221;default&#8221; gradient_direction=&#8221;left_to_right&#8221; overlay_strength=&#8221;0.3&#8243; width=&#8221;1\/1&#8243; tablet_width_inherit=&#8221;default&#8221; animation_type=&#8221;default&#8221; bg_image_animation=&#8221;none&#8221; border_type=&#8221;simple&#8221; column_border_width=&#8221;none&#8221; column_border_style=&#8221;solid&#8221; column_padding_type=&#8221;default&#8221; gradient_type=&#8221;default&#8221;][vc_column_text]\n<h3>2. Para a presta\u00e7\u00e3o dos servi\u00e7os contratados<\/h3>\n<p><strong>2.1 Finalidade do tratamento:<\/strong> Prestar os servi\u00e7os que oferecemos, manter a rela\u00e7\u00e3o contratual, convid\u00e1-lo a participar em inqu\u00e9ritos de satisfa\u00e7\u00e3o e enviar-lhe informa\u00e7\u00f5es de interesse relacionadas com as novidades e servi\u00e7os do CEGID.<\/p>\n<p><strong>2.2 Legitima\u00e7\u00e3o do tratamento:<\/strong> A base para o tratamento \u00e9 a execu\u00e7\u00e3o do servi\u00e7o correspondente no \u00e2mbito do contrato, bem como o interesse leg\u00edtimo.<\/p>\n<p><strong>2.3 Conserva\u00e7\u00e3o dos dados:<\/strong> Em caso de contrata\u00e7\u00e3o dos servi\u00e7os, conservaremos os seus dados durante a vig\u00eancia da rela\u00e7\u00e3o contratual e, em qualquer caso, durante o per\u00edodo legalmente previsto na regulamenta\u00e7\u00e3o fiscal aplic\u00e1vel em cada momento.<\/p>\n<p><strong>2.4 Destinat\u00e1rios dos dados:<\/strong> Os seus dados pessoais s\u00f3 ser\u00e3o comunicados a institui\u00e7\u00f5es banc\u00e1rias para o processamento de facturas ou a empresas de cobran\u00e7a em caso de n\u00e3o pagamento dos servi\u00e7os prestados.<\/p>\n<p>Em resultado da presta\u00e7\u00e3o de servi\u00e7os, o CEGID ter\u00e1 acesso aos dados pessoais detidos pelos seus Clientes. A CEGID \u00e9 identificada como o PROCESSOR (ou SUB PROCESSOR, de acordo com as disposi\u00e7\u00f5es da legisla\u00e7\u00e3o europeia). Assim, o acesso pela CEGID aos dados pessoais cujo tratamento possa ser da responsabilidade dos seus Clientes n\u00e3o ser\u00e1 considerado comunica\u00e7\u00e3o ou transfer\u00eancia de dados, uma vez que tal acesso e o correspondente tratamento s\u00e3o necess\u00e1rios \u00e0 presta\u00e7\u00e3o dos servi\u00e7os efectuados pela CEGID, no \u00e2mbito das rela\u00e7\u00f5es contratuais.[\/vc_column_text][\/vc_column][\/vc_row][vc_row type=&#8221;in_container&#8221; full_screen_row_position=&#8221;middle&#8221; column_margin=&#8221;default&#8221; column_direction=&#8221;default&#8221; column_direction_tablet=&#8221;default&#8221; column_direction_phone=&#8221;default&#8221; scene_position=&#8221;center&#8221; top_margin=&#8221;5%&#8221; text_color=&#8221;dark&#8221; text_align=&#8221;left&#8221; row_border_radius=&#8221;none&#8221; row_border_radius_applies=&#8221;bg&#8221; overflow=&#8221;visible&#8221; overlay_strength=&#8221;0.3&#8243; gradient_direction=&#8221;left_to_right&#8221; shape_divider_position=&#8221;bottom&#8221; bg_image_animation=&#8221;none&#8221; gradient_type=&#8221;default&#8221; shape_type=&#8221;&#8221;][vc_column column_padding=&#8221;no-extra-padding&#8221; column_padding_tablet=&#8221;inherit&#8221; column_padding_phone=&#8221;inherit&#8221; column_padding_position=&#8221;all&#8221; left_margin=&#8221;2%&#8221; constrain_group_2=&#8221;yes&#8221; right_margin=&#8221;2%&#8221; column_element_direction_desktop=&#8221;default&#8221; column_element_spacing=&#8221;default&#8221; desktop_text_alignment=&#8221;default&#8221; tablet_text_alignment=&#8221;default&#8221; phone_text_alignment=&#8221;default&#8221; background_color_opacity=&#8221;1&#8243; background_hover_color_opacity=&#8221;1&#8243; column_backdrop_filter=&#8221;none&#8221; column_shadow=&#8221;none&#8221; column_border_radius=&#8221;none&#8221; column_link_target=&#8221;_self&#8221; column_position=&#8221;default&#8221; gradient_direction=&#8221;left_to_right&#8221; overlay_strength=&#8221;0.3&#8243; width=&#8221;1\/1&#8243; tablet_width_inherit=&#8221;default&#8221; animation_type=&#8221;default&#8221; bg_image_animation=&#8221;none&#8221; border_type=&#8221;simple&#8221; column_border_width=&#8221;none&#8221; column_border_style=&#8221;solid&#8221; column_padding_type=&#8221;default&#8221; gradient_type=&#8221;default&#8221;][vc_column_text]\n<h3>3. Cumprimento das obriga\u00e7\u00f5es legais<\/h3>\n<p><strong>3.1 Finalidade do tratamento<\/strong>: Cumprir as obriga\u00e7\u00f5es legais aplic\u00e1veis ao CEGID, incluindo as decorrentes de obriga\u00e7\u00f5es fiscais, contabil\u00edsticas, comerciais, de prote\u00e7\u00e3o de dados pessoais ou de qualquer outro tipo de regulamenta\u00e7\u00e3o que possa ser exigida por autoridades administrativas ou judiciais.<\/p>\n<p><strong>3.2 Legitima\u00e7\u00e3o do tratamento:<\/strong> O fundamento do tratamento \u00e9 o cumprimento de uma obriga\u00e7\u00e3o legal aplic\u00e1vel ao CEGID.<\/p>\n<p><strong>3.3 Conserva\u00e7\u00e3o dos dados:<\/strong> Conservaremos os seus dados para esta finalidade durante os prazos de prescri\u00e7\u00e3o legais estabelecidos em cada caso. Uma vez decorridos estes prazos, os dados ser\u00e3o definitivamente apagados.<\/p>\n<p><strong>3.4 Destinat\u00e1rios dos dados:<\/strong> Os dados poder\u00e3o ser comunicados \u00e0s Administra\u00e7\u00f5es P\u00fablicas competentes, aos Tribunais, e a outros organismos quando assim o exija a normativa aplic\u00e1vel. Da mesma forma, determinados fornecedores que prestam servi\u00e7os de consultoria jur\u00eddica, fiscal ou contabil\u00edstica ao CEGID poder\u00e3o ter acesso aos dados como respons\u00e1veis pelo tratamento.[\/vc_column_text][\/vc_column][\/vc_row][vc_row type=&#8221;in_container&#8221; full_screen_row_position=&#8221;middle&#8221; column_margin=&#8221;default&#8221; column_direction=&#8221;default&#8221; column_direction_tablet=&#8221;default&#8221; column_direction_phone=&#8221;default&#8221; scene_position=&#8221;center&#8221; top_margin=&#8221;5%&#8221; text_color=&#8221;dark&#8221; text_align=&#8221;left&#8221; row_border_radius=&#8221;none&#8221; row_border_radius_applies=&#8221;bg&#8221; overflow=&#8221;visible&#8221; overlay_strength=&#8221;0.3&#8243; gradient_direction=&#8221;left_to_right&#8221; shape_divider_position=&#8221;bottom&#8221; bg_image_animation=&#8221;none&#8221; gradient_type=&#8221;default&#8221; shape_type=&#8221;&#8221;][vc_column column_padding=&#8221;no-extra-padding&#8221; column_padding_tablet=&#8221;inherit&#8221; column_padding_phone=&#8221;inherit&#8221; column_padding_position=&#8221;all&#8221; left_margin=&#8221;2%&#8221; constrain_group_2=&#8221;yes&#8221; right_margin=&#8221;2%&#8221; column_element_direction_desktop=&#8221;default&#8221; column_element_spacing=&#8221;default&#8221; desktop_text_alignment=&#8221;default&#8221; tablet_text_alignment=&#8221;default&#8221; phone_text_alignment=&#8221;default&#8221; background_color_opacity=&#8221;1&#8243; background_hover_color_opacity=&#8221;1&#8243; column_backdrop_filter=&#8221;none&#8221; column_shadow=&#8221;none&#8221; column_border_radius=&#8221;none&#8221; column_link_target=&#8221;_self&#8221; column_position=&#8221;default&#8221; gradient_direction=&#8221;left_to_right&#8221; overlay_strength=&#8221;0.3&#8243; width=&#8221;1\/1&#8243; tablet_width_inherit=&#8221;default&#8221; animation_type=&#8221;default&#8221; bg_image_animation=&#8221;none&#8221; border_type=&#8221;simple&#8221; column_border_width=&#8221;none&#8221; column_border_style=&#8221;solid&#8221; column_padding_type=&#8221;default&#8221; gradient_type=&#8221;default&#8221;][vc_column_text]\n<h3>4. apoio t\u00e9cnico e gest\u00e3o do servi\u00e7o de apoio ao cliente<\/h3>\n<p><strong>4.1 Finalidade do tratamento:<\/strong> Tratar e resolver incidentes t\u00e9cnicos, d\u00favidas funcionais e pedidos de assist\u00eancia enviados pelos clientes atrav\u00e9s dos canais disponibilizados pelo CEGID, incluindo a presta\u00e7\u00e3o de apoio remoto, a rastreabilidade dos pedidos e o acompanhamento da resolu\u00e7\u00e3o.<\/p>\n<p><strong>4.2 Legalidade do tratamento:<\/strong> A base jur\u00eddica \u00e9 a execu\u00e7\u00e3o do contrato de presta\u00e7\u00e3o de servi\u00e7os.<\/p>\n<p><strong>4.3 Conserva\u00e7\u00e3o dos dados:<\/strong> Durante toda a dura\u00e7\u00e3o da rela\u00e7\u00e3o contratual e, posteriormente, bloqueados, a fim de atender a eventuais responsabilidades decorrentes da presta\u00e7\u00e3o do servi\u00e7o.<\/p>\n<p><strong>4.4 Destinat\u00e1rios dos dados:<\/strong> N\u00e3o ser\u00e3o transferidos quaisquer dados para terceiros. No entanto, certos fornecedores de tecnologia que prestam servi\u00e7os de apoio, alojamento ou manuten\u00e7\u00e3o de sistemas podem ter acesso aos dados como processadores de dados.[\/vc_column_text][\/vc_column][\/vc_row][vc_row type=&#8221;in_container&#8221; full_screen_row_position=&#8221;middle&#8221; column_margin=&#8221;default&#8221; column_direction=&#8221;default&#8221; column_direction_tablet=&#8221;default&#8221; column_direction_phone=&#8221;default&#8221; scene_position=&#8221;center&#8221; top_margin=&#8221;5%&#8221; text_color=&#8221;dark&#8221; text_align=&#8221;left&#8221; row_border_radius=&#8221;none&#8221; row_border_radius_applies=&#8221;bg&#8221; overflow=&#8221;visible&#8221; overlay_strength=&#8221;0.3&#8243; gradient_direction=&#8221;left_to_right&#8221; shape_divider_position=&#8221;bottom&#8221; bg_image_animation=&#8221;none&#8221; gradient_type=&#8221;default&#8221; shape_type=&#8221;&#8221;][vc_column column_padding=&#8221;no-extra-padding&#8221; column_padding_tablet=&#8221;inherit&#8221; column_padding_phone=&#8221;inherit&#8221; column_padding_position=&#8221;all&#8221; left_margin=&#8221;2%&#8221; constrain_group_2=&#8221;yes&#8221; right_margin=&#8221;2%&#8221; column_element_direction_desktop=&#8221;default&#8221; column_element_spacing=&#8221;default&#8221; desktop_text_alignment=&#8221;default&#8221; tablet_text_alignment=&#8221;default&#8221; phone_text_alignment=&#8221;default&#8221; background_color_opacity=&#8221;1&#8243; background_hover_color_opacity=&#8221;1&#8243; column_backdrop_filter=&#8221;none&#8221; column_shadow=&#8221;none&#8221; column_border_radius=&#8221;none&#8221; column_link_target=&#8221;_self&#8221; column_position=&#8221;default&#8221; gradient_direction=&#8221;left_to_right&#8221; overlay_strength=&#8221;0.3&#8243; width=&#8221;1\/1&#8243; tablet_width_inherit=&#8221;default&#8221; animation_type=&#8221;default&#8221; bg_image_animation=&#8221;none&#8221; border_type=&#8221;simple&#8221; column_border_width=&#8221;none&#8221; column_border_style=&#8221;solid&#8221; column_padding_type=&#8221;default&#8221; gradient_type=&#8221;default&#8221;][vc_column_text]\n<h3>5. No dom\u00ednio dos processos de sele\u00e7\u00e3o de pessoal<\/h3>\n<p><strong>5.1 Finalidade do tratamento:<\/strong> Gest\u00e3o do seu CV em processos de sele\u00e7\u00e3o de pessoal para o CEGID.<\/p>\n<p><strong>5.2 Legitima\u00e7\u00e3o do tratamento:<\/strong> A base para o tratamento dos CV \u00e9 a aplica\u00e7\u00e3o de medidas pr\u00e9-contratuais a pedido do trabalhador ou a inten\u00e7\u00e3o de celebrar um contrato.<\/p>\n<p><strong>5.3 Conserva\u00e7\u00e3o dos dados:<\/strong> Os seus dados permanecer\u00e3o activos na base de dados de candidatos do CEGID durante 1 ano a contar da data em que nos forneceu o seu CV. Uma vez expirado este prazo, os dados ser\u00e3o destru\u00eddos.<\/p>\n<p><strong>5.4 Destinat\u00e1rios dos dados:<\/strong> Os seus dados pessoais s\u00f3 ser\u00e3o comunicados a terceiros nos seguintes casos \u00e0s empresas do Grupo e\/ou \u00e0 ag\u00eancia de emprego, a fim de realizar as ac\u00e7\u00f5es necess\u00e1rias para a sele\u00e7\u00e3o e recrutamento de pessoal. Podemos tamb\u00e9m solicitar o apoio de prestadores de servi\u00e7os. Estes terceiros poder\u00e3o ter acesso aos seus dados e actuar\u00e3o em nosso nome e por nossa conta, na sua qualidade de respons\u00e1veis pelo tratamento dos dados, seguindo as nossas instru\u00e7\u00f5es de acordo com o correspondente contrato de cess\u00e3o assinado com o CEGID.[\/vc_column_text][\/vc_column][\/vc_row][vc_row type=&#8221;in_container&#8221; full_screen_row_position=&#8221;middle&#8221; column_margin=&#8221;default&#8221; column_direction=&#8221;default&#8221; column_direction_tablet=&#8221;default&#8221; column_direction_phone=&#8221;default&#8221; scene_position=&#8221;center&#8221; top_margin=&#8221;5%&#8221; text_color=&#8221;dark&#8221; text_align=&#8221;left&#8221; row_border_radius=&#8221;none&#8221; row_border_radius_applies=&#8221;bg&#8221; overflow=&#8221;visible&#8221; overlay_strength=&#8221;0.3&#8243; gradient_direction=&#8221;left_to_right&#8221; shape_divider_position=&#8221;bottom&#8221; bg_image_animation=&#8221;none&#8221; gradient_type=&#8221;default&#8221; shape_type=&#8221;&#8221;][vc_column column_padding=&#8221;no-extra-padding&#8221; column_padding_tablet=&#8221;inherit&#8221; column_padding_phone=&#8221;inherit&#8221; column_padding_position=&#8221;all&#8221; left_margin=&#8221;2%&#8221; constrain_group_2=&#8221;yes&#8221; right_margin=&#8221;2%&#8221; column_element_direction_desktop=&#8221;default&#8221; column_element_spacing=&#8221;default&#8221; desktop_text_alignment=&#8221;default&#8221; tablet_text_alignment=&#8221;default&#8221; phone_text_alignment=&#8221;default&#8221; background_color_opacity=&#8221;1&#8243; background_hover_color_opacity=&#8221;1&#8243; column_backdrop_filter=&#8221;none&#8221; column_shadow=&#8221;none&#8221; column_border_radius=&#8221;none&#8221; column_link_target=&#8221;_self&#8221; column_position=&#8221;default&#8221; gradient_direction=&#8221;left_to_right&#8221; overlay_strength=&#8221;0.3&#8243; width=&#8221;1\/1&#8243; tablet_width_inherit=&#8221;default&#8221; animation_type=&#8221;default&#8221; bg_image_animation=&#8221;none&#8221; border_type=&#8221;simple&#8221; column_border_width=&#8221;none&#8221; column_border_style=&#8221;solid&#8221; column_padding_type=&#8221;default&#8221; gradient_type=&#8221;default&#8221;][vc_column_text]\n<h3>Os seus dados pessoais ser\u00e3o processados fora do Espa\u00e7o Econ\u00f3mico Europeu?<\/h3>\n<p>A CEGID, como parte de um grupo global de empresas, tem filiais e prestadores de servi\u00e7os externos dentro e fora do Espa\u00e7o Econ\u00f3mico Europeu (EEE).<br \/>\nSempre que haja uma transfer\u00eancia para o EEE, devem ser formalizadas as cl\u00e1usulas contratuais-tipo (em conformidade com a Decis\u00e3o 87\/2010\/CE da Comiss\u00e3o Europeia ou qualquer documento que a substitua no futuro).[\/vc_column_text][\/vc_column][\/vc_row][vc_row type=&#8221;in_container&#8221; full_screen_row_position=&#8221;middle&#8221; column_margin=&#8221;default&#8221; column_direction=&#8221;default&#8221; column_direction_tablet=&#8221;default&#8221; column_direction_phone=&#8221;default&#8221; scene_position=&#8221;center&#8221; top_margin=&#8221;5%&#8221; text_color=&#8221;dark&#8221; text_align=&#8221;left&#8221; row_border_radius=&#8221;none&#8221; row_border_radius_applies=&#8221;bg&#8221; overflow=&#8221;visible&#8221; overlay_strength=&#8221;0.3&#8243; gradient_direction=&#8221;left_to_right&#8221; shape_divider_position=&#8221;bottom&#8221; bg_image_animation=&#8221;none&#8221; gradient_type=&#8221;default&#8221; shape_type=&#8221;&#8221;][vc_column column_padding=&#8221;no-extra-padding&#8221; column_padding_tablet=&#8221;inherit&#8221; column_padding_phone=&#8221;inherit&#8221; column_padding_position=&#8221;all&#8221; left_margin=&#8221;2%&#8221; constrain_group_2=&#8221;yes&#8221; right_margin=&#8221;2%&#8221; column_element_direction_desktop=&#8221;default&#8221; column_element_spacing=&#8221;default&#8221; desktop_text_alignment=&#8221;default&#8221; tablet_text_alignment=&#8221;default&#8221; phone_text_alignment=&#8221;default&#8221; background_color_opacity=&#8221;1&#8243; background_hover_color_opacity=&#8221;1&#8243; column_backdrop_filter=&#8221;none&#8221; column_shadow=&#8221;none&#8221; column_border_radius=&#8221;none&#8221; column_link_target=&#8221;_self&#8221; column_position=&#8221;default&#8221; gradient_direction=&#8221;left_to_right&#8221; overlay_strength=&#8221;0.3&#8243; width=&#8221;1\/1&#8243; tablet_width_inherit=&#8221;default&#8221; animation_type=&#8221;default&#8221; bg_image_animation=&#8221;none&#8221; border_type=&#8221;simple&#8221; column_border_width=&#8221;none&#8221; column_border_style=&#8221;solid&#8221; column_padding_type=&#8221;default&#8221; gradient_type=&#8221;default&#8221;][vc_column_text]\n<h3>Quais s\u00e3o os seus direitos enquanto titular dos dados?<\/h3>\n<p>Qualquer pessoa tem o direito de solicitar o acesso aos seus dados pessoais, a sua retifica\u00e7\u00e3o se estiverem incorrectos ou o seu apagamento, a limita\u00e7\u00e3o do tratamento, a oposi\u00e7\u00e3o ao tratamento, bem como o direito \u00e0 portabilidade dos dados e a n\u00e3o ser objeto de decis\u00f5es individuais automatizadas.<\/p>\n<p><strong>Acesso:<\/strong> direito de obter a confirma\u00e7\u00e3o de que o CEGID est\u00e1 a tratar os seus dados pessoais, de saber quais s\u00e3o, para que servem, durante quanto tempo s\u00e3o conservados, qual a sua origem e se foram ou v\u00e3o ser comunicados a terceiros.<\/p>\n<p><strong>Retifica\u00e7\u00e3o:<\/strong> o direito de solicitar a retifica\u00e7\u00e3o de dados inexactos e o preenchimento de dados pessoais incompletos.<\/p>\n<p>Apagamento: o direito de solicitar o apagamento de dados pessoais quando estes forem inadequados, excessivos ou deixarem de ser necess\u00e1rios para os fins para que foram recolhidos, incluindo o direito a ser esquecido.<\/p>\n<p><strong>Oposi\u00e7\u00e3o:<\/strong> o direito de se opor, em determinadas circunst\u00e2ncias, ao tratamento dos seus dados pessoais ou de solicitar que esse tratamento seja interrompido.<\/p>\n<p><strong>Limita\u00e7\u00e3o do tratamento:<\/strong> o direito de solicitar, nas circunst\u00e2ncias legalmente estabelecidas, que os seus dados n\u00e3o sejam tratados para al\u00e9m da mera conserva\u00e7\u00e3o dos mesmos para o exerc\u00edcio ou defesa de reclama\u00e7\u00f5es e, em caso de oposi\u00e7\u00e3o, os dados deixar\u00e3o de ser tratados, exceto por raz\u00f5es leg\u00edtimas imperiosas, ou no exerc\u00edcio ou defesa de poss\u00edveis reclama\u00e7\u00f5es.<\/p>\n<p><strong>Portabilidade:<\/strong> o direito de receber os dados pessoais num formato estruturado, de uso corrente e de leitura \u00f3tica e de os poder transmitir a outro respons\u00e1vel pelo tratamento, sempre que tal seja tecnicamente poss\u00edvel.<\/p>\n<p><strong>N\u00e3o estar sujeito a decis\u00f5es automatizadas:<\/strong> o direito de n\u00e3o estar sujeito a uma decis\u00e3o baseada exclusivamente no tratamento automatizado dos seus dados (sem a interven\u00e7\u00e3o de uma pessoa) quando esta for suscet\u00edvel de o afetar jur\u00eddica ou significativamente. Este direito inclui as decis\u00f5es automatizadas baseadas na defini\u00e7\u00e3o de perfis.<\/p>\n<p>Tem ainda o direito de retirar o consentimento para qualquer uma das suas finalidades, sem que isso afecte a licitude do tratamento efectuado com base no consentimento previamente dado. Para o efeito, pode enviar uma comunica\u00e7\u00e3o para o endere\u00e7o de correio eletr\u00f3nico IB_DPO@cegid.com, com a refer\u00eancia &#8220;Prote\u00e7\u00e3o de Dados&#8221; e indicando o direito que pretende exercer.<\/p>\n<p>O exerc\u00edcio destes direitos \u00e9 gratuito, desde que n\u00e3o sejam exercidos de forma manifestamente infundada ou excessiva.<\/p>\n<p>Por \u00faltimo, informamos que tem o direito de apresentar uma queixa junto da Ag\u00eancia de Prote\u00e7\u00e3o de Dados, caso considere que o CEGID n\u00e3o tratou os seus dados em conformidade com a legisla\u00e7\u00e3o em vigor.<\/p>\n<p>Vers\u00e3o: maio de 2025[\/vc_column_text][\/vc_column][\/vc_row]\n","protected":false},"excerpt":{"rendered":"<p>[vc_row type=&#8221;in_container&#8221; full_screen_row_position=&#8221;middle&#8221; column_margin=&#8221;default&#8221; column_direction=&#8221;default&#8221; column_direction_tablet=&#8221;default&#8221; column_direction_phone=&#8221;default&#8221; scene_position=&#8221;center&#8221; top_margin=&#8221;5%&#8221; top_margin_tablet=&#8221;10%&#8221; top_margin_phone=&#8221;20%&#8221; text_color=&#8221;dark&#8221; text_align=&#8221;left&#8221; row_border_radius=&#8221;none&#8221; row_border_radius_applies=&#8221;bg&#8221; overflow=&#8221;visible&#8221; overlay_strength=&#8221;0.3&#8243; gradient_direction=&#8221;left_to_right&#8221; shape_divider_position=&#8221;bottom&#8221; bg_image_animation=&#8221;none&#8221; gradient_type=&#8221;default&#8221; shape_type=&#8221;&#8221;][vc_column column_padding=&#8221;no-extra-padding&#8221; column_padding_tablet=&#8221;inherit&#8221; column_padding_phone=&#8221;inherit&#8221; column_padding_position=&#8221;all&#8221; left_margin=&#8221;2%&#8221; constrain_group_2=&#8221;yes&#8221; right_margin=&#8221;2%&#8221; column_element_direction_desktop=&#8221;default&#8221;&#8230;<\/p>\n","protected":false},"author":1,"featured_media":0,"parent":0,"menu_order":0,"comment_status":"closed","ping_status":"closed","template":"","meta":{"footnotes":""},"class_list":["post-4870","page","type-page","status-publish"],"yoast_head":"<!-- This site is optimized with the Yoast SEO plugin v25.8 - https:\/\/yoast.com\/wordpress\/plugins\/seo\/ -->\n<title>Pol\u00edtica de Privacidade - Angola<\/title>\n<meta name=\"robots\" content=\"index, follow, max-snippet:-1, max-image-preview:large, max-video-preview:-1\" \/>\n<link rel=\"canonical\" href=\"https:\/\/phcsoftware.com\/ao\/politica-de-privacidade\/\" \/>\n<meta property=\"og:locale\" content=\"pt_PT\" \/>\n<meta property=\"og:type\" content=\"article\" \/>\n<meta property=\"og:title\" content=\"Pol\u00edtica de Privacidade - Angola\" \/>\n<meta property=\"og:description\" content=\"[vc_row type=&#8221;in_container&#8221; full_screen_row_position=&#8221;middle&#8221; column_margin=&#8221;default&#8221; column_direction=&#8221;default&#8221; column_direction_tablet=&#8221;default&#8221; column_direction_phone=&#8221;default&#8221; scene_position=&#8221;center&#8221; top_margin=&#8221;5%&#8221; top_margin_tablet=&#8221;10%&#8221; top_margin_phone=&#8221;20%&#8221; text_color=&#8221;dark&#8221; text_align=&#8221;left&#8221; row_border_radius=&#8221;none&#8221; row_border_radius_applies=&#8221;bg&#8221; overflow=&#8221;visible&#8221; overlay_strength=&#8221;0.3&#8243; gradient_direction=&#8221;left_to_right&#8221; shape_divider_position=&#8221;bottom&#8221; bg_image_animation=&#8221;none&#8221; gradient_type=&#8221;default&#8221; shape_type=&#8221;&#8221;][vc_column column_padding=&#8221;no-extra-padding&#8221; column_padding_tablet=&#8221;inherit&#8221; column_padding_phone=&#8221;inherit&#8221; column_padding_position=&#8221;all&#8221; left_margin=&#8221;2%&#8221; constrain_group_2=&#8221;yes&#8221; right_margin=&#8221;2%&#8221; column_element_direction_desktop=&#8221;default&#8221;...\" \/>\n<meta property=\"og:url\" content=\"https:\/\/phcsoftware.com\/ao\/politica-de-privacidade\/\" \/>\n<meta property=\"og:site_name\" content=\"Angola\" \/>\n<meta property=\"article:modified_time\" content=\"2026-01-16T11:36:36+00:00\" \/>\n<meta name=\"twitter:card\" content=\"summary_large_image\" \/>\n<meta name=\"twitter:label1\" content=\"Tempo estimado de leitura\" \/>\n\t<meta name=\"twitter:data1\" content=\"13 minutos\" \/>\n<script type=\"application\/ld+json\" class=\"yoast-schema-graph\">{\"@context\":\"https:\/\/schema.org\",\"@graph\":[{\"@type\":\"WebPage\",\"@id\":\"https:\/\/phcsoftware.com\/ao\/politica-de-privacidade\/\",\"url\":\"https:\/\/phcsoftware.com\/ao\/politica-de-privacidade\/\",\"name\":\"Pol\u00edtica de Privacidade - Angola\",\"isPartOf\":{\"@id\":\"https:\/\/phcsoftware.com\/ao\/#website\"},\"datePublished\":\"2024-03-22T11:50:17+00:00\",\"dateModified\":\"2026-01-16T11:36:36+00:00\",\"breadcrumb\":{\"@id\":\"https:\/\/phcsoftware.com\/ao\/politica-de-privacidade\/#breadcrumb\"},\"inLanguage\":\"pt-PT\",\"potentialAction\":[{\"@type\":\"ReadAction\",\"target\":[\"https:\/\/phcsoftware.com\/ao\/politica-de-privacidade\/\"]}]},{\"@type\":\"BreadcrumbList\",\"@id\":\"https:\/\/phcsoftware.com\/ao\/politica-de-privacidade\/#breadcrumb\",\"itemListElement\":[{\"@type\":\"ListItem\",\"position\":1,\"name\":\"In\u00edcio\",\"item\":\"https:\/\/phcsoftware.com\/ao\/\"},{\"@type\":\"ListItem\",\"position\":2,\"name\":\"Pol\u00edtica de Privacidade\"}]},{\"@type\":\"WebSite\",\"@id\":\"https:\/\/phcsoftware.com\/ao\/#website\",\"url\":\"https:\/\/phcsoftware.com\/ao\/\",\"name\":\"Angola\",\"description\":\"\",\"potentialAction\":[{\"@type\":\"SearchAction\",\"target\":{\"@type\":\"EntryPoint\",\"urlTemplate\":\"https:\/\/phcsoftware.com\/ao\/?s={search_term_string}\"},\"query-input\":{\"@type\":\"PropertyValueSpecification\",\"valueRequired\":true,\"valueName\":\"search_term_string\"}}],\"inLanguage\":\"pt-PT\"}]}<\/script>\n<!-- \/ Yoast SEO plugin. -->","yoast_head_json":{"title":"Pol\u00edtica de Privacidade - Angola","robots":{"index":"index","follow":"follow","max-snippet":"max-snippet:-1","max-image-preview":"max-image-preview:large","max-video-preview":"max-video-preview:-1"},"canonical":"https:\/\/phcsoftware.com\/ao\/politica-de-privacidade\/","og_locale":"pt_PT","og_type":"article","og_title":"Pol\u00edtica de Privacidade - Angola","og_description":"[vc_row type=&#8221;in_container&#8221; full_screen_row_position=&#8221;middle&#8221; column_margin=&#8221;default&#8221; column_direction=&#8221;default&#8221; column_direction_tablet=&#8221;default&#8221; column_direction_phone=&#8221;default&#8221; scene_position=&#8221;center&#8221; top_margin=&#8221;5%&#8221; top_margin_tablet=&#8221;10%&#8221; top_margin_phone=&#8221;20%&#8221; text_color=&#8221;dark&#8221; text_align=&#8221;left&#8221; row_border_radius=&#8221;none&#8221; row_border_radius_applies=&#8221;bg&#8221; overflow=&#8221;visible&#8221; overlay_strength=&#8221;0.3&#8243; gradient_direction=&#8221;left_to_right&#8221; shape_divider_position=&#8221;bottom&#8221; bg_image_animation=&#8221;none&#8221; gradient_type=&#8221;default&#8221; shape_type=&#8221;&#8221;][vc_column column_padding=&#8221;no-extra-padding&#8221; column_padding_tablet=&#8221;inherit&#8221; column_padding_phone=&#8221;inherit&#8221; column_padding_position=&#8221;all&#8221; left_margin=&#8221;2%&#8221; constrain_group_2=&#8221;yes&#8221; right_margin=&#8221;2%&#8221; column_element_direction_desktop=&#8221;default&#8221;...","og_url":"https:\/\/phcsoftware.com\/ao\/politica-de-privacidade\/","og_site_name":"Angola","article_modified_time":"2026-01-16T11:36:36+00:00","twitter_card":"summary_large_image","twitter_misc":{"Tempo estimado de leitura":"13 minutos"},"schema":{"@context":"https:\/\/schema.org","@graph":[{"@type":"WebPage","@id":"https:\/\/phcsoftware.com\/ao\/politica-de-privacidade\/","url":"https:\/\/phcsoftware.com\/ao\/politica-de-privacidade\/","name":"Pol\u00edtica de Privacidade - Angola","isPartOf":{"@id":"https:\/\/phcsoftware.com\/ao\/#website"},"datePublished":"2024-03-22T11:50:17+00:00","dateModified":"2026-01-16T11:36:36+00:00","breadcrumb":{"@id":"https:\/\/phcsoftware.com\/ao\/politica-de-privacidade\/#breadcrumb"},"inLanguage":"pt-PT","potentialAction":[{"@type":"ReadAction","target":["https:\/\/phcsoftware.com\/ao\/politica-de-privacidade\/"]}]},{"@type":"BreadcrumbList","@id":"https:\/\/phcsoftware.com\/ao\/politica-de-privacidade\/#breadcrumb","itemListElement":[{"@type":"ListItem","position":1,"name":"In\u00edcio","item":"https:\/\/phcsoftware.com\/ao\/"},{"@type":"ListItem","position":2,"name":"Pol\u00edtica de Privacidade"}]},{"@type":"WebSite","@id":"https:\/\/phcsoftware.com\/ao\/#website","url":"https:\/\/phcsoftware.com\/ao\/","name":"Angola","description":"","potentialAction":[{"@type":"SearchAction","target":{"@type":"EntryPoint","urlTemplate":"https:\/\/phcsoftware.com\/ao\/?s={search_term_string}"},"query-input":{"@type":"PropertyValueSpecification","valueRequired":true,"valueName":"search_term_string"}}],"inLanguage":"pt-PT"}]}},"_links":{"self":[{"href":"https:\/\/phcsoftware.com\/ao\/wp-json\/wp\/v2\/pages\/4870","targetHints":{"allow":["GET"]}}],"collection":[{"href":"https:\/\/phcsoftware.com\/ao\/wp-json\/wp\/v2\/pages"}],"about":[{"href":"https:\/\/phcsoftware.com\/ao\/wp-json\/wp\/v2\/types\/page"}],"author":[{"embeddable":true,"href":"https:\/\/phcsoftware.com\/ao\/wp-json\/wp\/v2\/users\/1"}],"replies":[{"embeddable":true,"href":"https:\/\/phcsoftware.com\/ao\/wp-json\/wp\/v2\/comments?post=4870"}],"version-history":[{"count":19,"href":"https:\/\/phcsoftware.com\/ao\/wp-json\/wp\/v2\/pages\/4870\/revisions"}],"predecessor-version":[{"id":11784,"href":"https:\/\/phcsoftware.com\/ao\/wp-json\/wp\/v2\/pages\/4870\/revisions\/11784"}],"wp:attachment":[{"href":"https:\/\/phcsoftware.com\/ao\/wp-json\/wp\/v2\/media?parent=4870"}],"curies":[{"name":"wp","href":"https:\/\/api.w.org\/{rel}","templated":true}]}}