







{"id":8398,"date":"2024-04-09T14:37:20","date_gmt":"2024-04-09T14:37:20","guid":{"rendered":"https:\/\/phcsoftware.com\/es\/artigo\/iva-ecommerce-ue-en-vigor\/"},"modified":"2025-07-28T15:22:19","modified_gmt":"2025-07-28T15:22:19","slug":"iva-ecommerce-ue-en-vigor","status":"publish","type":"artigo","link":"https:\/\/phcsoftware.com\/es\/artigo\/iva-ecommerce-ue-en-vigor\/","title":{"rendered":"A partir del 1 de julio en vigor el IVA E-commerce de la UE: \u00bfC\u00f3mo impacta a mi empresa?"},"content":{"rendered":"[vc_row type=\u00bbin_container\u00bb full_screen_row_position=\u00bbmiddle\u00bb column_margin=\u00bbdefault\u00bb equal_height=\u00bbyes\u00bb content_placement=\u00bbtop\u00bb column_direction=\u00bbdefault\u00bb column_direction_tablet=\u00bbdefault\u00bb column_direction_phone=\u00bbdefault\u00bb bg_image=\u00bb9851&#8243; bg_position=\u00bbcenter center\u00bb background_image_loading=\u00bbdefault\u00bb bg_repeat=\u00bbno-repeat\u00bb scene_position=\u00bbcenter\u00bb top_padding=\u00bb7%\u00bb constrain_group_1=\u00bbyes\u00bb bottom_padding=\u00bb7%\u00bb left_padding_desktop=\u00bb5%\u00bb constrain_group_2=\u00bbyes\u00bb right_padding_desktop=\u00bb5%\u00bb right_margin=\u00bb0&#8243; top_margin_phone=\u00bb20%\u00bb text_color=\u00bblight\u00bb text_align=\u00bbleft\u00bb row_border_radius=\u00bb10px\u00bb row_border_radius_applies=\u00bbbg\u00bb overflow=\u00bbvisible\u00bb color_overlay=\u00bb#383838&#8243; overlay_strength=\u00bb0.8&#8243; gradient_direction=\u00bbleft_to_right\u00bb shape_divider_position=\u00bbbottom\u00bb bg_image_animation=\u00bbnone\u00bb gradient_type=\u00bbdefault\u00bb shape_type=\u00bb\u00bb][vc_column column_padding=\u00bbno-extra-padding\u00bb column_padding_tablet=\u00bbinherit\u00bb column_padding_phone=\u00bbinherit\u00bb column_padding_position=\u00bball\u00bb column_element_direction_desktop=\u00bbdefault\u00bb column_element_spacing=\u00bbdefault\u00bb desktop_text_alignment=\u00bbdefault\u00bb tablet_text_alignment=\u00bbcenter\u00bb phone_text_alignment=\u00bbcenter\u00bb background_color_opacity=\u00bb1&#8243; background_hover_color_opacity=\u00bb1&#8243; column_backdrop_filter=\u00bbnone\u00bb column_shadow=\u00bbnone\u00bb column_border_radius=\u00bbnone\u00bb column_link_target=\u00bb_self\u00bb column_position=\u00bbdefault\u00bb gradient_direction=\u00bbleft_to_right\u00bb overlay_strength=\u00bb0.3&#8243; width=\u00bb2\/3&#8243; tablet_width_inherit=\u00bbdefault\u00bb animation_type=\u00bbdefault\u00bb bg_image_animation=\u00bbnone\u00bb border_type=\u00bbsimple\u00bb column_border_width=\u00bbnone\u00bb column_border_style=\u00bbsolid\u00bb column_padding_type=\u00bbdefault\u00bb gradient_type=\u00bbdefault\u00bb][vc_column_text]Artigo[\/vc_column_text][vc_column_text]\n<h1><span class=\"TextRun SCXW173687177 BCX8\" lang=\"ES-ES\" xml:lang=\"ES-ES\" data-contrast=\"auto\"><span class=\"NormalTextRun SCXW173687177 BCX8\" data-ccp-charstyle=\"normaltextrun\" data-ccp-charstyle-defn=\"{&quot;ObjectId&quot;:&quot;bc760f71-d39e-4803-8dce-1b4148c5ae8b|162&quot;,&quot;ClassId&quot;:1073872969,&quot;Properties&quot;:[201342446,&quot;1&quot;,201342447,&quot;5&quot;,201342448,&quot;1&quot;,201342449,&quot;1&quot;,469777841,&quot;Aptos&quot;,469777842,&quot;&quot;,469777843,&quot;Aptos&quot;,469777844,&quot;Aptos&quot;,201341986,&quot;1&quot;,469769226,&quot;Aptos&quot;,268442635,&quot;22&quot;,469775450,&quot;normaltextrun&quot;,201340122,&quot;1&quot;,134233614,&quot;true&quot;,469778129,&quot;normaltextrun&quot;,335572020,&quot;1&quot;,469778324,&quot;Default Paragraph Font&quot;]}\">A partir del 1 de julio en vigor el IVA E-commerce de la UE: \u00bfC\u00f3mo impacta a mi empresa?<\/span><\/span><\/h1>\n[\/vc_column_text][\/vc_column][vc_column column_padding=\u00bbpadding-10-percent\u00bb column_padding_tablet=\u00bbinherit\u00bb column_padding_phone=\u00bbinherit\u00bb column_padding_position=\u00bbleft\u00bb column_element_direction_desktop=\u00bbdefault\u00bb column_element_spacing=\u00bbdefault\u00bb desktop_text_alignment=\u00bbdefault\u00bb tablet_text_alignment=\u00bbdefault\u00bb phone_text_alignment=\u00bbdefault\u00bb background_color_opacity=\u00bb1&#8243; background_hover_color_opacity=\u00bb1&#8243; column_backdrop_filter=\u00bbnone\u00bb column_shadow=\u00bbnone\u00bb column_border_radius=\u00bbnone\u00bb column_link_target=\u00bb_self\u00bb column_position=\u00bbdefault\u00bb gradient_direction=\u00bbleft_to_right\u00bb overlay_strength=\u00bb0.3&#8243; width=\u00bb1\/3&#8243; tablet_width_inherit=\u00bbdefault\u00bb animation_type=\u00bbdefault\u00bb bg_image_animation=\u00bbnone\u00bb border_type=\u00bbsimple\u00bb column_border_width=\u00bbnone\u00bb column_border_style=\u00bbsolid\u00bb column_padding_type=\u00bbdefault\u00bb gradient_type=\u00bbdefault\u00bb][\/vc_column][\/vc_row][vc_row type=\u00bbin_container\u00bb full_screen_row_position=\u00bbmiddle\u00bb column_margin=\u00bbdefault\u00bb column_direction=\u00bbdefault\u00bb column_direction_tablet=\u00bbdefault\u00bb column_direction_phone=\u00bbdefault\u00bb scene_position=\u00bbcenter\u00bb text_color=\u00bbdark\u00bb text_align=\u00bbleft\u00bb row_border_radius=\u00bbnone\u00bb row_border_radius_applies=\u00bbbg\u00bb overflow=\u00bbvisible\u00bb overlay_strength=\u00bb0.3&#8243; gradient_direction=\u00bbleft_to_right\u00bb shape_divider_position=\u00bbbottom\u00bb bg_image_animation=\u00bbnone\u00bb][vc_column column_padding=\u00bbno-extra-padding\u00bb column_padding_tablet=\u00bbinherit\u00bb column_padding_phone=\u00bbinherit\u00bb column_padding_position=\u00bball\u00bb column_element_direction_desktop=\u00bbdefault\u00bb column_element_spacing=\u00bbdefault\u00bb desktop_text_alignment=\u00bbdefault\u00bb tablet_text_alignment=\u00bbdefault\u00bb phone_text_alignment=\u00bbdefault\u00bb background_color_opacity=\u00bb1&#8243; background_hover_color_opacity=\u00bb1&#8243; column_backdrop_filter=\u00bbnone\u00bb column_shadow=\u00bbnone\u00bb column_border_radius=\u00bbnone\u00bb column_link_target=\u00bb_self\u00bb column_position=\u00bbdefault\u00bb gradient_direction=\u00bbleft_to_right\u00bb overlay_strength=\u00bb0.3&#8243; width=\u00bb1\/1&#8243; tablet_width_inherit=\u00bbdefault\u00bb animation_type=\u00bbdefault\u00bb bg_image_animation=\u00bbnone\u00bb border_type=\u00bbsimple\u00bb column_border_width=\u00bbnone\u00bb column_border_style=\u00bbsolid\u00bb][vc_column_text]La aplicaci\u00f3n del IVA E-commerce busca equilibrar las obligaciones en el pago de impuestos por parte de empresas que est\u00e9n dentro o fuera de la UE.<\/p>\n<p>A partir del 1 de julio entra en vigor las nuevas normas del IVA E-commerce europeo en Espa\u00f1a. La medida, dirigida espec\u00edficamente al comercio electr\u00f3nico, tiene como objetivo simplificar los procedimientos empresariales, a trav\u00e9s de la disminuci\u00f3n de la carga administrativa, y reducir la brecha entre el IVA previsto y el recaudado en los pa\u00edses miembros de la Comunidad Europea.<\/p>\n<p>A trav\u00e9s del\u00a0<a href=\"https:\/\/www.boe.es\/eli\/es\/rdl\/2021\/04\/27\/7\" target=\"_blank\" rel=\"noopener\">Real Decreto-Ley 7\/2021<\/a>\u00a0quedaron establecidas las reglas de tributaci\u00f3n a la entrega de bienes y prestaciones de servicios que son contratados por Internet u otros medios electr\u00f3nicos, lo que supone mayor seguridad y transparencia en cuanto a la fiscalidad aplicable a las compras por Internet.<\/p>\n<p>Con esta medida la UE tiene la intenci\u00f3n de crear un sistema uniforme de IVA para entregas transfronterizas de bienes, combatir el fraude fiscal asegurando la declaraci\u00f3n del IVA en el lugar de consumo, as\u00ed como equilibrar las obligaciones en el pago de impuestos por parte de empresas que est\u00e9n dentro o fuera de la UE.<\/p>\n<h2>Sistema simplifica de declaraci\u00f3n de Iva E-commerce<\/h2>\n<p>Con la entrada en vigor de esta normativa el d\u00eda 1 de julio de 2021, las empresas con plataformas e-commerce tendr\u00e1n acceso a <strong>\u201cVentanilla \u00danica\u201d<\/strong>, una herramienta online donde deber\u00e1n registrarse para realizar las declaraciones correspondientes al pago de IVA en otros pa\u00edses de la Uni\u00f3n Europea, de forma simult\u00e1nea.<\/p>\n<p>En pocas palabras, las empresas que tengan este tipo de canales de comercializaci\u00f3n podr\u00e1n pagar el IVA de todas sus ventas intracomunitarias en una \u00fanica declaraci\u00f3n trimestral o mensual, dependiendo del caso, mientras trabajan con la administraci\u00f3n de su pa\u00eds de origen y en su propio idioma, facilitando de esta forma los tr\u00e1mites de estas operaciones.<\/p>\n<p>Asimismo, con el nuevo mecanismo las empresas <strong>podr\u00e1n pagar el IVA sobre los bienes y servicios que se venden online en todos los pa\u00edses de la UE<\/strong>, lo que supone una reducci\u00f3n en los costes de cumplimiento en un 95%.<\/p>\n<p>&nbsp;<\/p>\n<h2>\u00bfA qui\u00e9n afecta las nuevas reglas del Iva E-commerce?<\/h2>\n<p>Las nuevas reglas impactan directamente a empresarios vendedores online, plataformas o \u201cmarketplaces\u201d digitales, operadores postales, empresas de mensajer\u00eda y transporte, y, naturalmente, a consumidores de la UE.<\/p>\n<p>&nbsp;<\/p>\n<h2>\u00bfA qu\u00e9 transaciones aplica el nuevo r\u00e9gimen?<\/h2>\n<p>Las normativas del IVA E-commerce ser\u00e1n aplicadas a las siguientes operaciones:<\/p>\n<ul>\n<li><strong>Ventas a distancia de bienes en el seno de la UE<\/strong> por parte de empresarios vendedores on-line o plataformas digitales;<\/li>\n<li><strong>Ventas a distancia de bienes importados desde terceros pa\u00edses<\/strong> (excepto bienes sujetos a impuestos especiales) por parte de empresarios vendedores online o plataformas digitales, \u201cmarketplaces\u201d;<\/li>\n<li><strong>Ventas locales por parte de plataformas digitales,<\/strong> \u201cmarketplaces\u201d;<\/li>\n<li><strong>Prestaciones de todo tipo de servicios B2C<\/strong>, telecomunicaciones, radiotelevisi\u00f3n, y electr\u00f3nicos (TRE) y cualesquiera otros localizados en la UE, por parte de operadores comunitarios y no comunitarios a consumidores finales.<\/li>\n<\/ul>\n<p>&nbsp;<\/p>\n<h2>\u00bfEst\u00e1n cubiertos todos los territorios de la UE?<\/h2>\n<p>En el caso del Reino Unido, hay que recordar que, con el Brexit, este pa\u00eds ahora se considera fuera de la Comunidad y, por tanto, las compras y env\u00edos online realizados a este destino tambi\u00e9n est\u00e1n sujetos al pago del IVA y dem\u00e1s tasas aduaneras aplicables.<\/p>\n<p>Dentro de las fronteras de la UE todav\u00eda existen territorios que, a efectos fiscales, se consideran extracomunitarios. Por esa raz\u00f3n, tambi\u00e9n est\u00e1n sujetos a control aduanero.<\/p>\n<p>Estos territorios son los siguientes:<\/p>\n<ul>\n<li>Alemania: Buesingen;<\/li>\n<li>Espa\u00f1a: Canarias, Territorios de Ceuta y Melilla, Andorra;<\/li>\n<li>Francia: Martinica, Guayana Francesa, Isla de la Reuni\u00f3n y Guadalupe;<\/li>\n<li>Grecia: Monte Athos;<\/li>\n<li>Italia: San Marino y Vaticano.<\/li>\n<\/ul>\n<p>&nbsp;<\/p>\n<h2>Consideraciones importantes para las empresas<\/h2>\n<ul>\n<li>Los sistemas de los proveedores\/vendedores deben ser capaces de reconocer el estatus IVA de sus clientes, los pa\u00edses de expedici\u00f3n\/importaci\u00f3n\/llegada de las mercanc\u00edas y asignar los tipos de IVA aplicables en cada caso (hay m\u00e1s de 80 tipos impositivos de IVA distintos en la UE).<\/li>\n<li>En el caso de contratos con plataformas o \u201cmarketplaces\u201d, deben revisarse contratos y acuerdos para asegurar que las responsabilidades en cuanto a la declaraci\u00f3n e ingreso del IVA est\u00e9n claramente definidas a la luz de las nuevas reglas.<\/li>\n<li>Cuando una empresa supere el umbral de 10.000 euros en ventas de bienes con destino a otro Estado Miembro, deber\u00e1 aplicar el IVA del Estado Miembro de destino, mientras que hasta ahora esto s\u00f3lo suced\u00eda cuando se superaban los respectivos umbrales nacionales (hasta 100.000 euros anuales, dependiendo del territorio). Bien el precio de venta, bien el margen del vendedor, se ver\u00e1n modificados.<\/li>\n<li>Se suprime la exenci\u00f3n en la importaci\u00f3n de bienes de escaso valor, hasta 22 euros, por lo que se deber\u00e1 pagar el IVA sobre dichos bienes al tipo aplicable en cada Estado Miembro de la UE, lo que tambi\u00e9n afectar\u00e1 al precio y al margen de estos productos.<\/li>\n<\/ul>\n<p>Cabe destacar, que la aplicabilidad de este nuevo r\u00e9gimen europeo que regula fiscalmente al comercio electr\u00f3nico fue prorrogado a finales de 2020. No en tanto, la Uni\u00f3n Europea ha sido clara, desde entonces, sobre los principales objetivos que se persiguen con la pr\u00f3xima entrada en vigor el IVA E-Commerce UE: simplificar el sistema tributario europeo, reducir el fraude fiscal y ayudar a las empresas a ser m\u00e1s competitivas.[\/vc_column_text][\/vc_column][\/vc_row]\n","protected":false},"excerpt":{"rendered":"<p>[vc_row type=\u00bbin_container\u00bb full_screen_row_position=\u00bbmiddle\u00bb column_margin=\u00bbdefault\u00bb equal_height=\u00bbyes\u00bb content_placement=\u00bbtop\u00bb column_direction=\u00bbdefault\u00bb column_direction_tablet=\u00bbdefault\u00bb column_direction_phone=\u00bbdefault\u00bb bg_image=\u00bb9851&#8243; bg_position=\u00bbcenter center\u00bb background_image_loading=\u00bbdefault\u00bb bg_repeat=\u00bbno-repeat\u00bb scene_position=\u00bbcenter\u00bb top_padding=\u00bb7%\u00bb constrain_group_1=\u00bbyes\u00bb bottom_padding=\u00bb7%\u00bb left_padding_desktop=\u00bb5%\u00bb constrain_group_2=\u00bbyes\u00bb right_padding_desktop=\u00bb5%\u00bb right_margin=\u00bb0&#8243; top_margin_phone=\u00bb20%\u00bb text_color=\u00bblight\u00bb text_align=\u00bbleft\u00bb row_border_radius=\u00bb10px\u00bb row_border_radius_applies=\u00bbbg\u00bb overflow=\u00bbvisible\u00bb color_overlay=\u00bb#383838&#8243; overlay_strength=\u00bb0.8&#8243;&#8230;<\/p>\n","protected":false},"author":1,"featured_media":8303,"menu_order":0,"template":"","format":"standard","categories":[14],"tags":[],"class_list":{"0":"post-8398","1":"artigo","2":"type-artigo","3":"status-publish","4":"format-standard","5":"has-post-thumbnail","7":"category-clientes-y-ventas"},"yoast_head":"<!-- This site is optimized with the Yoast SEO plugin v25.8 - https:\/\/yoast.com\/wordpress\/plugins\/seo\/ -->\n<title>A partir del 1 de julio en vigor el IVA E-commerce de la UE: \u00bfC\u00f3mo impacta a mi empresa? - Espanha<\/title>\n<meta name=\"robots\" content=\"index, follow, max-snippet:-1, max-image-preview:large, max-video-preview:-1\" \/>\n<link rel=\"canonical\" href=\"https:\/\/phcsoftware.com\/es\/artigo\/iva-ecommerce-ue-en-vigor\/\" \/>\n<meta property=\"og:locale\" content=\"es_ES\" \/>\n<meta property=\"og:type\" content=\"article\" \/>\n<meta property=\"og:title\" content=\"A partir del 1 de julio en vigor el IVA E-commerce de la UE: \u00bfC\u00f3mo impacta a mi empresa? - Espanha\" \/>\n<meta property=\"og:description\" content=\"[vc_row type=\u00bbin_container\u00bb full_screen_row_position=\u00bbmiddle\u00bb column_margin=\u00bbdefault\u00bb equal_height=\u00bbyes\u00bb content_placement=\u00bbtop\u00bb column_direction=\u00bbdefault\u00bb column_direction_tablet=\u00bbdefault\u00bb column_direction_phone=\u00bbdefault\u00bb bg_image=\u00bb9851&#8243; bg_position=\u00bbcenter center\u00bb background_image_loading=\u00bbdefault\u00bb bg_repeat=\u00bbno-repeat\u00bb scene_position=\u00bbcenter\u00bb top_padding=\u00bb7%\u00bb constrain_group_1=\u00bbyes\u00bb bottom_padding=\u00bb7%\u00bb left_padding_desktop=\u00bb5%\u00bb constrain_group_2=\u00bbyes\u00bb right_padding_desktop=\u00bb5%\u00bb right_margin=\u00bb0&#8243; top_margin_phone=\u00bb20%\u00bb text_color=\u00bblight\u00bb text_align=\u00bbleft\u00bb row_border_radius=\u00bb10px\u00bb row_border_radius_applies=\u00bbbg\u00bb overflow=\u00bbvisible\u00bb color_overlay=\u00bb#383838&#8243; overlay_strength=\u00bb0.8&#8243;...\" \/>\n<meta property=\"og:url\" content=\"https:\/\/phcsoftware.com\/es\/artigo\/iva-ecommerce-ue-en-vigor\/\" \/>\n<meta property=\"og:site_name\" content=\"Espanha\" \/>\n<meta property=\"article:modified_time\" content=\"2025-07-28T15:22:19+00:00\" \/>\n<meta property=\"og:image\" content=\"https:\/\/phcsoftware.com\/es\/wp-content\/uploads\/sites\/4\/2024\/04\/clientes_vendas_feat.png\" \/>\n\t<meta property=\"og:image:width\" content=\"762\" \/>\n\t<meta property=\"og:image:height\" content=\"434\" \/>\n\t<meta property=\"og:image:type\" content=\"image\/png\" \/>\n<meta name=\"twitter:card\" content=\"summary_large_image\" \/>\n<meta name=\"twitter:label1\" content=\"Tiempo de lectura\" \/>\n\t<meta name=\"twitter:data1\" content=\"6 minutos\" \/>\n<script type=\"application\/ld+json\" class=\"yoast-schema-graph\">{\"@context\":\"https:\/\/schema.org\",\"@graph\":[{\"@type\":\"WebPage\",\"@id\":\"https:\/\/phcsoftware.com\/es\/artigo\/iva-ecommerce-ue-en-vigor\/\",\"url\":\"https:\/\/phcsoftware.com\/es\/artigo\/iva-ecommerce-ue-en-vigor\/\",\"name\":\"A partir del 1 de julio en vigor el IVA E-commerce de la UE: \u00bfC\u00f3mo impacta a mi empresa? - Espanha\",\"isPartOf\":{\"@id\":\"https:\/\/phcsoftware.com\/es\/#website\"},\"primaryImageOfPage\":{\"@id\":\"https:\/\/phcsoftware.com\/es\/artigo\/iva-ecommerce-ue-en-vigor\/#primaryimage\"},\"image\":{\"@id\":\"https:\/\/phcsoftware.com\/es\/artigo\/iva-ecommerce-ue-en-vigor\/#primaryimage\"},\"thumbnailUrl\":\"https:\/\/phcsoftware.com\/es\/wp-content\/uploads\/sites\/4\/2024\/04\/clientes_vendas_feat.png\",\"datePublished\":\"2024-04-09T14:37:20+00:00\",\"dateModified\":\"2025-07-28T15:22:19+00:00\",\"breadcrumb\":{\"@id\":\"https:\/\/phcsoftware.com\/es\/artigo\/iva-ecommerce-ue-en-vigor\/#breadcrumb\"},\"inLanguage\":\"es\",\"potentialAction\":[{\"@type\":\"ReadAction\",\"target\":[\"https:\/\/phcsoftware.com\/es\/artigo\/iva-ecommerce-ue-en-vigor\/\"]}]},{\"@type\":\"ImageObject\",\"inLanguage\":\"es\",\"@id\":\"https:\/\/phcsoftware.com\/es\/artigo\/iva-ecommerce-ue-en-vigor\/#primaryimage\",\"url\":\"https:\/\/phcsoftware.com\/es\/wp-content\/uploads\/sites\/4\/2024\/04\/clientes_vendas_feat.png\",\"contentUrl\":\"https:\/\/phcsoftware.com\/es\/wp-content\/uploads\/sites\/4\/2024\/04\/clientes_vendas_feat.png\",\"width\":762,\"height\":434},{\"@type\":\"BreadcrumbList\",\"@id\":\"https:\/\/phcsoftware.com\/es\/artigo\/iva-ecommerce-ue-en-vigor\/#breadcrumb\",\"itemListElement\":[{\"@type\":\"ListItem\",\"position\":1,\"name\":\"In\u00edcio\",\"item\":\"https:\/\/phcsoftware.com\/es\/\"},{\"@type\":\"ListItem\",\"position\":2,\"name\":\"A partir del 1 de julio en vigor el IVA E-commerce de la UE: \u00bfC\u00f3mo impacta a mi empresa?\"}]},{\"@type\":\"WebSite\",\"@id\":\"https:\/\/phcsoftware.com\/es\/#website\",\"url\":\"https:\/\/phcsoftware.com\/es\/\",\"name\":\"Espanha\",\"description\":\"\",\"potentialAction\":[{\"@type\":\"SearchAction\",\"target\":{\"@type\":\"EntryPoint\",\"urlTemplate\":\"https:\/\/phcsoftware.com\/es\/?s={search_term_string}\"},\"query-input\":{\"@type\":\"PropertyValueSpecification\",\"valueRequired\":true,\"valueName\":\"search_term_string\"}}],\"inLanguage\":\"es\"}]}<\/script>\n<!-- \/ Yoast SEO plugin. -->","yoast_head_json":{"title":"A partir del 1 de julio en vigor el IVA E-commerce de la UE: \u00bfC\u00f3mo impacta a mi empresa? - Espanha","robots":{"index":"index","follow":"follow","max-snippet":"max-snippet:-1","max-image-preview":"max-image-preview:large","max-video-preview":"max-video-preview:-1"},"canonical":"https:\/\/phcsoftware.com\/es\/artigo\/iva-ecommerce-ue-en-vigor\/","og_locale":"es_ES","og_type":"article","og_title":"A partir del 1 de julio en vigor el IVA E-commerce de la UE: \u00bfC\u00f3mo impacta a mi empresa? - Espanha","og_description":"[vc_row type=\u00bbin_container\u00bb full_screen_row_position=\u00bbmiddle\u00bb column_margin=\u00bbdefault\u00bb equal_height=\u00bbyes\u00bb content_placement=\u00bbtop\u00bb column_direction=\u00bbdefault\u00bb column_direction_tablet=\u00bbdefault\u00bb column_direction_phone=\u00bbdefault\u00bb bg_image=\u00bb9851&#8243; bg_position=\u00bbcenter center\u00bb background_image_loading=\u00bbdefault\u00bb bg_repeat=\u00bbno-repeat\u00bb scene_position=\u00bbcenter\u00bb top_padding=\u00bb7%\u00bb constrain_group_1=\u00bbyes\u00bb bottom_padding=\u00bb7%\u00bb left_padding_desktop=\u00bb5%\u00bb constrain_group_2=\u00bbyes\u00bb right_padding_desktop=\u00bb5%\u00bb right_margin=\u00bb0&#8243; top_margin_phone=\u00bb20%\u00bb text_color=\u00bblight\u00bb text_align=\u00bbleft\u00bb row_border_radius=\u00bb10px\u00bb row_border_radius_applies=\u00bbbg\u00bb overflow=\u00bbvisible\u00bb color_overlay=\u00bb#383838&#8243; overlay_strength=\u00bb0.8&#8243;...","og_url":"https:\/\/phcsoftware.com\/es\/artigo\/iva-ecommerce-ue-en-vigor\/","og_site_name":"Espanha","article_modified_time":"2025-07-28T15:22:19+00:00","og_image":[{"width":762,"height":434,"url":"https:\/\/phcsoftware.com\/es\/wp-content\/uploads\/sites\/4\/2024\/04\/clientes_vendas_feat.png","type":"image\/png"}],"twitter_card":"summary_large_image","twitter_misc":{"Tiempo de lectura":"6 minutos"},"schema":{"@context":"https:\/\/schema.org","@graph":[{"@type":"WebPage","@id":"https:\/\/phcsoftware.com\/es\/artigo\/iva-ecommerce-ue-en-vigor\/","url":"https:\/\/phcsoftware.com\/es\/artigo\/iva-ecommerce-ue-en-vigor\/","name":"A partir del 1 de julio en vigor el IVA E-commerce de la UE: \u00bfC\u00f3mo impacta a mi empresa? - Espanha","isPartOf":{"@id":"https:\/\/phcsoftware.com\/es\/#website"},"primaryImageOfPage":{"@id":"https:\/\/phcsoftware.com\/es\/artigo\/iva-ecommerce-ue-en-vigor\/#primaryimage"},"image":{"@id":"https:\/\/phcsoftware.com\/es\/artigo\/iva-ecommerce-ue-en-vigor\/#primaryimage"},"thumbnailUrl":"https:\/\/phcsoftware.com\/es\/wp-content\/uploads\/sites\/4\/2024\/04\/clientes_vendas_feat.png","datePublished":"2024-04-09T14:37:20+00:00","dateModified":"2025-07-28T15:22:19+00:00","breadcrumb":{"@id":"https:\/\/phcsoftware.com\/es\/artigo\/iva-ecommerce-ue-en-vigor\/#breadcrumb"},"inLanguage":"es","potentialAction":[{"@type":"ReadAction","target":["https:\/\/phcsoftware.com\/es\/artigo\/iva-ecommerce-ue-en-vigor\/"]}]},{"@type":"ImageObject","inLanguage":"es","@id":"https:\/\/phcsoftware.com\/es\/artigo\/iva-ecommerce-ue-en-vigor\/#primaryimage","url":"https:\/\/phcsoftware.com\/es\/wp-content\/uploads\/sites\/4\/2024\/04\/clientes_vendas_feat.png","contentUrl":"https:\/\/phcsoftware.com\/es\/wp-content\/uploads\/sites\/4\/2024\/04\/clientes_vendas_feat.png","width":762,"height":434},{"@type":"BreadcrumbList","@id":"https:\/\/phcsoftware.com\/es\/artigo\/iva-ecommerce-ue-en-vigor\/#breadcrumb","itemListElement":[{"@type":"ListItem","position":1,"name":"In\u00edcio","item":"https:\/\/phcsoftware.com\/es\/"},{"@type":"ListItem","position":2,"name":"A partir del 1 de julio en vigor el IVA E-commerce de la UE: \u00bfC\u00f3mo impacta a mi empresa?"}]},{"@type":"WebSite","@id":"https:\/\/phcsoftware.com\/es\/#website","url":"https:\/\/phcsoftware.com\/es\/","name":"Espanha","description":"","potentialAction":[{"@type":"SearchAction","target":{"@type":"EntryPoint","urlTemplate":"https:\/\/phcsoftware.com\/es\/?s={search_term_string}"},"query-input":{"@type":"PropertyValueSpecification","valueRequired":true,"valueName":"search_term_string"}}],"inLanguage":"es"}]}},"_links":{"self":[{"href":"https:\/\/phcsoftware.com\/es\/wp-json\/wp\/v2\/artigo\/8398","targetHints":{"allow":["GET"]}}],"collection":[{"href":"https:\/\/phcsoftware.com\/es\/wp-json\/wp\/v2\/artigo"}],"about":[{"href":"https:\/\/phcsoftware.com\/es\/wp-json\/wp\/v2\/types\/artigo"}],"author":[{"embeddable":true,"href":"https:\/\/phcsoftware.com\/es\/wp-json\/wp\/v2\/users\/1"}],"version-history":[{"count":3,"href":"https:\/\/phcsoftware.com\/es\/wp-json\/wp\/v2\/artigo\/8398\/revisions"}],"predecessor-version":[{"id":10653,"href":"https:\/\/phcsoftware.com\/es\/wp-json\/wp\/v2\/artigo\/8398\/revisions\/10653"}],"wp:featuredmedia":[{"embeddable":true,"href":"https:\/\/phcsoftware.com\/es\/wp-json\/wp\/v2\/media\/8303"}],"wp:attachment":[{"href":"https:\/\/phcsoftware.com\/es\/wp-json\/wp\/v2\/media?parent=8398"}],"wp:term":[{"taxonomy":"category","embeddable":true,"href":"https:\/\/phcsoftware.com\/es\/wp-json\/wp\/v2\/categories?post=8398"},{"taxonomy":"post_tag","embeddable":true,"href":"https:\/\/phcsoftware.com\/es\/wp-json\/wp\/v2\/tags?post=8398"}],"curies":[{"name":"wp","href":"https:\/\/api.w.org\/{rel}","templated":true}]}}