







{"id":6825,"date":"2024-03-28T19:15:12","date_gmt":"2024-03-28T19:15:12","guid":{"rendered":"https:\/\/phc24.yourcode-staging.com\/pt\/artigo\/a-partir-de-1-de-julho-o-iva-do-e-commerce-na-ue-entrara-em-vigor-de-que-forma-e-que-esta-medida-pode-afetar-a-minha-empresa\/"},"modified":"2024-04-10T22:14:06","modified_gmt":"2024-04-10T22:14:06","slug":"iva-ecommerce-ue-entra-em-vigor","status":"publish","type":"artigo","link":"https:\/\/phcsoftware.com\/pt\/artigo\/iva-ecommerce-ue-entra-em-vigor","title":{"rendered":"A partir de 1 de julho, o IVA do e-commerce na UE entrar\u00e1 em vigor: de que forma \u00e9 que esta medida pode afetar a minha empresa?"},"content":{"rendered":"[vc_row type=&#8221;in_container&#8221; full_screen_row_position=&#8221;middle&#8221; column_margin=&#8221;default&#8221; equal_height=&#8221;yes&#8221; content_placement=&#8221;middle&#8221; column_direction=&#8221;default&#8221; column_direction_tablet=&#8221;default&#8221; column_direction_phone=&#8221;default&#8221; bg_image=&#8221;https:\/\/phcsoftware.com\/pt\/wp-content\/uploads\/sites\/3\/2024\/03\/obrigacoes_legais.jpg&#8221; bg_position=&#8221;left top&#8221; background_image_loading=&#8221;default&#8221; bg_repeat=&#8221;no-repeat&#8221; scene_position=&#8221;center&#8221; top_padding=&#8221;7%&#8221; constrain_group_1=&#8221;yes&#8221; bottom_padding=&#8221;7%&#8221; left_padding_desktop=&#8221;5%&#8221; constrain_group_2=&#8221;yes&#8221; right_padding_desktop=&#8221;5%&#8221; right_margin=&#8221;0&#8243; top_margin_phone=&#8221;20%&#8221; text_color=&#8221;light&#8221; text_align=&#8221;left&#8221; row_border_radius=&#8221;10px&#8221; row_border_radius_applies=&#8221;bg&#8221; overflow=&#8221;visible&#8221; color_overlay=&#8221;#383838&#8243; overlay_strength=&#8221;0.8&#8243; gradient_direction=&#8221;left_to_right&#8221; shape_divider_position=&#8221;bottom&#8221; bg_image_animation=&#8221;none&#8221; gradient_type=&#8221;default&#8221; shape_type=&#8221;&#8221;][vc_column column_padding=&#8221;no-extra-padding&#8221; column_padding_tablet=&#8221;inherit&#8221; column_padding_phone=&#8221;inherit&#8221; column_padding_position=&#8221;all&#8221; column_element_direction_desktop=&#8221;default&#8221; column_element_spacing=&#8221;default&#8221; desktop_text_alignment=&#8221;default&#8221; tablet_text_alignment=&#8221;center&#8221; phone_text_alignment=&#8221;center&#8221; background_color_opacity=&#8221;1&#8243; background_hover_color_opacity=&#8221;1&#8243; column_backdrop_filter=&#8221;none&#8221; column_shadow=&#8221;none&#8221; column_border_radius=&#8221;none&#8221; column_link_target=&#8221;_self&#8221; column_position=&#8221;default&#8221; gradient_direction=&#8221;left_to_right&#8221; overlay_strength=&#8221;0.3&#8243; width=&#8221;2\/3&#8243; tablet_width_inherit=&#8221;default&#8221; animation_type=&#8221;default&#8221; bg_image_animation=&#8221;none&#8221; border_type=&#8221;simple&#8221; column_border_width=&#8221;none&#8221; column_border_style=&#8221;solid&#8221; column_padding_type=&#8221;default&#8221; gradient_type=&#8221;default&#8221;][vc_column_text]Artigo[\/vc_column_text][vc_column_text]\n<h2>A partir de 1 de julho, o IVA do e-commerce na UE entrar\u00e1 em vigor: de que forma \u00e9 que esta medida pode afetar a minha empresa?<\/h2>\n[\/vc_column_text][\/vc_column][vc_column column_padding=&#8221;padding-10-percent&#8221; column_padding_tablet=&#8221;inherit&#8221; column_padding_phone=&#8221;inherit&#8221; column_padding_position=&#8221;left&#8221; column_element_direction_desktop=&#8221;default&#8221; column_element_spacing=&#8221;default&#8221; desktop_text_alignment=&#8221;default&#8221; tablet_text_alignment=&#8221;default&#8221; phone_text_alignment=&#8221;default&#8221; background_color_opacity=&#8221;1&#8243; background_hover_color_opacity=&#8221;1&#8243; column_backdrop_filter=&#8221;none&#8221; column_shadow=&#8221;none&#8221; column_border_radius=&#8221;none&#8221; column_link_target=&#8221;_self&#8221; column_position=&#8221;default&#8221; gradient_direction=&#8221;left_to_right&#8221; overlay_strength=&#8221;0.3&#8243; width=&#8221;1\/3&#8243; tablet_width_inherit=&#8221;default&#8221; animation_type=&#8221;default&#8221; bg_image_animation=&#8221;none&#8221; border_type=&#8221;simple&#8221; column_border_width=&#8221;none&#8221; column_border_style=&#8221;solid&#8221; column_padding_type=&#8221;default&#8221; gradient_type=&#8221;default&#8221;][\/vc_column][\/vc_row][vc_row type=&#8221;in_container&#8221; full_screen_row_position=&#8221;middle&#8221; column_margin=&#8221;default&#8221; column_direction=&#8221;default&#8221; column_direction_tablet=&#8221;default&#8221; column_direction_phone=&#8221;default&#8221; scene_position=&#8221;center&#8221; top_padding=&#8221;3%&#8221; left_padding_desktop=&#8221;5%&#8221; constrain_group_2=&#8221;yes&#8221; right_padding_desktop=&#8221;5%&#8221; left_padding_tablet=&#8221;0%&#8221; constrain_group_4=&#8221;yes&#8221; right_padding_tablet=&#8221;0%&#8221; left_padding_phone=&#8221;0%&#8221; constrain_group_6=&#8221;yes&#8221; right_padding_phone=&#8221;0%&#8221; text_color=&#8221;dark&#8221; text_align=&#8221;left&#8221; row_border_radius=&#8221;none&#8221; row_border_radius_applies=&#8221;bg&#8221; overflow=&#8221;visible&#8221; overlay_strength=&#8221;0.3&#8243; gradient_direction=&#8221;left_to_right&#8221; shape_divider_position=&#8221;bottom&#8221; bg_image_animation=&#8221;none&#8221; gradient_type=&#8221;default&#8221; shape_type=&#8221;&#8221;][vc_column column_padding=&#8221;no-extra-padding&#8221; column_padding_tablet=&#8221;inherit&#8221; column_padding_phone=&#8221;inherit&#8221; column_padding_position=&#8221;all&#8221; column_element_direction_desktop=&#8221;default&#8221; column_element_spacing=&#8221;default&#8221; desktop_text_alignment=&#8221;default&#8221; tablet_text_alignment=&#8221;default&#8221; phone_text_alignment=&#8221;default&#8221; background_color_opacity=&#8221;1&#8243; background_hover_color_opacity=&#8221;1&#8243; column_backdrop_filter=&#8221;none&#8221; column_shadow=&#8221;none&#8221; column_border_radius=&#8221;none&#8221; column_link_target=&#8221;_self&#8221; column_position=&#8221;default&#8221; gradient_direction=&#8221;left_to_right&#8221; overlay_strength=&#8221;0.3&#8243; width=&#8221;2\/3&#8243; tablet_width_inherit=&#8221;default&#8221; animation_type=&#8221;default&#8221; bg_image_animation=&#8221;none&#8221; border_type=&#8221;simple&#8221; column_border_width=&#8221;none&#8221; column_border_style=&#8221;solid&#8221;][vc_row_inner column_margin=&#8221;default&#8221; column_direction=&#8221;default&#8221; column_direction_tablet=&#8221;default&#8221; column_direction_phone=&#8221;default&#8221; text_align=&#8221;left&#8221; row_position=&#8221;default&#8221; row_position_tablet=&#8221;inherit&#8221; row_position_phone=&#8221;inherit&#8221; overflow=&#8221;visible&#8221; pointer_events=&#8221;all&#8221; class=&#8221;linhaTempoLeitura&#8221;][vc_column_inner column_padding=&#8221;no-extra-padding&#8221; column_padding_tablet=&#8221;inherit&#8221; column_padding_phone=&#8221;inherit&#8221; column_padding_position=&#8221;all&#8221; column_element_direction_desktop=&#8221;horizontal&#8221; column_element_alignment=&#8221;center&#8221; column_element_spacing=&#8221;50px&#8221; desktop_text_alignment=&#8221;default&#8221; tablet_text_alignment=&#8221;default&#8221; phone_text_alignment=&#8221;default&#8221; background_color_opacity=&#8221;1&#8243; background_hover_color_opacity=&#8221;1&#8243; column_backdrop_filter=&#8221;none&#8221; column_shadow=&#8221;none&#8221; column_border_radius=&#8221;none&#8221; column_link_target=&#8221;_self&#8221; overflow=&#8221;visible&#8221; gradient_direction=&#8221;left_to_right&#8221; overlay_strength=&#8221;0.3&#8243; width=&#8221;1\/1&#8243; tablet_width_inherit=&#8221;default&#8221; animation_type=&#8221;default&#8221; bg_image_animation=&#8221;none&#8221; border_type=&#8221;simple&#8221; column_border_width=&#8221;none&#8221; column_border_style=&#8221;solid&#8221; column_padding_type=&#8221;default&#8221; gradient_type=&#8221;default&#8221;][vc_column_text]27 de Outubro 2023[\/vc_column_text][vc_column_text]Tempo de leitura: 5min[\/vc_column_text][\/vc_column_inner][\/vc_row_inner][divider line_type=&#8221;No Line&#8221; custom_height=&#8221;25px&#8221;][vc_column_text]\n<h1>A partir de 1 de julho, o IVA do e-commerce na UE entrar\u00e1 em vigor: de que forma \u00e9 que esta medida pode afetar a minha empresa?<\/h1>\n<p>A regula\u00e7\u00e3o do IVA de e-commerce na Uni\u00e3o Europeia visa equilibrar as obriga\u00e7\u00f5es no pagamento de impostos por parte das empresas que est\u00e3o dentro ou fora da UE.<\/p>\n<p><img decoding=\"async\" width=\"1920\" height=\"600\" src=\"https:\/\/phcsoftware.com\/wp-content\/uploads\/2021\/06\/iva-ecommerce.png\" alt=\"IVA e-commerce UE\" loading=\"lazy\" srcset=\"https:\/\/phcsoftware.com\/wp-content\/uploads\/2021\/06\/iva-ecommerce.png 1920w, https:\/\/phcsoftware.com\/wp-content\/uploads\/2021\/06\/iva-ecommerce-768x240.png 768w, https:\/\/phcsoftware.com\/wp-content\/uploads\/2021\/06\/iva-ecommerce-1536x480.png 1536w\" sizes=\"auto, (max-width: 1920px) 100vw, 1920px\"><\/p>\n<p>A partir de 1 de julho, as novas regras do IVA europeu entrar\u00e3o em vigor em Portugal. A medida, destinada especificamente ao com\u00e9rcio eletr\u00f3nico, visa simplificar os procedimentos comerciais, reduzindo os encargos administrativos e diminuindo o fosso entre o IVA esperado e o cobrado nos pa\u00edses membros da Uni\u00e3o Europeia.<\/p>\n<p>Altera\u00e7\u00f5es que t\u00eam como ponto de partida a <a href=\"https:\/\/eur-lex.europa.eu\/legal-content\/PT\/TXT\/?uri=CELEX%3A32017L2455\" target=\"_blank\" rel=\"noopener\">Diretiva do Conselho da Uni\u00e3o Europeia de 5 de dezembro de 2017<\/a> e da consequente <a href=\"https:\/\/eur-lex.europa.eu\/legal-content\/PT\/TXT\/?uri=CELEX:32019L1995\" target=\"_blank\" rel=\"noopener\">Diretiva europeia 2019\/1995, de 21 de novembro de 2019<\/a>. No que respeita ao Regime do IVA nas Transa\u00e7\u00f5es Intracomunit\u00e1rias (RITI), \u00e9 tamb\u00e9m aprovada uma atualiza\u00e7\u00e3o no <a href=\"https:\/\/dre.pt\/web\/guest\/pesquisa\/-\/search\/621714\/details\/normal?l=1\" target=\"_blank\" rel=\"noopener\">Decreto-Lei n\u00ba 290\/92<\/a>, de 28 de dezembro.<\/p>\n<p>Elas estabelecem as regras de tributa\u00e7\u00e3o da entrega de bens e servi\u00e7os que s\u00e3o contratados atrav\u00e9s da Internet ou de outros meios eletr\u00f3nicos, o que significa uma maior seguran\u00e7a e transpar\u00eancia ao n\u00edvel da tributa\u00e7\u00e3o aplic\u00e1vel \u00e0s compras online.<\/p>\n<p>Com esta regula\u00e7\u00e3o, a UE pretende criar um regime uniforme de IVA para as entregas transfronteiri\u00e7as de mercadorias, combater a fraude fiscal garantindo a declara\u00e7\u00e3o do IVA no local de consumo, bem como equilibrar as obriga\u00e7\u00f5es no pagamento dos impostos por empresas que est\u00e3o dentro ou fora da UE.<\/p>\n<h2>Declara\u00e7\u00f5es simplificadas com o IVA do e-commerce na UE<\/h2>\n<p>Com a entrada em vigor deste regulamento, a partir de 1 de julho de 2021, as empresas com plataformas de e-commerce ter\u00e3o acesso ao <strong>Balc\u00e3o \u00danico do IVA<\/strong>, uma plataforma online onde devem registar-se com o objetivo de realizar as declara\u00e7\u00f5es correspondentes ao pagamento do IVA noutros pa\u00edses da Uni\u00e3o Europeia.<\/p>\n<p>Em suma, as empresas que disp\u00f5em deste tipo de canais de comercializa\u00e7\u00e3o poder\u00e3o pagar o IVA sobre todas as suas vendas intracomunit\u00e1rias num \u00fanico balan\u00e7o trimestral, ao mesmo tempo que trabalham com a administra\u00e7\u00e3o do seu pa\u00eds de origem e no seu pr\u00f3prio idioma, facilitando assim os procedimentos para essas opera\u00e7\u00f5es.<\/p>\n<p>Da mesma forma, atrav\u00e9s deste novo mecanismo, as empresas <strong>poder\u00e3o pagar o IVA sobre bens e servi\u00e7os vendidos online em todos os pa\u00edses da UE<\/strong>, o que significa uma redu\u00e7\u00e3o de 95% nos custos.<\/p>\n<h2>O registo no Balc\u00e3o \u00danico do IVA pode ser realizado at\u00e9 quando?<\/h2>\n<p>Os operadores econ\u00f3micos que realizam vendas \u00e0 dist\u00e2ncia a consumidores finais de outros Estados-membros da Uni\u00e3o Europeia podem, a qualquer altura, registar-se ou atualizar os dados de registo no <strong>One Stop Shop<\/strong> (OSS ou Balc\u00e3o \u00danico) do Portal das Finan\u00e7as.<\/p>\n<p>As empresas que decidirem come\u00e7ar a faturar, com a taxa de IVA do pa\u00eds de destino do bem a partir do dia 1 de julho, devem efetuar o respetivo registo at\u00e9 30 de junho.<\/p>\n<h2>Quem \u00e9 abrangido por estas novas regras?<\/h2>\n<p>A regula\u00e7\u00e3o do IVA do e-commerce tem um impacto direto nos comerciantes online, plataformas ou &#8220;marketplaces&#8221; digitais, operadores postais, empresas de correio e de transporte e, naturalmente, consumidores da UE.<\/p>\n<h2>A que tipo de opera\u00e7\u00f5es \u00e9 que o novo regime se aplica?<\/h2>\n<p>Os regulamentos ser\u00e3o aplicados \u00e0s seguintes opera\u00e7\u00f5es:<\/p>\n<ul>\n<li><strong>Venda \u00e0 dist\u00e2ncia de mercadorias dentro da UE<\/strong> por vendedores online ou plataformas digitais;<\/li>\n<li><strong>Venda \u00e0 dist\u00e2ncia de mercadorias importadas de pa\u00edses extracomunit\u00e1rios<\/strong> (exceto mercadorias sujeitas a impostos especiais) por vendedores online ou plataformas digitais;<\/li>\n<li><strong>Venda local atrav\u00e9s de plataformas digitais;<\/strong><\/li>\n<\/ul>\n<p><strong>Fornecimento de todos os tipos de servi\u00e7os B2C<\/strong>: servi\u00e7os TBE (telecomunica\u00e7\u00f5es, radio e televis\u00e3o) e quaisquer outros localizados na UE, por operadores comunit\u00e1rios e n\u00e3o comunit\u00e1rios, aos consumidores finais.<\/p>\n<p><img decoding=\"async\" width=\"2012\" height=\"2560\" src=\"https:\/\/phcsoftware.com\/wp-content\/uploads\/2021\/06\/infografia-phc-cs-ecommerce-scaled.jpg\" alt=\"IVA do e-commerce na UE\" loading=\"lazy\" srcset=\"https:\/\/phcsoftware.com\/wp-content\/uploads\/2021\/06\/infografia-phc-cs-ecommerce-scaled.jpg 2012w, https:\/\/phcsoftware.com\/wp-content\/uploads\/2021\/06\/infografia-phc-cs-ecommerce-768x977.jpg 768w, https:\/\/phcsoftware.com\/wp-content\/uploads\/2021\/06\/infografia-phc-cs-ecommerce-1207x1536.jpg 1207w, https:\/\/phcsoftware.com\/wp-content\/uploads\/2021\/06\/infografia-phc-cs-ecommerce-1610x2048.jpg 1610w\" sizes=\"auto, (max-width: 2012px) 100vw, 2012px\"><\/p>\n<h2>Todos os territ\u00f3rios da UE s\u00e3o abrangidos?<\/h2>\n<p>No caso do Reino Unido, conv\u00e9m lembrar que com o Brexit, este pa\u00eds passou a ser considerado extracomunit\u00e1rio e, por isso, as compras online e envios feitos neste destino est\u00e3o tamb\u00e9m sujeitos ao pagamento de IVA e outras taxas alfandeg\u00e1rias aplic\u00e1veis.<\/p>\n<p>Dentro das fronteiras da UE h\u00e1 ainda territ\u00f3rios que, para efeitos fiscais, s\u00e3o considerados extracomunit\u00e1rios. Por essa raz\u00e3o, est\u00e3o igualmente sujeitos a controlo aduaneiro. Esses territ\u00f3rios s\u00e3o os seguintes:<\/p>\n<ul>\n<li>Alemanha: Buesingen;<\/li>\n<li>Espanha: Can\u00e1rias, Territ\u00f3rios de Ceuta e Melilla, Andorra;<\/li>\n<li>Fran\u00e7a: Martinica, Guiana Francesa, Ilha da Reuni\u00e3o e Guadalupe;<\/li>\n<li>Gr\u00e9cia: Monte Athos;<\/li>\n<li>It\u00e1lia: S\u00e3o Marino e Vaticano.<\/li>\n<\/ul>\n<h2>\nConsidera\u00e7\u00f5es importantes para as empresas<\/h2>\n<ul>\n<li>Os sistemas dos fornecedores\/vendedores devem ser capazes de reconhecer o estado do IVA dos seus clientes, os pa\u00edses de expedi\u00e7\u00e3o\/importa\u00e7\u00e3o\/chegada das mercadorias e atribuir as taxas de IVA aplic\u00e1veis em cada caso \u2013 h\u00e1 mais de 80 taxas de IVA diferentes em UE.<\/li>\n<li>No caso de contratos com plataformas ou \u201cmarketplaces\u201d, os mesmos devem estar registados de forma a garantir que as responsabilidades relativas \u00e0 declara\u00e7\u00e3o e lan\u00e7amento do IVA sejam claramente definidas \u00e0 luz das novas regras.<\/li>\n<li>Quando uma empresa ultrapassa o valor de 10.000 \u20ac nas vendas de bens cujo destino seja outro Estado-Membro, deve aplicar o IVA do Estado-Membro de destino, o que at\u00e9 agora s\u00f3 acontecia quando os respetivos limites nacionais eram ultrapassados (at\u00e9 100.000 \u20ac por ano, dependendo do territ\u00f3rio). O pre\u00e7o de venda ou a margem do vendedor ser\u00e3o modificados.<\/li>\n<li>Fica abolida a isen\u00e7\u00e3o na importa\u00e7\u00e3o de bens de baixo valor, at\u00e9 22 \u20ac, devendo o IVA sobre os referidos bens ser pago \u00e0 taxa aplic\u00e1vel em cada Estado-Membro da UE, o que afetar\u00e1 tamb\u00e9m o pre\u00e7o e a margem desses produtos.<\/li>\n<\/ul>\n<h3>Artigos Relacionados<\/h3>\n<p><a href=\"https:\/\/phcsoftware.com\/business-at-speed\/iva-ecommerce-ue-entra-em-vigor\/\" title=\"Saiba como preencher o Modelo 22\"><br \/>\n<img decoding=\"async\" src=\"https:\/\/phcsoftware.com\/wp-content\/uploads\/2021\/06\/preencher-modelo-22-destaque.jpg\" alt=\"Saiba como preencher o Modelo 22\"><br \/>\n<\/a><br \/>\n<a href=\"https:\/\/phcsoftware.com\/business-at-speed\/saiba-como-preencher-o-modelo-22\/\" title=\"Saiba como preencher o Modelo 22\"><br \/>\nSaiba como preencher o Modelo 22<br \/>\n<\/a><br \/>\n<a href=\"https:\/\/phcsoftware.com\/business-at-speed\/iva-ecommerce-ue-entra-em-vigor\/\" title=\"IVAucher a partir de 1 de junho: saiba tudo o que deve fazer\"><br \/>\n<img decoding=\"async\" src=\"https:\/\/phcsoftware.com\/wp-content\/uploads\/2021\/05\/ivaucher-saiba-o-que-fazer-destaque.jpg\" alt=\"IVAucher a partir de 1 de junho: saiba tudo o que deve fazer\"><br \/>\n<\/a><br \/>\n<a href=\"https:\/\/phcsoftware.com\/business-at-speed\/ivaucher-saiba-o-que-fazer\/\" title=\"IVAucher a partir de 1 de junho: saiba tudo o que deve fazer\"><br \/>\nIVAucher a partir de 1 de junho: saiba tudo o que deve fazer<br \/>\n<\/a><br \/>\n<a href=\"https:\/\/phcsoftware.com\/business-at-speed\/iva-ecommerce-ue-entra-em-vigor\/\" title=\"Fundos europeus: saiba como aceder a estes apoios\"><br \/>\n<img decoding=\"async\" src=\"https:\/\/phcsoftware.com\/wp-content\/uploads\/2021\/04\/fundos-europeus-homem-destaque.jpg\" alt=\"Fundos europeus: saiba como aceder a estes apoios\"><br \/>\n<\/a><br \/>\n<a href=\"https:\/\/phcsoftware.com\/business-at-speed\/fundos-europeus-saiba-como-aceder\/\" title=\"Fundos europeus: saiba como aceder a estes apoios\"><br \/>\nFundos europeus: saiba como aceder a estes apoios<br \/>\n<\/a>[\/vc_column_text][\/vc_column][vc_column column_padding=&#8221;no-extra-padding&#8221; column_padding_tablet=&#8221;inherit&#8221; column_padding_phone=&#8221;inherit&#8221; column_padding_position=&#8221;all&#8221; column_element_direction_desktop=&#8221;default&#8221; column_element_spacing=&#8221;default&#8221; desktop_text_alignment=&#8221;default&#8221; tablet_text_alignment=&#8221;default&#8221; phone_text_alignment=&#8221;default&#8221; background_color_opacity=&#8221;1&#8243; background_hover_color_opacity=&#8221;1&#8243; column_backdrop_filter=&#8221;none&#8221; column_shadow=&#8221;none&#8221; column_border_radius=&#8221;none&#8221; column_link_target=&#8221;_self&#8221; column_position=&#8221;default&#8221; gradient_direction=&#8221;left_to_right&#8221; overlay_strength=&#8221;0.3&#8243; width=&#8221;1\/3&#8243; tablet_width_inherit=&#8221;default&#8221; animation_type=&#8221;default&#8221; bg_image_animation=&#8221;none&#8221; border_type=&#8221;simple&#8221; column_border_width=&#8221;none&#8221; column_border_style=&#8221;solid&#8221;][\/vc_column][\/vc_row][vc_row type=&#8221;in_container&#8221; full_screen_row_position=&#8221;middle&#8221; column_margin=&#8221;default&#8221; column_direction=&#8221;default&#8221; column_direction_tablet=&#8221;default&#8221; column_direction_phone=&#8221;default&#8221; scene_position=&#8221;center&#8221; top_padding=&#8221;3%&#8221; left_padding_desktop=&#8221;5%&#8221; constrain_group_2=&#8221;yes&#8221; right_padding_desktop=&#8221;5%&#8221; left_padding_tablet=&#8221;0%&#8221; constrain_group_4=&#8221;yes&#8221; right_padding_tablet=&#8221;0%&#8221; left_padding_phone=&#8221;0%&#8221; constrain_group_6=&#8221;yes&#8221; right_padding_phone=&#8221;0%&#8221; text_color=&#8221;dark&#8221; text_align=&#8221;left&#8221; row_border_radius=&#8221;none&#8221; row_border_radius_applies=&#8221;bg&#8221; overflow=&#8221;visible&#8221; class=&#8221;imagemArtigo&#8221; overlay_strength=&#8221;0.3&#8243; gradient_direction=&#8221;left_to_right&#8221; shape_divider_position=&#8221;bottom&#8221; bg_image_animation=&#8221;none&#8221; gradient_type=&#8221;default&#8221; shape_type=&#8221;&#8221;][vc_column column_padding=&#8221;no-extra-padding&#8221; column_padding_tablet=&#8221;inherit&#8221; column_padding_phone=&#8221;inherit&#8221; column_padding_position=&#8221;all&#8221; column_element_direction_desktop=&#8221;default&#8221; column_element_spacing=&#8221;default&#8221; desktop_text_alignment=&#8221;default&#8221; tablet_text_alignment=&#8221;default&#8221; phone_text_alignment=&#8221;default&#8221; background_color_opacity=&#8221;1&#8243; background_hover_color_opacity=&#8221;1&#8243; column_backdrop_filter=&#8221;none&#8221; column_shadow=&#8221;none&#8221; column_border_radius=&#8221;none&#8221; column_link_target=&#8221;_self&#8221; column_position=&#8221;default&#8221; gradient_direction=&#8221;left_to_right&#8221; overlay_strength=&#8221;0.3&#8243; width=&#8221;1\/1&#8243; tablet_width_inherit=&#8221;default&#8221; animation_type=&#8221;default&#8221; bg_image_animation=&#8221;none&#8221; border_type=&#8221;simple&#8221; column_border_width=&#8221;none&#8221; column_border_style=&#8221;solid&#8221;][image_with_animation image_url=&#8221;https:\/\/phcsoftware.com\/pt\/wp-content\/uploads\/sites\/3\/2024\/03\/obrigacoes_legais.jpg&#8221; image_size=&#8221;full&#8221; animation_type=&#8221;entrance&#8221; animation=&#8221;None&#8221; animation_movement_type=&#8221;transform_y&#8221; hover_animation=&#8221;none&#8221; alignment=&#8221;center&#8221; border_radius=&#8221;10px&#8221; box_shadow=&#8221;none&#8221; image_loading=&#8221;default&#8221; max_width=&#8221;100%&#8221; max_width_mobile=&#8221;default&#8221;][\/vc_column][\/vc_row][vc_row type=&#8221;in_container&#8221; full_screen_row_position=&#8221;middle&#8221; column_margin=&#8221;default&#8221; column_direction=&#8221;default&#8221; column_direction_tablet=&#8221;default&#8221; column_direction_phone=&#8221;default&#8221; scene_position=&#8221;center&#8221; top_padding=&#8221;3%&#8221; left_padding_desktop=&#8221;5%&#8221; constrain_group_2=&#8221;yes&#8221; right_padding_desktop=&#8221;5%&#8221; left_padding_tablet=&#8221;0%&#8221; constrain_group_4=&#8221;yes&#8221; right_padding_tablet=&#8221;0%&#8221; left_padding_phone=&#8221;0%&#8221; constrain_group_6=&#8221;yes&#8221; right_padding_phone=&#8221;0%&#8221; text_color=&#8221;dark&#8221; text_align=&#8221;left&#8221; row_border_radius=&#8221;none&#8221; row_border_radius_applies=&#8221;bg&#8221; overflow=&#8221;visible&#8221; overlay_strength=&#8221;0.3&#8243; gradient_direction=&#8221;left_to_right&#8221; shape_divider_position=&#8221;bottom&#8221; bg_image_animation=&#8221;none&#8221; gradient_type=&#8221;default&#8221; shape_type=&#8221;&#8221;][vc_column column_padding=&#8221;no-extra-padding&#8221; column_padding_tablet=&#8221;inherit&#8221; column_padding_phone=&#8221;inherit&#8221; column_padding_position=&#8221;all&#8221; column_element_direction_desktop=&#8221;default&#8221; column_element_spacing=&#8221;default&#8221; desktop_text_alignment=&#8221;default&#8221; tablet_text_alignment=&#8221;default&#8221; phone_text_alignment=&#8221;default&#8221; background_color_opacity=&#8221;1&#8243; background_hover_color_opacity=&#8221;1&#8243; column_backdrop_filter=&#8221;none&#8221; column_shadow=&#8221;none&#8221; column_border_radius=&#8221;none&#8221; column_link_target=&#8221;_self&#8221; column_position=&#8221;default&#8221; gradient_direction=&#8221;left_to_right&#8221; overlay_strength=&#8221;0.3&#8243; width=&#8221;1\/3&#8243; tablet_width_inherit=&#8221;default&#8221; animation_type=&#8221;default&#8221; bg_image_animation=&#8221;none&#8221; border_type=&#8221;simple&#8221; column_border_width=&#8221;none&#8221; column_border_style=&#8221;solid&#8221;][vc_row_inner equal_height=&#8221;yes&#8221; content_placement=&#8221;middle&#8221; column_margin=&#8221;default&#8221; column_direction=&#8221;default&#8221; column_direction_tablet=&#8221;default&#8221; column_direction_phone=&#8221;default&#8221; text_align=&#8221;left&#8221; row_position=&#8221;default&#8221; row_position_tablet=&#8221;inherit&#8221; row_position_phone=&#8221;inherit&#8221; overflow=&#8221;visible&#8221; pointer_events=&#8221;all&#8221;][vc_column_inner column_padding=&#8221;no-extra-padding&#8221; column_padding_tablet=&#8221;inherit&#8221; column_padding_phone=&#8221;inherit&#8221; column_padding_position=&#8221;all&#8221; column_element_direction_desktop=&#8221;default&#8221; column_element_spacing=&#8221;default&#8221; desktop_text_alignment=&#8221;default&#8221; tablet_text_alignment=&#8221;default&#8221; phone_text_alignment=&#8221;default&#8221; background_color_opacity=&#8221;1&#8243; background_hover_color_opacity=&#8221;1&#8243; column_backdrop_filter=&#8221;none&#8221; column_shadow=&#8221;none&#8221; column_border_radius=&#8221;none&#8221; column_link_target=&#8221;_self&#8221; overflow=&#8221;visible&#8221; el_class=&#8221;w-auto historyBack pointer&#8221; gradient_direction=&#8221;left_to_right&#8221; overlay_strength=&#8221;0.3&#8243; width=&#8221;1\/2&#8243; tablet_width_inherit=&#8221;default&#8221; animation_type=&#8221;default&#8221; bg_image_animation=&#8221;none&#8221; border_type=&#8221;simple&#8221; column_border_width=&#8221;none&#8221; column_border_style=&#8221;solid&#8221; column_padding_type=&#8221;default&#8221; gradient_type=&#8221;default&#8221;][image_with_animation image_url=&#8221;369&#8243; image_size=&#8221;full&#8221; animation_type=&#8221;entrance&#8221; animation=&#8221;None&#8221; animation_movement_type=&#8221;transform_y&#8221; hover_animation=&#8221;none&#8221; alignment=&#8221;&#8221; border_radius=&#8221;none&#8221; box_shadow=&#8221;none&#8221; image_loading=&#8221;default&#8221; max_width=&#8221;100%&#8221; max_width_mobile=&#8221;default&#8221; img_link=&#8221;#&#8221;][\/vc_column_inner][vc_column_inner column_padding=&#8221;no-extra-padding&#8221; column_padding_tablet=&#8221;inherit&#8221; column_padding_phone=&#8221;inherit&#8221; column_padding_position=&#8221;all&#8221; column_element_direction_desktop=&#8221;default&#8221; column_element_spacing=&#8221;default&#8221; desktop_text_alignment=&#8221;default&#8221; tablet_text_alignment=&#8221;default&#8221; phone_text_alignment=&#8221;default&#8221; background_color_opacity=&#8221;1&#8243; background_hover_color_opacity=&#8221;1&#8243; column_backdrop_filter=&#8221;none&#8221; column_shadow=&#8221;none&#8221; column_border_radius=&#8221;none&#8221; column_link_target=&#8221;_self&#8221; overflow=&#8221;visible&#8221; el_class=&#8221;pointer historyBack&#8221; gradient_direction=&#8221;left_to_right&#8221; overlay_strength=&#8221;0.3&#8243; width=&#8221;1\/2&#8243; tablet_width_inherit=&#8221;default&#8221; animation_type=&#8221;default&#8221; bg_image_animation=&#8221;none&#8221; border_type=&#8221;simple&#8221; column_border_width=&#8221;none&#8221; column_border_style=&#8221;solid&#8221; column_padding_type=&#8221;default&#8221; gradient_type=&#8221;default&#8221;][vc_column_text]<strong>Voltar atr\u00e1s<\/strong>[\/vc_column_text][\/vc_column_inner][\/vc_row_inner][\/vc_column][vc_column column_padding=&#8221;no-extra-padding&#8221; column_padding_tablet=&#8221;inherit&#8221; column_padding_phone=&#8221;inherit&#8221; column_padding_position=&#8221;all&#8221; column_element_direction_desktop=&#8221;default&#8221; column_element_spacing=&#8221;default&#8221; desktop_text_alignment=&#8221;default&#8221; tablet_text_alignment=&#8221;default&#8221; phone_text_alignment=&#8221;default&#8221; background_color_opacity=&#8221;1&#8243; background_hover_color_opacity=&#8221;1&#8243; column_backdrop_filter=&#8221;none&#8221; column_shadow=&#8221;none&#8221; column_border_radius=&#8221;none&#8221; column_link_target=&#8221;_self&#8221; column_position=&#8221;default&#8221; gradient_direction=&#8221;left_to_right&#8221; overlay_strength=&#8221;0.3&#8243; width=&#8221;1\/3&#8243; tablet_width_inherit=&#8221;default&#8221; animation_type=&#8221;default&#8221; bg_image_animation=&#8221;none&#8221; border_type=&#8221;simple&#8221; column_border_width=&#8221;none&#8221; column_border_style=&#8221;solid&#8221;][\/vc_column][vc_column column_padding=&#8221;no-extra-padding&#8221; column_padding_tablet=&#8221;inherit&#8221; column_padding_phone=&#8221;inherit&#8221; column_padding_position=&#8221;all&#8221; column_element_direction_desktop=&#8221;default&#8221; column_element_spacing=&#8221;default&#8221; desktop_text_alignment=&#8221;default&#8221; tablet_text_alignment=&#8221;default&#8221; phone_text_alignment=&#8221;default&#8221; background_color_opacity=&#8221;1&#8243; background_hover_color_opacity=&#8221;1&#8243; column_backdrop_filter=&#8221;none&#8221; column_shadow=&#8221;none&#8221; column_border_radius=&#8221;none&#8221; column_link_target=&#8221;_self&#8221; column_position=&#8221;default&#8221; gradient_direction=&#8221;left_to_right&#8221; overlay_strength=&#8221;0.3&#8243; width=&#8221;1\/3&#8243; tablet_width_inherit=&#8221;default&#8221; animation_type=&#8221;default&#8221; bg_image_animation=&#8221;none&#8221; border_type=&#8221;simple&#8221; column_border_width=&#8221;none&#8221; column_border_style=&#8221;solid&#8221;][\/vc_column][\/vc_row][vc_row type=&#8221;in_container&#8221; full_screen_row_position=&#8221;middle&#8221; column_margin=&#8221;default&#8221; column_direction=&#8221;default&#8221; column_direction_tablet=&#8221;default&#8221; column_direction_phone=&#8221;default&#8221; scene_position=&#8221;center&#8221; top_padding=&#8221;3%&#8221; left_padding_desktop=&#8221;5%&#8221; constrain_group_2=&#8221;yes&#8221; right_padding_desktop=&#8221;5%&#8221; left_padding_tablet=&#8221;0%&#8221; constrain_group_4=&#8221;yes&#8221; right_padding_tablet=&#8221;0%&#8221; left_padding_phone=&#8221;0%&#8221; constrain_group_6=&#8221;yes&#8221; right_padding_phone=&#8221;0%&#8221; text_color=&#8221;dark&#8221; text_align=&#8221;left&#8221; row_border_radius=&#8221;none&#8221; row_border_radius_applies=&#8221;bg&#8221; overflow=&#8221;visible&#8221; overlay_strength=&#8221;0.3&#8243; gradient_direction=&#8221;left_to_right&#8221; shape_divider_position=&#8221;bottom&#8221; bg_image_animation=&#8221;none&#8221; gradient_type=&#8221;default&#8221; shape_type=&#8221;&#8221;][vc_column column_padding=&#8221;no-extra-padding&#8221; column_padding_tablet=&#8221;inherit&#8221; column_padding_phone=&#8221;inherit&#8221; column_padding_position=&#8221;all&#8221; column_element_direction_desktop=&#8221;default&#8221; column_element_spacing=&#8221;default&#8221; desktop_text_alignment=&#8221;default&#8221; tablet_text_alignment=&#8221;default&#8221; phone_text_alignment=&#8221;default&#8221; background_color_opacity=&#8221;1&#8243; background_hover_color_opacity=&#8221;1&#8243; column_backdrop_filter=&#8221;none&#8221; column_shadow=&#8221;none&#8221; column_border_radius=&#8221;none&#8221; column_link_target=&#8221;_self&#8221; column_position=&#8221;default&#8221; gradient_direction=&#8221;left_to_right&#8221; overlay_strength=&#8221;0.3&#8243; width=&#8221;1\/1&#8243; tablet_width_inherit=&#8221;default&#8221; animation_type=&#8221;default&#8221; bg_image_animation=&#8221;none&#8221; border_type=&#8221;simple&#8221; column_border_width=&#8221;none&#8221; column_border_style=&#8221;solid&#8221;][vc_column_text]\n<h4>Artigos relacionados<\/h4>\n[\/vc_column_text][vc_column_text]\n<div class=\"message__80c10 cozyMessage__64ce7 wrapper__09ecc cozy_f5c119 zalgo__39311\" tabindex=\"-1\" role=\"article\" data-list-item-id=\"chat-messages___chat-messages-731886853959057408-1220417360083816590\" aria-setsize=\"-1\" aria-roledescription=\"Message\" aria-labelledby=\"message-username-1220417237719191583 uid_1 message-content-1220417360083816590 uid_2 message-timestamp-1220417360083816590\">\n<div class=\"contents_f41bb2\">\n<div id=\"message-content-1220417360083816590\" class=\"markup_a7e664 messageContent__21e69\">    <script>\n        var categoria = \"\"\n        var tag = \"\"\n        if(!tag) {\n            tag = ''\n        }\n        function showLoader() {\n            document.getElementById('loading-overlay').style.display = 'flex';\n        }\n\n        function irParaPagina(link){\n            window.location.href=link\n        }\n        function hideLoader() {\n            document.getElementById('loading-overlay').style.display = 'none';\n        }\n        function irParaID(id) {\n            var targetElement = document.getElementById(id);\n            if (targetElement) {\n                targetElement.scrollIntoView({\n                    behavior: 'smooth'\n                });\n            }\n        }\n\n\n        jQuery(document).ready(async function ($) {\n            function initializeSwiper() {\n                var swiper = new Swiper('.swiper-jwp', {\n                    centeredSlides: false,\n                    slidesPerView: 4,\n                    longSwipesMs: 0,\n                    loopPreventsSlide: false,\n                    longSwipes: true,\n                    longSwipesRatio: 0,\n                    threshold: 0,\n                    slideToClickedSlide: false,\n                    speed: 900,\n                    loop: true,\n                    loopedSlides: 2,\n                    spaceBetween: 15,\n                    keyboard: {\n                        enabled: true,\n                        onlyInViewport: true,\n                    },\n                    grabCursor: true,\n                    pagination: false,\n                    navigation: {\n                        nextEl: '.swiper-button-next',\n                        prevEl: '.swiper-button-prev',\n                    },\n                    breakpoints: {\n                        0: {\n                            slidesPerView: 1,\n                            spaceBetween: 10\n                        },\n                        550: {\n                            slidesPerView: 2,\n                            spaceBetween: 10\n                        },\n                        680: {\n                            slidesPerView: 3,\n                            spaceBetween: 10\n                        },\n                        999: {\n                            slidesPerView: 4,\n                            spaceBetween: 15\n                        }\n                    }\n                });\n            }\n            function loadPostsDestaques(postType, category) {\n                showLoader()\n                $.ajax({\n                    type: 'GET',\n                    url: 'https:\/\/phcsoftware.com\/pt\/wp-admin\/admin-ajax.php',\n                    data: {\n                        action: 'filter_posts_destaques_higlights',\n                        post_type: 'artigo',\n                        category: '',\n                        tag: '',\n                        show_category: '',\n                        image:'yes',\n                        a_destacar:'',\n                        excluir:'6825'\n                    },\n                    \n                    success: function (response) {\n                        $('#post-container-highlights').html(response);\n                        \n                    },\n\n                    complete: function(){\n                        initializeSwiper();\n                        hideLoader();\n                    }\n                });\n            }     \n            await loadPostsDestaques('all', '')\n            console.log('all', '')\n        });\n\n    <\/script>\n\n    <div id=\"custom-posts-container-highlights\">\n        <!-- <h4>Highlights<\/h4> -->\n        \n        <div id=\"post-container-highlights\">\n        \n        <\/div>\n    <\/div>\n    \n    <\/div>\n<\/div>\n<\/div>\n[\/vc_column_text][\/vc_column][\/vc_row][vc_row type=&#8221;in_container&#8221; full_screen_row_position=&#8221;middle&#8221; column_margin=&#8221;default&#8221; column_direction=&#8221;default&#8221; column_direction_tablet=&#8221;default&#8221; column_direction_phone=&#8221;default&#8221; scene_position=&#8221;center&#8221; text_color=&#8221;dark&#8221; text_align=&#8221;left&#8221; row_border_radius=&#8221;none&#8221; row_border_radius_applies=&#8221;bg&#8221; overflow=&#8221;visible&#8221; overlay_strength=&#8221;0.3&#8243; gradient_direction=&#8221;left_to_right&#8221; shape_divider_position=&#8221;bottom&#8221; bg_image_animation=&#8221;none&#8221;][vc_column column_padding=&#8221;no-extra-padding&#8221; column_padding_tablet=&#8221;inherit&#8221; column_padding_phone=&#8221;inherit&#8221; column_padding_position=&#8221;all&#8221; column_element_direction_desktop=&#8221;default&#8221; column_element_spacing=&#8221;default&#8221; desktop_text_alignment=&#8221;default&#8221; tablet_text_alignment=&#8221;default&#8221; phone_text_alignment=&#8221;default&#8221; background_color_opacity=&#8221;1&#8243; background_hover_color_opacity=&#8221;1&#8243; column_backdrop_filter=&#8221;none&#8221; column_shadow=&#8221;none&#8221; column_border_radius=&#8221;none&#8221; column_link_target=&#8221;_self&#8221; column_position=&#8221;default&#8221; gradient_direction=&#8221;left_to_right&#8221; overlay_strength=&#8221;0.3&#8243; width=&#8221;1\/1&#8243; tablet_width_inherit=&#8221;default&#8221; animation_type=&#8221;default&#8221; bg_image_animation=&#8221;none&#8221; border_type=&#8221;simple&#8221; column_border_width=&#8221;none&#8221; column_border_style=&#8221;solid&#8221;][vc_raw_js]JTNDc2NyaXB0JTNFJTBBalF1ZXJ5JTI4ZG9jdW1lbnQlMjkub24lMjglMjdyZWFkeSUyNyUyQyUyMGZ1bmN0aW9uJTI4JTI5JTdCJTBBalF1ZXJ5JTI4JTI3Lmhpc3RvcnlCYWNrJTI3JTI5Lm9uJTI4JTI3Y2xpY2slMjclMkMlMjBmdW5jdGlvbiUyOCUyOSU3QiUwQWhpc3RvcnkuYmFjayUyOCUyOSUwQSU3RCUyOSUwQSU3RCUyOSUwQSUzQyUyRnNjcmlwdCUzRQ==[\/vc_raw_js][\/vc_column][\/vc_row]\n","protected":false},"excerpt":{"rendered":"<p>[vc_row type=&#8221;in_container&#8221; full_screen_row_position=&#8221;middle&#8221; column_margin=&#8221;default&#8221; equal_height=&#8221;yes&#8221; content_placement=&#8221;middle&#8221; column_direction=&#8221;default&#8221; column_direction_tablet=&#8221;default&#8221; column_direction_phone=&#8221;default&#8221; bg_image=&#8221;https:\/\/phcsoftware.com\/pt\/wp-content\/uploads\/sites\/3\/2024\/03\/obrigacoes_legais.jpg&#8221; bg_position=&#8221;left top&#8221; background_image_loading=&#8221;default&#8221; bg_repeat=&#8221;no-repeat&#8221; scene_position=&#8221;center&#8221; top_padding=&#8221;7%&#8221; constrain_group_1=&#8221;yes&#8221; bottom_padding=&#8221;7%&#8221; left_padding_desktop=&#8221;5%&#8221; constrain_group_2=&#8221;yes&#8221; right_padding_desktop=&#8221;5%&#8221; right_margin=&#8221;0&#8243; top_margin_phone=&#8221;20%&#8221; text_color=&#8221;light&#8221; text_align=&#8221;left&#8221; row_border_radius=&#8221;10px&#8221; row_border_radius_applies=&#8221;bg&#8221; overflow=&#8221;visible&#8221; color_overlay=&#8221;#383838&#8243; overlay_strength=&#8221;0.8&#8243;&#8230;<\/p>\n","protected":false},"author":1,"featured_media":6435,"menu_order":0,"template":"","format":"standard","categories":[35],"tags":[],"class_list":{"0":"post-6825","1":"artigo","2":"type-artigo","3":"status-publish","4":"format-standard","5":"has-post-thumbnail","7":"category-obrigacoes-legais"},"yoast_head":"<!-- This site is optimized with the Yoast SEO plugin v25.8 - https:\/\/yoast.com\/wordpress\/plugins\/seo\/ -->\n<title>A partir de 1 de julho, o IVA do e-commerce na UE entrar\u00e1 em vigor: de que forma \u00e9 que esta medida pode afetar a minha empresa? - Portugal<\/title>\n<meta name=\"robots\" content=\"index, follow, max-snippet:-1, max-image-preview:large, max-video-preview:-1\" \/>\n<link rel=\"canonical\" href=\"https:\/\/phcsoftware.com\/pt\/artigo\/iva-ecommerce-ue-entra-em-vigor\" \/>\n<meta property=\"og:locale\" content=\"pt_PT\" \/>\n<meta property=\"og:type\" content=\"article\" \/>\n<meta property=\"og:title\" content=\"A partir de 1 de julho, o IVA do e-commerce na UE entrar\u00e1 em vigor: de que forma \u00e9 que esta medida pode afetar a minha empresa? - Portugal\" \/>\n<meta property=\"og:description\" content=\"[vc_row type=&#8221;in_container&#8221; full_screen_row_position=&#8221;middle&#8221; column_margin=&#8221;default&#8221; equal_height=&#8221;yes&#8221; content_placement=&#8221;middle&#8221; column_direction=&#8221;default&#8221; column_direction_tablet=&#8221;default&#8221; column_direction_phone=&#8221;default&#8221; bg_image=&#8221;https:\/\/phcsoftware.com\/pt\/wp-content\/uploads\/sites\/3\/2024\/03\/obrigacoes_legais.jpg&#8221; bg_position=&#8221;left top&#8221; background_image_loading=&#8221;default&#8221; bg_repeat=&#8221;no-repeat&#8221; scene_position=&#8221;center&#8221; top_padding=&#8221;7%&#8221; constrain_group_1=&#8221;yes&#8221; bottom_padding=&#8221;7%&#8221; left_padding_desktop=&#8221;5%&#8221; constrain_group_2=&#8221;yes&#8221; right_padding_desktop=&#8221;5%&#8221; right_margin=&#8221;0&#8243; top_margin_phone=&#8221;20%&#8221; text_color=&#8221;light&#8221; text_align=&#8221;left&#8221; row_border_radius=&#8221;10px&#8221; row_border_radius_applies=&#8221;bg&#8221; overflow=&#8221;visible&#8221; color_overlay=&#8221;#383838&#8243; overlay_strength=&#8221;0.8&#8243;...\" \/>\n<meta property=\"og:url\" content=\"https:\/\/phcsoftware.com\/pt\/artigo\/iva-ecommerce-ue-entra-em-vigor\" \/>\n<meta property=\"og:site_name\" content=\"Portugal\" \/>\n<meta property=\"article:modified_time\" content=\"2024-04-10T22:14:06+00:00\" \/>\n<meta property=\"og:image\" content=\"https:\/\/phcsoftware.com\/pt\/wp-content\/uploads\/sites\/3\/2024\/03\/obrigacoes_legais_feat-1.png\" \/>\n\t<meta property=\"og:image:width\" content=\"768\" \/>\n\t<meta property=\"og:image:height\" content=\"434\" \/>\n\t<meta property=\"og:image:type\" content=\"image\/png\" \/>\n<meta name=\"twitter:card\" content=\"summary_large_image\" \/>\n<meta name=\"twitter:label1\" content=\"Tempo estimado de leitura\" \/>\n\t<meta name=\"twitter:data1\" content=\"16 minutos\" \/>\n<script type=\"application\/ld+json\" class=\"yoast-schema-graph\">{\"@context\":\"https:\/\/schema.org\",\"@graph\":[{\"@type\":\"WebPage\",\"@id\":\"https:\/\/phcsoftware.com\/pt\/artigo\/iva-ecommerce-ue-entra-em-vigor\",\"url\":\"https:\/\/phcsoftware.com\/pt\/artigo\/iva-ecommerce-ue-entra-em-vigor\",\"name\":\"A partir de 1 de julho, o IVA do e-commerce na UE entrar\u00e1 em vigor: de que forma \u00e9 que esta medida pode afetar a minha empresa? - Portugal\",\"isPartOf\":{\"@id\":\"https:\/\/phcsoftware.com\/pt\/#website\"},\"primaryImageOfPage\":{\"@id\":\"https:\/\/phcsoftware.com\/pt\/artigo\/iva-ecommerce-ue-entra-em-vigor#primaryimage\"},\"image\":{\"@id\":\"https:\/\/phcsoftware.com\/pt\/artigo\/iva-ecommerce-ue-entra-em-vigor#primaryimage\"},\"thumbnailUrl\":\"https:\/\/phcsoftware.com\/pt\/wp-content\/uploads\/sites\/3\/2024\/03\/obrigacoes_legais_feat-1.png\",\"datePublished\":\"2024-03-28T19:15:12+00:00\",\"dateModified\":\"2024-04-10T22:14:06+00:00\",\"breadcrumb\":{\"@id\":\"https:\/\/phcsoftware.com\/pt\/artigo\/iva-ecommerce-ue-entra-em-vigor#breadcrumb\"},\"inLanguage\":\"pt-PT\",\"potentialAction\":[{\"@type\":\"ReadAction\",\"target\":[\"https:\/\/phcsoftware.com\/pt\/artigo\/iva-ecommerce-ue-entra-em-vigor\"]}]},{\"@type\":\"ImageObject\",\"inLanguage\":\"pt-PT\",\"@id\":\"https:\/\/phcsoftware.com\/pt\/artigo\/iva-ecommerce-ue-entra-em-vigor#primaryimage\",\"url\":\"https:\/\/phcsoftware.com\/pt\/wp-content\/uploads\/sites\/3\/2024\/03\/obrigacoes_legais_feat-1.png\",\"contentUrl\":\"https:\/\/phcsoftware.com\/pt\/wp-content\/uploads\/sites\/3\/2024\/03\/obrigacoes_legais_feat-1.png\",\"width\":768,\"height\":434,\"caption\":\"IES\"},{\"@type\":\"BreadcrumbList\",\"@id\":\"https:\/\/phcsoftware.com\/pt\/artigo\/iva-ecommerce-ue-entra-em-vigor#breadcrumb\",\"itemListElement\":[{\"@type\":\"ListItem\",\"position\":1,\"name\":\"In\u00edcio\",\"item\":\"https:\/\/phcsoftware.com\/pt\"},{\"@type\":\"ListItem\",\"position\":2,\"name\":\"A partir de 1 de julho, o IVA do e-commerce na UE entrar\u00e1 em vigor: de que forma \u00e9 que esta medida pode afetar a minha empresa?\"}]},{\"@type\":\"WebSite\",\"@id\":\"https:\/\/phcsoftware.com\/pt\/#website\",\"url\":\"https:\/\/phcsoftware.com\/pt\/\",\"name\":\"Portugal\",\"description\":\"\",\"potentialAction\":[{\"@type\":\"SearchAction\",\"target\":{\"@type\":\"EntryPoint\",\"urlTemplate\":\"https:\/\/phcsoftware.com\/pt\/?s={search_term_string}\"},\"query-input\":{\"@type\":\"PropertyValueSpecification\",\"valueRequired\":true,\"valueName\":\"search_term_string\"}}],\"inLanguage\":\"pt-PT\"}]}<\/script>\n<!-- \/ Yoast SEO plugin. -->","yoast_head_json":{"title":"A partir de 1 de julho, o IVA do e-commerce na UE entrar\u00e1 em vigor: de que forma \u00e9 que esta medida pode afetar a minha empresa? - Portugal","robots":{"index":"index","follow":"follow","max-snippet":"max-snippet:-1","max-image-preview":"max-image-preview:large","max-video-preview":"max-video-preview:-1"},"canonical":"https:\/\/phcsoftware.com\/pt\/artigo\/iva-ecommerce-ue-entra-em-vigor","og_locale":"pt_PT","og_type":"article","og_title":"A partir de 1 de julho, o IVA do e-commerce na UE entrar\u00e1 em vigor: de que forma \u00e9 que esta medida pode afetar a minha empresa? - Portugal","og_description":"[vc_row type=&#8221;in_container&#8221; full_screen_row_position=&#8221;middle&#8221; column_margin=&#8221;default&#8221; equal_height=&#8221;yes&#8221; content_placement=&#8221;middle&#8221; column_direction=&#8221;default&#8221; column_direction_tablet=&#8221;default&#8221; column_direction_phone=&#8221;default&#8221; bg_image=&#8221;https:\/\/phcsoftware.com\/pt\/wp-content\/uploads\/sites\/3\/2024\/03\/obrigacoes_legais.jpg&#8221; bg_position=&#8221;left top&#8221; background_image_loading=&#8221;default&#8221; bg_repeat=&#8221;no-repeat&#8221; scene_position=&#8221;center&#8221; top_padding=&#8221;7%&#8221; constrain_group_1=&#8221;yes&#8221; bottom_padding=&#8221;7%&#8221; left_padding_desktop=&#8221;5%&#8221; constrain_group_2=&#8221;yes&#8221; right_padding_desktop=&#8221;5%&#8221; right_margin=&#8221;0&#8243; top_margin_phone=&#8221;20%&#8221; text_color=&#8221;light&#8221; text_align=&#8221;left&#8221; row_border_radius=&#8221;10px&#8221; row_border_radius_applies=&#8221;bg&#8221; overflow=&#8221;visible&#8221; color_overlay=&#8221;#383838&#8243; overlay_strength=&#8221;0.8&#8243;...","og_url":"https:\/\/phcsoftware.com\/pt\/artigo\/iva-ecommerce-ue-entra-em-vigor","og_site_name":"Portugal","article_modified_time":"2024-04-10T22:14:06+00:00","og_image":[{"width":768,"height":434,"url":"https:\/\/phcsoftware.com\/pt\/wp-content\/uploads\/sites\/3\/2024\/03\/obrigacoes_legais_feat-1.png","type":"image\/png"}],"twitter_card":"summary_large_image","twitter_misc":{"Tempo estimado de leitura":"16 minutos"},"schema":{"@context":"https:\/\/schema.org","@graph":[{"@type":"WebPage","@id":"https:\/\/phcsoftware.com\/pt\/artigo\/iva-ecommerce-ue-entra-em-vigor","url":"https:\/\/phcsoftware.com\/pt\/artigo\/iva-ecommerce-ue-entra-em-vigor","name":"A partir de 1 de julho, o IVA do e-commerce na UE entrar\u00e1 em vigor: de que forma \u00e9 que esta medida pode afetar a minha empresa? - Portugal","isPartOf":{"@id":"https:\/\/phcsoftware.com\/pt\/#website"},"primaryImageOfPage":{"@id":"https:\/\/phcsoftware.com\/pt\/artigo\/iva-ecommerce-ue-entra-em-vigor#primaryimage"},"image":{"@id":"https:\/\/phcsoftware.com\/pt\/artigo\/iva-ecommerce-ue-entra-em-vigor#primaryimage"},"thumbnailUrl":"https:\/\/phcsoftware.com\/pt\/wp-content\/uploads\/sites\/3\/2024\/03\/obrigacoes_legais_feat-1.png","datePublished":"2024-03-28T19:15:12+00:00","dateModified":"2024-04-10T22:14:06+00:00","breadcrumb":{"@id":"https:\/\/phcsoftware.com\/pt\/artigo\/iva-ecommerce-ue-entra-em-vigor#breadcrumb"},"inLanguage":"pt-PT","potentialAction":[{"@type":"ReadAction","target":["https:\/\/phcsoftware.com\/pt\/artigo\/iva-ecommerce-ue-entra-em-vigor"]}]},{"@type":"ImageObject","inLanguage":"pt-PT","@id":"https:\/\/phcsoftware.com\/pt\/artigo\/iva-ecommerce-ue-entra-em-vigor#primaryimage","url":"https:\/\/phcsoftware.com\/pt\/wp-content\/uploads\/sites\/3\/2024\/03\/obrigacoes_legais_feat-1.png","contentUrl":"https:\/\/phcsoftware.com\/pt\/wp-content\/uploads\/sites\/3\/2024\/03\/obrigacoes_legais_feat-1.png","width":768,"height":434,"caption":"IES"},{"@type":"BreadcrumbList","@id":"https:\/\/phcsoftware.com\/pt\/artigo\/iva-ecommerce-ue-entra-em-vigor#breadcrumb","itemListElement":[{"@type":"ListItem","position":1,"name":"In\u00edcio","item":"https:\/\/phcsoftware.com\/pt"},{"@type":"ListItem","position":2,"name":"A partir de 1 de julho, o IVA do e-commerce na UE entrar\u00e1 em vigor: de que forma \u00e9 que esta medida pode afetar a minha empresa?"}]},{"@type":"WebSite","@id":"https:\/\/phcsoftware.com\/pt\/#website","url":"https:\/\/phcsoftware.com\/pt\/","name":"Portugal","description":"","potentialAction":[{"@type":"SearchAction","target":{"@type":"EntryPoint","urlTemplate":"https:\/\/phcsoftware.com\/pt\/?s={search_term_string}"},"query-input":{"@type":"PropertyValueSpecification","valueRequired":true,"valueName":"search_term_string"}}],"inLanguage":"pt-PT"}]}},"_links":{"self":[{"href":"https:\/\/phcsoftware.com\/pt\/wp-json\/wp\/v2\/artigo\/6825","targetHints":{"allow":["GET"]}}],"collection":[{"href":"https:\/\/phcsoftware.com\/pt\/wp-json\/wp\/v2\/artigo"}],"about":[{"href":"https:\/\/phcsoftware.com\/pt\/wp-json\/wp\/v2\/types\/artigo"}],"author":[{"embeddable":true,"href":"https:\/\/phcsoftware.com\/pt\/wp-json\/wp\/v2\/users\/1"}],"version-history":[{"count":1,"href":"https:\/\/phcsoftware.com\/pt\/wp-json\/wp\/v2\/artigo\/6825\/revisions"}],"predecessor-version":[{"id":8734,"href":"https:\/\/phcsoftware.com\/pt\/wp-json\/wp\/v2\/artigo\/6825\/revisions\/8734"}],"wp:featuredmedia":[{"embeddable":true,"href":"https:\/\/phcsoftware.com\/pt\/wp-json\/wp\/v2\/media\/6435"}],"wp:attachment":[{"href":"https:\/\/phcsoftware.com\/pt\/wp-json\/wp\/v2\/media?parent=6825"}],"wp:term":[{"taxonomy":"category","embeddable":true,"href":"https:\/\/phcsoftware.com\/pt\/wp-json\/wp\/v2\/categories?post=6825"},{"taxonomy":"post_tag","embeddable":true,"href":"https:\/\/phcsoftware.com\/pt\/wp-json\/wp\/v2\/tags?post=6825"}],"curies":[{"name":"wp","href":"https:\/\/api.w.org\/{rel}","templated":true}]}}