







{"id":23792,"date":"2025-06-05T22:47:05","date_gmt":"2025-06-05T22:47:05","guid":{"rendered":"https:\/\/phcsoftware.com\/pt?page_id=23792"},"modified":"2025-06-27T13:57:06","modified_gmt":"2025-06-27T13:57:06","slug":"aviso-legal","status":"publish","type":"page","link":"https:\/\/phcsoftware.com\/pt\/aviso-legal","title":{"rendered":"Aviso Legal"},"content":{"rendered":"[vc_row type=&#8221;in_container&#8221; full_screen_row_position=&#8221;middle&#8221; column_margin=&#8221;default&#8221; column_direction=&#8221;default&#8221; column_direction_tablet=&#8221;default&#8221; column_direction_phone=&#8221;default&#8221; scene_position=&#8221;center&#8221; top_margin=&#8221;5%&#8221; top_margin_tablet=&#8221;10%&#8221; top_margin_phone=&#8221;20%&#8221; text_color=&#8221;dark&#8221; text_align=&#8221;left&#8221; row_border_radius=&#8221;none&#8221; row_border_radius_applies=&#8221;bg&#8221; overflow=&#8221;visible&#8221; overlay_strength=&#8221;0.3&#8243; gradient_direction=&#8221;left_to_right&#8221; shape_divider_position=&#8221;bottom&#8221; bg_image_animation=&#8221;none&#8221; gradient_type=&#8221;default&#8221; shape_type=&#8221;&#8221;][vc_column column_padding=&#8221;no-extra-padding&#8221; column_padding_tablet=&#8221;inherit&#8221; column_padding_phone=&#8221;inherit&#8221; column_padding_position=&#8221;all&#8221; left_margin=&#8221;2%&#8221; constrain_group_2=&#8221;yes&#8221; right_margin=&#8221;2%&#8221; column_element_direction_desktop=&#8221;default&#8221; column_element_spacing=&#8221;default&#8221; desktop_text_alignment=&#8221;default&#8221; tablet_text_alignment=&#8221;default&#8221; phone_text_alignment=&#8221;default&#8221; background_color_opacity=&#8221;1&#8243; background_hover_color_opacity=&#8221;1&#8243; column_backdrop_filter=&#8221;none&#8221; column_shadow=&#8221;none&#8221; column_border_radius=&#8221;none&#8221; column_link_target=&#8221;_self&#8221; column_position=&#8221;default&#8221; gradient_direction=&#8221;left_to_right&#8221; overlay_strength=&#8221;0.3&#8243; width=&#8221;1\/1&#8243; tablet_width_inherit=&#8221;default&#8221; animation_type=&#8221;default&#8221; bg_image_animation=&#8221;none&#8221; border_type=&#8221;simple&#8221; column_border_width=&#8221;none&#8221; column_border_style=&#8221;solid&#8221; column_padding_type=&#8221;default&#8221; gradient_type=&#8221;default&#8221;][vc_column_text]\n<h5>Aviso Legal Cegid<\/h5>\n[\/vc_column_text][vc_column_text]O site https:\/\/phcsoftware.com (doravante, o &#8220;Site&#8221;) pertence \u00e0 PHC 2 Service Lda (doravante, &#8220;CEGID&#8221;) com o n\u00famero \u00fanico de registo 509357776 e sede social em Porto Salvo, no Edif\u00edcio PHC, Avenida Professor Doutor Cavaco Silva, 7\u00aa (Portugal) inscrita na Conservat\u00f3ria do Registo Comercial da Amadora.<\/p>\n<p>Ao utilizar o S\u00edtio Web, o utilizador compromete-se a utiliz\u00e1-lo, bem como os servi\u00e7os e conte\u00fados alojados, em conformidade com o presente aviso legal e condi\u00e7\u00f5es de utiliza\u00e7\u00e3o (doravante, o &#8220;Aviso Legal&#8221;), e sob a sua \u00fanica e exclusiva responsabilidade.[\/vc_column_text][\/vc_column][\/vc_row][vc_row type=&#8221;in_container&#8221; full_screen_row_position=&#8221;middle&#8221; column_margin=&#8221;default&#8221; column_direction=&#8221;default&#8221; column_direction_tablet=&#8221;default&#8221; column_direction_phone=&#8221;default&#8221; scene_position=&#8221;center&#8221; top_margin=&#8221;5%&#8221; text_color=&#8221;dark&#8221; text_align=&#8221;left&#8221; row_border_radius=&#8221;none&#8221; row_border_radius_applies=&#8221;bg&#8221; overflow=&#8221;visible&#8221; overlay_strength=&#8221;0.3&#8243; gradient_direction=&#8221;left_to_right&#8221; shape_divider_position=&#8221;bottom&#8221; bg_image_animation=&#8221;none&#8221; gradient_type=&#8221;default&#8221; shape_type=&#8221;&#8221;][vc_column column_padding=&#8221;no-extra-padding&#8221; column_padding_tablet=&#8221;inherit&#8221; column_padding_phone=&#8221;inherit&#8221; column_padding_position=&#8221;all&#8221; left_margin=&#8221;2%&#8221; constrain_group_2=&#8221;yes&#8221; right_margin=&#8221;2%&#8221; column_element_direction_desktop=&#8221;default&#8221; column_element_spacing=&#8221;default&#8221; desktop_text_alignment=&#8221;default&#8221; tablet_text_alignment=&#8221;default&#8221; phone_text_alignment=&#8221;default&#8221; background_color_opacity=&#8221;1&#8243; background_hover_color_opacity=&#8221;1&#8243; column_backdrop_filter=&#8221;none&#8221; column_shadow=&#8221;none&#8221; column_border_radius=&#8221;none&#8221; column_link_target=&#8221;_self&#8221; column_position=&#8221;default&#8221; gradient_direction=&#8221;left_to_right&#8221; overlay_strength=&#8221;0.3&#8243; width=&#8221;1\/1&#8243; tablet_width_inherit=&#8221;default&#8221; animation_type=&#8221;default&#8221; bg_image_animation=&#8221;none&#8221; border_type=&#8221;simple&#8221; column_border_width=&#8221;none&#8221; column_border_style=&#8221;solid&#8221; column_padding_type=&#8221;default&#8221; gradient_type=&#8221;default&#8221;][vc_column_text]\n<h3>1. Identifica\u00e7\u00e3o das partes<\/h3>\n<p>O Aviso Legal \u00e9 assinado, por um lado, pelo CEGID e, por outro, pelo utilizador final interessado nos servi\u00e7os oferecidos atrav\u00e9s do S\u00edtio Web (doravante, o &#8220;Utilizador&#8221;) cujos dados pessoais s\u00e3o os fornecidos no S\u00edtio Web e\/ou os derivados da rela\u00e7\u00e3o anterior com o CEGID.<\/p>\n<p>O acesso e\/ou a utiliza\u00e7\u00e3o do s\u00edtio Web confere \u00e0 pessoa a condi\u00e7\u00e3o de Utilizador, que aceita, a partir da referida transfer\u00eancia, acesso e\/ou utiliza\u00e7\u00e3o, o Aviso Legal aqui refletido.[\/vc_column_text][\/vc_column][\/vc_row][vc_row type=&#8221;in_container&#8221; full_screen_row_position=&#8221;middle&#8221; column_margin=&#8221;default&#8221; column_direction=&#8221;default&#8221; column_direction_tablet=&#8221;default&#8221; column_direction_phone=&#8221;default&#8221; scene_position=&#8221;center&#8221; top_margin=&#8221;5%&#8221; text_color=&#8221;dark&#8221; text_align=&#8221;left&#8221; row_border_radius=&#8221;none&#8221; row_border_radius_applies=&#8221;bg&#8221; overflow=&#8221;visible&#8221; overlay_strength=&#8221;0.3&#8243; gradient_direction=&#8221;left_to_right&#8221; shape_divider_position=&#8221;bottom&#8221; bg_image_animation=&#8221;none&#8221; gradient_type=&#8221;default&#8221; shape_type=&#8221;&#8221;][vc_column column_padding=&#8221;no-extra-padding&#8221; column_padding_tablet=&#8221;inherit&#8221; column_padding_phone=&#8221;inherit&#8221; column_padding_position=&#8221;all&#8221; left_margin=&#8221;2%&#8221; constrain_group_2=&#8221;yes&#8221; right_margin=&#8221;2%&#8221; column_element_direction_desktop=&#8221;default&#8221; column_element_spacing=&#8221;default&#8221; desktop_text_alignment=&#8221;default&#8221; tablet_text_alignment=&#8221;default&#8221; phone_text_alignment=&#8221;default&#8221; background_color_opacity=&#8221;1&#8243; background_hover_color_opacity=&#8221;1&#8243; column_backdrop_filter=&#8221;none&#8221; column_shadow=&#8221;none&#8221; column_border_radius=&#8221;none&#8221; column_link_target=&#8221;_self&#8221; column_position=&#8221;default&#8221; gradient_direction=&#8221;left_to_right&#8221; overlay_strength=&#8221;0.3&#8243; width=&#8221;1\/1&#8243; tablet_width_inherit=&#8221;default&#8221; animation_type=&#8221;default&#8221; bg_image_animation=&#8221;none&#8221; border_type=&#8221;simple&#8221; column_border_width=&#8221;none&#8221; column_border_style=&#8221;solid&#8221; column_padding_type=&#8221;default&#8221; gradient_type=&#8221;default&#8221;][vc_column_text]\n<h3>2. Objetivo e \u00e2mbito<\/h3>\n<p>O presente Aviso Legal regula o acesso, a navega\u00e7\u00e3o e a utiliza\u00e7\u00e3o do s\u00edtio Web pelo Utilizador.<\/p>\n<p>Ao aceder e\/ou utilizar a P\u00e1gina Web, o Utilizador aceita os termos do Aviso Legal do CEGID e f\u00e1-lo por sua conta e risco. O Utilizador compromete-se a utilizar os conte\u00fados, informa\u00e7\u00f5es e dados da P\u00e1gina Web em conformidade com o presente Aviso Legal, com o resto das pol\u00edticas acess\u00edveis atrav\u00e9s da P\u00e1gina Web, com a normativa aplic\u00e1vel, com os bons costumes geralmente aceites e com a ordem p\u00fablica.[\/vc_column_text][\/vc_column][\/vc_row][vc_row type=&#8221;in_container&#8221; full_screen_row_position=&#8221;middle&#8221; column_margin=&#8221;default&#8221; column_direction=&#8221;default&#8221; column_direction_tablet=&#8221;default&#8221; column_direction_phone=&#8221;default&#8221; scene_position=&#8221;center&#8221; top_margin=&#8221;5%&#8221; text_color=&#8221;dark&#8221; text_align=&#8221;left&#8221; row_border_radius=&#8221;none&#8221; row_border_radius_applies=&#8221;bg&#8221; overflow=&#8221;visible&#8221; overlay_strength=&#8221;0.3&#8243; gradient_direction=&#8221;left_to_right&#8221; shape_divider_position=&#8221;bottom&#8221; bg_image_animation=&#8221;none&#8221; gradient_type=&#8221;default&#8221; shape_type=&#8221;&#8221;][vc_column column_padding=&#8221;no-extra-padding&#8221; column_padding_tablet=&#8221;inherit&#8221; column_padding_phone=&#8221;inherit&#8221; column_padding_position=&#8221;all&#8221; left_margin=&#8221;2%&#8221; constrain_group_2=&#8221;yes&#8221; right_margin=&#8221;2%&#8221; column_element_direction_desktop=&#8221;default&#8221; column_element_spacing=&#8221;default&#8221; desktop_text_alignment=&#8221;default&#8221; tablet_text_alignment=&#8221;default&#8221; phone_text_alignment=&#8221;default&#8221; background_color_opacity=&#8221;1&#8243; background_hover_color_opacity=&#8221;1&#8243; column_backdrop_filter=&#8221;none&#8221; column_shadow=&#8221;none&#8221; column_border_radius=&#8221;none&#8221; column_link_target=&#8221;_self&#8221; column_position=&#8221;default&#8221; gradient_direction=&#8221;left_to_right&#8221; overlay_strength=&#8221;0.3&#8243; width=&#8221;1\/1&#8243; tablet_width_inherit=&#8221;default&#8221; animation_type=&#8221;default&#8221; bg_image_animation=&#8221;none&#8221; border_type=&#8221;simple&#8221; column_border_width=&#8221;none&#8221; column_border_style=&#8221;solid&#8221; column_padding_type=&#8221;default&#8221; gradient_type=&#8221;default&#8221;][vc_column_text]\n<h3>3. Disponibilidade da Web<\/h3>\n<p>O S\u00edtio Web est\u00e1 dispon\u00edvel para todos os Utilizadores com acesso \u00e0 Internet.<\/p>\n<p>A CEGID faz todos os esfor\u00e7os para garantir que o S\u00edtio Web esteja sempre dispon\u00edvel. No entanto, o acesso \u00e0 P\u00e1gina Web \u00e9 feito atrav\u00e9s de uma liga\u00e7\u00e3o \u00e0 Internet, pelo que a qualidade e disponibilidade da mesma pode ser alterada por factores que escapam ao controlo respons\u00e1vel da CEGID.<\/p>\n<p>A CEGID n\u00e3o se responsabiliza pela indisponibilidade do Site, pela impossibilidade e\/ou dificuldades de acesso aos conte\u00fados, ou por qualquer outra falha no sistema de comunica\u00e7\u00f5es que possa causar a indisponibilidade do mesmo.[\/vc_column_text][\/vc_column][\/vc_row][vc_row type=&#8221;in_container&#8221; full_screen_row_position=&#8221;middle&#8221; column_margin=&#8221;default&#8221; column_direction=&#8221;default&#8221; column_direction_tablet=&#8221;default&#8221; column_direction_phone=&#8221;default&#8221; scene_position=&#8221;center&#8221; top_margin=&#8221;5%&#8221; text_color=&#8221;dark&#8221; text_align=&#8221;left&#8221; row_border_radius=&#8221;none&#8221; row_border_radius_applies=&#8221;bg&#8221; overflow=&#8221;visible&#8221; overlay_strength=&#8221;0.3&#8243; gradient_direction=&#8221;left_to_right&#8221; shape_divider_position=&#8221;bottom&#8221; bg_image_animation=&#8221;none&#8221; gradient_type=&#8221;default&#8221; shape_type=&#8221;&#8221;][vc_column column_padding=&#8221;no-extra-padding&#8221; column_padding_tablet=&#8221;inherit&#8221; column_padding_phone=&#8221;inherit&#8221; column_padding_position=&#8221;all&#8221; left_margin=&#8221;2%&#8221; constrain_group_2=&#8221;yes&#8221; right_margin=&#8221;2%&#8221; column_element_direction_desktop=&#8221;default&#8221; column_element_spacing=&#8221;default&#8221; desktop_text_alignment=&#8221;default&#8221; tablet_text_alignment=&#8221;default&#8221; phone_text_alignment=&#8221;default&#8221; background_color_opacity=&#8221;1&#8243; background_hover_color_opacity=&#8221;1&#8243; column_backdrop_filter=&#8221;none&#8221; column_shadow=&#8221;none&#8221; column_border_radius=&#8221;none&#8221; column_link_target=&#8221;_self&#8221; column_position=&#8221;default&#8221; gradient_direction=&#8221;left_to_right&#8221; overlay_strength=&#8221;0.3&#8243; width=&#8221;1\/1&#8243; tablet_width_inherit=&#8221;default&#8221; animation_type=&#8221;default&#8221; bg_image_animation=&#8221;none&#8221; border_type=&#8221;simple&#8221; column_border_width=&#8221;none&#8221; column_border_style=&#8221;solid&#8221; column_padding_type=&#8221;default&#8221; gradient_type=&#8221;default&#8221;][vc_column_text]\n<h3>4. Acesso e utiliza\u00e7\u00e3o do s\u00edtio Web<\/h3>\n<h3>4.1 Acesso \u00e0 Web<\/h3>\n<p>O acesso e a utiliza\u00e7\u00e3o do s\u00edtio Web s\u00e3o gratuitos, com exce\u00e7\u00e3o do custo de liga\u00e7\u00e3o atrav\u00e9s da rede de telecomunica\u00e7\u00f5es fornecida pelo fornecedor de acesso contratado por cada utilizador.<\/p>\n<p>O acesso ao s\u00edtio Web, bem como qualquer utiliza\u00e7\u00e3o n\u00e3o consentida que possa ser feita da informa\u00e7\u00e3o nele contida, \u00e9 da exclusiva responsabilidade do utilizador.[\/vc_column_text][\/vc_column][\/vc_row][vc_row type=&#8221;in_container&#8221; full_screen_row_position=&#8221;middle&#8221; column_margin=&#8221;default&#8221; column_direction=&#8221;default&#8221; column_direction_tablet=&#8221;default&#8221; column_direction_phone=&#8221;default&#8221; scene_position=&#8221;center&#8221; top_margin=&#8221;5%&#8221; text_color=&#8221;dark&#8221; text_align=&#8221;left&#8221; row_border_radius=&#8221;none&#8221; row_border_radius_applies=&#8221;bg&#8221; overflow=&#8221;visible&#8221; overlay_strength=&#8221;0.3&#8243; gradient_direction=&#8221;left_to_right&#8221; shape_divider_position=&#8221;bottom&#8221; bg_image_animation=&#8221;none&#8221; gradient_type=&#8221;default&#8221; shape_type=&#8221;&#8221;][vc_column column_padding=&#8221;no-extra-padding&#8221; column_padding_tablet=&#8221;inherit&#8221; column_padding_phone=&#8221;inherit&#8221; column_padding_position=&#8221;all&#8221; left_margin=&#8221;2%&#8221; constrain_group_2=&#8221;yes&#8221; right_margin=&#8221;2%&#8221; column_element_direction_desktop=&#8221;default&#8221; column_element_spacing=&#8221;default&#8221; desktop_text_alignment=&#8221;default&#8221; tablet_text_alignment=&#8221;default&#8221; phone_text_alignment=&#8221;default&#8221; background_color_opacity=&#8221;1&#8243; background_hover_color_opacity=&#8221;1&#8243; column_backdrop_filter=&#8221;none&#8221; column_shadow=&#8221;none&#8221; column_border_radius=&#8221;none&#8221; column_link_target=&#8221;_self&#8221; column_position=&#8221;default&#8221; gradient_direction=&#8221;left_to_right&#8221; overlay_strength=&#8221;0.3&#8243; width=&#8221;1\/1&#8243; tablet_width_inherit=&#8221;default&#8221; animation_type=&#8221;default&#8221; bg_image_animation=&#8221;none&#8221; border_type=&#8221;simple&#8221; column_border_width=&#8221;none&#8221; column_border_style=&#8221;solid&#8221; column_padding_type=&#8221;default&#8221; gradient_type=&#8221;default&#8221;][vc_column_text]\n<h3>4.2 Utiliza\u00e7\u00e3o da Web<\/h3>\n<p>O Utilizador assume a responsabilidade pela utiliza\u00e7\u00e3o do S\u00edtio Web. Esta responsabilidade estende-se a qualquer registo que possa ser necess\u00e1rio para aceder a determinados servi\u00e7os ou<\/p>\n<p>conte\u00fados. Neste registo ou utiliza\u00e7\u00e3o de os formul\u00e1rios de recolha de dados dispon\u00edveis no S\u00edtio Web, o Utilizador \u00e9 respons\u00e1vel por fornecer informa\u00e7\u00f5es verdadeiras e legais.<\/p>\n<p>O CEGID n\u00e3o ser\u00e1 respons\u00e1vel por qualquer consequ\u00eancia, dano ou preju\u00edzo que possa derivar deste acesso, utiliza\u00e7\u00e3o ou incumprimento do presente Aviso Legal, nem ser\u00e1 respons\u00e1vel pelos erros de seguran\u00e7a que possam ocorrer ou por qualquer dano que possa ser causado ao sistema inform\u00e1tico e\/ou sistema operativo m\u00f3vel (hardware e software) do Utilizador ou aos ficheiros ou documentos armazenados nos mesmos como consequ\u00eancia de: (i) da presen\u00e7a de um v\u00edrus no dispositivo do Utilizador utilizado para se ligar aos servi\u00e7os e\/ou produtos oferecidos pelo CEGID atrav\u00e9s do Site; (ii) de um mau funcionamento do navegador; e (iii) da utiliza\u00e7\u00e3o de vers\u00f5es n\u00e3o actualizadas do navegador.[\/vc_column_text][\/vc_column][\/vc_row][vc_row type=&#8221;in_container&#8221; full_screen_row_position=&#8221;middle&#8221; column_margin=&#8221;default&#8221; column_direction=&#8221;default&#8221; column_direction_tablet=&#8221;default&#8221; column_direction_phone=&#8221;default&#8221; scene_position=&#8221;center&#8221; top_margin=&#8221;5%&#8221; text_color=&#8221;dark&#8221; text_align=&#8221;left&#8221; row_border_radius=&#8221;none&#8221; row_border_radius_applies=&#8221;bg&#8221; overflow=&#8221;visible&#8221; overlay_strength=&#8221;0.3&#8243; gradient_direction=&#8221;left_to_right&#8221; shape_divider_position=&#8221;bottom&#8221; bg_image_animation=&#8221;none&#8221; gradient_type=&#8221;default&#8221; shape_type=&#8221;&#8221;][vc_column column_padding=&#8221;no-extra-padding&#8221; column_padding_tablet=&#8221;inherit&#8221; column_padding_phone=&#8221;inherit&#8221; column_padding_position=&#8221;all&#8221; left_margin=&#8221;2%&#8221; constrain_group_2=&#8221;yes&#8221; right_margin=&#8221;2%&#8221; column_element_direction_desktop=&#8221;default&#8221; column_element_spacing=&#8221;default&#8221; desktop_text_alignment=&#8221;default&#8221; tablet_text_alignment=&#8221;default&#8221; phone_text_alignment=&#8221;default&#8221; background_color_opacity=&#8221;1&#8243; background_hover_color_opacity=&#8221;1&#8243; column_backdrop_filter=&#8221;none&#8221; column_shadow=&#8221;none&#8221; column_border_radius=&#8221;none&#8221; column_link_target=&#8221;_self&#8221; column_position=&#8221;default&#8221; gradient_direction=&#8221;left_to_right&#8221; overlay_strength=&#8221;0.3&#8243; width=&#8221;1\/1&#8243; tablet_width_inherit=&#8221;default&#8221; animation_type=&#8221;default&#8221; bg_image_animation=&#8221;none&#8221; border_type=&#8221;simple&#8221; column_border_width=&#8221;none&#8221; column_border_style=&#8221;solid&#8221; column_padding_type=&#8221;default&#8221; gradient_type=&#8221;default&#8221;][vc_column_text]\n<h3>5. Regras de utiliza\u00e7\u00e3o para os utilizadores do s\u00edtio Web<\/h3>\n<p>O Utilizador compromete-se a:<\/p>\n<p>Fornecer informa\u00e7\u00e3o ver\u00eddica sobre os dados solicitados nos formul\u00e1rios fornecidos pelo CEGID para aceder a determinados conte\u00fados ou servi\u00e7os oferecidos atrav\u00e9s do S\u00edtio Web e mant\u00ea-los actualizados. A CEGID reserva-se o direito, sem preju\u00edzo de outras medidas legais ao seu alcance, de retirar, recusar ou suspender o acesso \u00e0 P\u00e1gina Web no caso de os dados fornecidos serem ou poderem ser falsos, inexactos ou enganosos. Em qualquer caso, o Utilizador ser\u00e1 totalmente respons\u00e1vel por quaisquer dados ou conte\u00fados que transmita ou comunique ao CEGID. Neste sentido, o Utilizador assume a responsabilidade pelos danos e preju\u00edzos que possam derivar de uma utiliza\u00e7\u00e3o indevida dos mesmos.<\/p>\n<p>N\u00e3o utilizar o S\u00edtio Web ou qualquer dos elementos que o comp\u00f5em para desenvolver opera\u00e7\u00f5es de time-sharing, para se tornar fornecedor de servi\u00e7os de aplica\u00e7\u00f5es inform\u00e1ticas na medida em que visem permitir o acesso de terceiros ao S\u00edtio Web ou a qualquer dos seus componentes, atrav\u00e9s de opera\u00e7\u00f5es de aluguer, servi\u00e7os administrativos ou quaisquer outros servi\u00e7os similares, partilhando-os ou colocando-os \u00e0 disposi\u00e7\u00e3o de terceiros.<\/p>\n<p>N\u00e3o utilizar o s\u00edtio Web para recolher dados pessoais de outros utilizadores.<\/p>\n<p>N\u00e3o utilizar o s\u00edtio Web como um sistema de gest\u00e3o e de troca de informa\u00e7\u00f5es e\/ou de documenta\u00e7\u00e3o ilegal, contr\u00e1ria \u00e0 moral ou \u00e0 ordem p\u00fablica, contr\u00e1ria aos direitos de autor e\/ou aos direitos de propriedade industrial.<\/p>\n<p>N\u00e3o realizar actos de engenharia reversa, tomada de requisitos e outras actividades que visem o desenvolvimento de uma plataforma online id\u00eantica ou semelhante \u00e0 disponibilizada pelo CEGID, uma vez que esta atividade pode ser considerada um ato de concorr\u00eancia desleal e de viola\u00e7\u00e3o dos direitos de propriedade intelectual e industrial que o CEGID det\u00e9m sobre a plataforma.<\/p>\n<p>N\u00e3o sujeitar a plataforma a cargas de trabalho que tenham como objetivo claro a sua desestabiliza\u00e7\u00e3o, incluindo ataques de nega\u00e7\u00e3o de servi\u00e7o (DDoS) ou situa\u00e7\u00f5es similares. Caso seja detectado este tipo de situa\u00e7\u00e3o, o n\u00edvel de servi\u00e7o acima indicado n\u00e3o se aplicar\u00e1, sendo considerado uma situa\u00e7\u00e3o de emerg\u00eancia.<\/p>\n<p>N\u00e3o eliminar, apagar, alterar, manipular ou modificar de qualquer forma as notas, legendas, indica\u00e7\u00f5es ou s\u00edmbolos que o CEGID, como leg\u00edtimo titular dos direitos, incorpora nas suas propriedades de propriedade intelectual ou industrial (por exemplo, copyright, \u00a9, \u00ae e TM), seja no pr\u00f3prio Site ou no material associado.<\/p>\n<p>N\u00e3o provocar danos nos sistemas f\u00edsicos e l\u00f3gicos do CEGID, titular do S\u00edtio Web, dos seus fornecedores ou de terceiros, introduzir ou difundir v\u00edrus inform\u00e1ticos ou quaisquer outros sistemas f\u00edsicos ou l\u00f3gicos suscept\u00edveis de provocar os referidos danos.<\/p>\n<p>Informar o CEGID de qualquer evento ou situa\u00e7\u00e3o que possa ter ocorrido e que possa p\u00f4r em causa a seguran\u00e7a do acesso dos utilizadores autorizados.<\/p>\n<p>N\u00e3o impedir o normal desenvolvimento de um evento, concurso, promo\u00e7\u00e3o ou qualquer outra atividade dispon\u00edvel atrav\u00e9s do S\u00edtio Web, quer alterando ou tentando alterar, ilegalmente ou de qualquer outra forma, o acesso, a participa\u00e7\u00e3o ou o funcionamento do mesmo, quer falsificando o resultado do mesmo e\/ou utilizando m\u00e9todos de participa\u00e7\u00e3o fraudulentos, atrav\u00e9s de qualquer procedimento e\/ou atrav\u00e9s de qualquer pr\u00e1tica que viole ou infrinja de qualquer forma o presente Aviso Legal.<\/p>\n<p>Abster-se de utilizar os conte\u00fados da P\u00e1gina Web com fins ou efeitos il\u00edcitos, proibidos ou contr\u00e1rios aos aqui estabelecidos, lesivos dos direitos e interesses do CEGID, de outros utilizadores, de terceiros ou que, de qualquer forma, possam danificar, inutilizar, sobrecarregar ou deteriorar esta P\u00e1gina Web ou impedir a normal utiliza\u00e7\u00e3o ou desfrute da mesma por parte dos utilizadores.<\/p>\n<p>Abster-se de for\u00e7ar erros ou viola\u00e7\u00f5es de seguran\u00e7a no s\u00edtio Web.[\/vc_column_text][\/vc_column][\/vc_row][vc_row type=&#8221;in_container&#8221; full_screen_row_position=&#8221;middle&#8221; column_margin=&#8221;default&#8221; column_direction=&#8221;default&#8221; column_direction_tablet=&#8221;default&#8221; column_direction_phone=&#8221;default&#8221; scene_position=&#8221;center&#8221; top_margin=&#8221;5%&#8221; text_color=&#8221;dark&#8221; text_align=&#8221;left&#8221; row_border_radius=&#8221;none&#8221; row_border_radius_applies=&#8221;bg&#8221; overflow=&#8221;visible&#8221; overlay_strength=&#8221;0.3&#8243; gradient_direction=&#8221;left_to_right&#8221; shape_divider_position=&#8221;bottom&#8221; bg_image_animation=&#8221;none&#8221; gradient_type=&#8221;default&#8221; shape_type=&#8221;&#8221;][vc_column column_padding=&#8221;no-extra-padding&#8221; column_padding_tablet=&#8221;inherit&#8221; column_padding_phone=&#8221;inherit&#8221; column_padding_position=&#8221;all&#8221; left_margin=&#8221;2%&#8221; constrain_group_2=&#8221;yes&#8221; right_margin=&#8221;2%&#8221; column_element_direction_desktop=&#8221;default&#8221; column_element_spacing=&#8221;default&#8221; desktop_text_alignment=&#8221;default&#8221; tablet_text_alignment=&#8221;default&#8221; phone_text_alignment=&#8221;default&#8221; background_color_opacity=&#8221;1&#8243; background_hover_color_opacity=&#8221;1&#8243; column_backdrop_filter=&#8221;none&#8221; column_shadow=&#8221;none&#8221; column_border_radius=&#8221;none&#8221; column_link_target=&#8221;_self&#8221; column_position=&#8221;default&#8221; gradient_direction=&#8221;left_to_right&#8221; overlay_strength=&#8221;0.3&#8243; width=&#8221;1\/1&#8243; tablet_width_inherit=&#8221;default&#8221; animation_type=&#8221;default&#8221; bg_image_animation=&#8221;none&#8221; border_type=&#8221;simple&#8221; column_border_width=&#8221;none&#8221; column_border_style=&#8221;solid&#8221; column_padding_type=&#8221;default&#8221; gradient_type=&#8221;default&#8221;][vc_column_text]\n<h3>6. Liga\u00e7\u00f5es a outros s\u00edtios Web<\/h3>\n<p>O presente Aviso Legal n\u00e3o se aplica a liga\u00e7\u00f5es e\/ou s\u00edtios Web de terceiros que possam ser acedidos atrav\u00e9s do S\u00edtio Web. A Pol\u00edtica de Privacidade e a Pol\u00edtica de Cookies do CEGID no S\u00edtio Web tamb\u00e9m n\u00e3o se aplicam a liga\u00e7\u00f5es a s\u00edtios Web de terceiros.<\/p>\n<p>No caso de aceder a outras redes ou recursos inform\u00e1ticos, o Utilizador compromete-se a respeitar o disposto nas pol\u00edticas de privacidade correspondentes. Consequentemente, o CEGID n\u00e3o se responsabiliza pelo conte\u00fado ou pelas medidas de seguran\u00e7a adoptadas pelos mesmos.<\/p>\n<p>Da mesma forma, o CEGID n\u00e3o garante a aus\u00eancia de v\u00edrus ou outros elementos nos conte\u00fados ligados a partir do S\u00edtio Web que possam provocar altera\u00e7\u00f5es no sistema inform\u00e1tico e\/ou sistema operativo m\u00f3vel (hardware e software), documentos ou ficheiros do Utilizador, ficando o CEGID igualmente exclu\u00eddo de qualquer responsabilidade derivada dos danos e preju\u00edzos de qualquer natureza provocados por estes factos.<\/p>\n<p>Em qualquer caso, o CEGID eliminar\u00e1 imediatamente qualquer liga\u00e7\u00e3o quando o conte\u00fado para o qual reencaminha possa infringir a legisla\u00e7\u00e3o nacional ou internacional, a moral ou a ordem p\u00fablica.[\/vc_column_text][\/vc_column][\/vc_row][vc_row type=&#8221;in_container&#8221; full_screen_row_position=&#8221;middle&#8221; column_margin=&#8221;default&#8221; column_direction=&#8221;default&#8221; column_direction_tablet=&#8221;default&#8221; column_direction_phone=&#8221;default&#8221; scene_position=&#8221;center&#8221; top_margin=&#8221;5%&#8221; text_color=&#8221;dark&#8221; text_align=&#8221;left&#8221; row_border_radius=&#8221;none&#8221; row_border_radius_applies=&#8221;bg&#8221; overflow=&#8221;visible&#8221; overlay_strength=&#8221;0.3&#8243; gradient_direction=&#8221;left_to_right&#8221; shape_divider_position=&#8221;bottom&#8221; bg_image_animation=&#8221;none&#8221; gradient_type=&#8221;default&#8221; shape_type=&#8221;&#8221;][vc_column column_padding=&#8221;no-extra-padding&#8221; column_padding_tablet=&#8221;inherit&#8221; column_padding_phone=&#8221;inherit&#8221; column_padding_position=&#8221;all&#8221; left_margin=&#8221;2%&#8221; constrain_group_2=&#8221;yes&#8221; right_margin=&#8221;2%&#8221; column_element_direction_desktop=&#8221;default&#8221; column_element_spacing=&#8221;default&#8221; desktop_text_alignment=&#8221;default&#8221; tablet_text_alignment=&#8221;default&#8221; phone_text_alignment=&#8221;default&#8221; background_color_opacity=&#8221;1&#8243; background_hover_color_opacity=&#8221;1&#8243; column_backdrop_filter=&#8221;none&#8221; column_shadow=&#8221;none&#8221; column_border_radius=&#8221;none&#8221; column_link_target=&#8221;_self&#8221; column_position=&#8221;default&#8221; gradient_direction=&#8221;left_to_right&#8221; overlay_strength=&#8221;0.3&#8243; width=&#8221;1\/1&#8243; tablet_width_inherit=&#8221;default&#8221; animation_type=&#8221;default&#8221; bg_image_animation=&#8221;none&#8221; border_type=&#8221;simple&#8221; column_border_width=&#8221;none&#8221; column_border_style=&#8221;solid&#8221; column_padding_type=&#8221;default&#8221; gradient_type=&#8221;default&#8221;][vc_column_text]\n<h3>7. Isen\u00e7\u00e3o de garantias e de responsabilidade<\/h3>\n<p>O CEGID n\u00e3o garante a disponibilidade permanente dos servi\u00e7os oferecidos na P\u00e1gina Web, embora envide os seus melhores esfor\u00e7os para garantir a regularidade e o bom funcionamento dos mesmos. Para este efeito, o CEGID declara que adoptou e adoptar\u00e1 todas as medidas necess\u00e1rias e razo\u00e1veis, dentro das suas possibilidades e do estado da tecnologia, para garantir o bom funcionamento da P\u00e1gina Web.<\/p>\n<p>No entanto, a CEGID n\u00e3o assume qualquer responsabilidade pelos danos e preju\u00edzos que possam resultar de desconex\u00f5es, interfer\u00eancias ou interrup\u00e7\u00f5es que possam ocorrer no acesso ou navega\u00e7\u00e3o no S\u00edtio Web, nem pelos danos e preju\u00edzos que possam resultar para o Utilizador ou para terceiros da exist\u00eancia e propaga\u00e7\u00e3o de v\u00edrus inform\u00e1ticos ou outros elementos nocivos.<\/p>\n<p>A CEGID tamb\u00e9m n\u00e3o assume qualquer responsabilidade por quaisquer erros ou omiss\u00f5es no conte\u00fado do s\u00edtio Web, nem por quaisquer ac\u00e7\u00f5es que o Utilizador possa tomar com base nesse conte\u00fado.[\/vc_column_text][\/vc_column][\/vc_row][vc_row type=&#8221;in_container&#8221; full_screen_row_position=&#8221;middle&#8221; column_margin=&#8221;default&#8221; column_direction=&#8221;default&#8221; column_direction_tablet=&#8221;default&#8221; column_direction_phone=&#8221;default&#8221; scene_position=&#8221;center&#8221; top_margin=&#8221;5%&#8221; text_color=&#8221;dark&#8221; text_align=&#8221;left&#8221; row_border_radius=&#8221;none&#8221; row_border_radius_applies=&#8221;bg&#8221; overflow=&#8221;visible&#8221; overlay_strength=&#8221;0.3&#8243; gradient_direction=&#8221;left_to_right&#8221; shape_divider_position=&#8221;bottom&#8221; bg_image_animation=&#8221;none&#8221; gradient_type=&#8221;default&#8221; shape_type=&#8221;&#8221;][vc_column column_padding=&#8221;no-extra-padding&#8221; column_padding_tablet=&#8221;inherit&#8221; column_padding_phone=&#8221;inherit&#8221; column_padding_position=&#8221;all&#8221; left_margin=&#8221;2%&#8221; constrain_group_2=&#8221;yes&#8221; right_margin=&#8221;2%&#8221; column_element_direction_desktop=&#8221;default&#8221; column_element_spacing=&#8221;default&#8221; desktop_text_alignment=&#8221;default&#8221; tablet_text_alignment=&#8221;default&#8221; phone_text_alignment=&#8221;default&#8221; background_color_opacity=&#8221;1&#8243; background_hover_color_opacity=&#8221;1&#8243; column_backdrop_filter=&#8221;none&#8221; column_shadow=&#8221;none&#8221; column_border_radius=&#8221;none&#8221; column_link_target=&#8221;_self&#8221; column_position=&#8221;default&#8221; gradient_direction=&#8221;left_to_right&#8221; overlay_strength=&#8221;0.3&#8243; width=&#8221;1\/1&#8243; tablet_width_inherit=&#8221;default&#8221; animation_type=&#8221;default&#8221; bg_image_animation=&#8221;none&#8221; border_type=&#8221;simple&#8221; column_border_width=&#8221;none&#8221; column_border_style=&#8221;solid&#8221; column_padding_type=&#8221;default&#8221; gradient_type=&#8221;default&#8221;][vc_column_text]\n<h3>8. Altera\u00e7\u00e3o do aviso legal<\/h3>\n<p>A CEGID reserva-se o direito de efetuar, sem aviso pr\u00e9vio, as altera\u00e7\u00f5es que considere oportunas no presente Aviso Legal, sendo da responsabilidade do Utilizador a sua leitura atenta. A CEGID poder\u00e1 modificar, suprimir ou acrescentar tanto os conte\u00fados e servi\u00e7os prestados atrav\u00e9s do mesmo como a forma em que se apresentam ou localizam na Web, informando o Utilizador quando for necess\u00e1rio.[\/vc_column_text][\/vc_column][\/vc_row][vc_row type=&#8221;in_container&#8221; full_screen_row_position=&#8221;middle&#8221; column_margin=&#8221;default&#8221; column_direction=&#8221;default&#8221; column_direction_tablet=&#8221;default&#8221; column_direction_phone=&#8221;default&#8221; scene_position=&#8221;center&#8221; top_margin=&#8221;5%&#8221; text_color=&#8221;dark&#8221; text_align=&#8221;left&#8221; row_border_radius=&#8221;none&#8221; row_border_radius_applies=&#8221;bg&#8221; overflow=&#8221;visible&#8221; overlay_strength=&#8221;0.3&#8243; gradient_direction=&#8221;left_to_right&#8221; shape_divider_position=&#8221;bottom&#8221; bg_image_animation=&#8221;none&#8221; gradient_type=&#8221;default&#8221; shape_type=&#8221;&#8221;][vc_column column_padding=&#8221;no-extra-padding&#8221; column_padding_tablet=&#8221;inherit&#8221; column_padding_phone=&#8221;inherit&#8221; column_padding_position=&#8221;all&#8221; left_margin=&#8221;2%&#8221; constrain_group_2=&#8221;yes&#8221; right_margin=&#8221;2%&#8221; column_element_direction_desktop=&#8221;default&#8221; column_element_spacing=&#8221;default&#8221; desktop_text_alignment=&#8221;default&#8221; tablet_text_alignment=&#8221;default&#8221; phone_text_alignment=&#8221;default&#8221; background_color_opacity=&#8221;1&#8243; background_hover_color_opacity=&#8221;1&#8243; column_backdrop_filter=&#8221;none&#8221; column_shadow=&#8221;none&#8221; column_border_radius=&#8221;none&#8221; column_link_target=&#8221;_self&#8221; column_position=&#8221;default&#8221; gradient_direction=&#8221;left_to_right&#8221; overlay_strength=&#8221;0.3&#8243; width=&#8221;1\/1&#8243; tablet_width_inherit=&#8221;default&#8221; animation_type=&#8221;default&#8221; bg_image_animation=&#8221;none&#8221; border_type=&#8221;simple&#8221; column_border_width=&#8221;none&#8221; column_border_style=&#8221;solid&#8221; column_padding_type=&#8221;default&#8221; gradient_type=&#8221;default&#8221;][vc_column_text]\n<h3>9. Propriedade intelectual e industrial<\/h3>\n<p>O Utilizador reconhece e aceita que todos os direitos de propriedade industrial e intelectual do S\u00edtio de Internet, incluindo os conte\u00fados e\/ou quaisquer outros elementos inseridos pelo CEGID no S\u00edtio de Internet (incluindo, sem car\u00e1cter limitativo, todos os elementos que comp\u00f5em o aspeto visual, imagem gr\u00e1fica e outros est\u00edmulos sensoriais que comp\u00f5em o Site ou &#8220;look and feel&#8221;, marcas, log\u00f3tipos, nomes comerciais, textos, imagens, gr\u00e1ficos, desenhos, sons, bases de dados, software, fluxogramas, apresenta\u00e7\u00e3o, arquitetura de navega\u00e7\u00e3o, assim como c\u00f3digos fonte) pertencem exclusivamente ao CEGID e\/ou a terceiros que tenham cedido legitimamente os seus direitos ao CEGID. Para estes efeitos, entende-se por Web todas as cria\u00e7\u00f5es incorporadas e expressas pelo CEGID atrav\u00e9s de qualquer suporte e\/ou meio tang\u00edvel ou intang\u00edvel, conhecido ou a conhecer, que estejam sujeitas \u00e0 prote\u00e7\u00e3o da normativa vigente em mat\u00e9ria de propriedade intelectual e industrial.<\/p>\n<p>A mera visualiza\u00e7\u00e3o, impress\u00e3o, descarga ou armazenamento tempor\u00e1rio, total ou parcial, dos conte\u00fados e\/ou elementos inseridos pelo CEGID no S\u00edtio Web \u00e9 autorizada exclusivamente para uso pessoal, privado e sem fins lucrativos do Utilizador, desde que, em qualquer caso, seja indicada a origem e\/ou autor dos mesmos e que, se for o caso, apare\u00e7a o s\u00edmbolo de copyright e\/ou notas de propriedade industrial dos titulares. Qualquer outra utiliza\u00e7\u00e3o ou explora\u00e7\u00e3o de quaisquer outros direitos estar\u00e1 sujeita \u00e0 autoriza\u00e7\u00e3o pr\u00e9via e expressa concedida especificamente para o efeito pelo CEGID ou pelo terceiro titular dos direitos afectados.<\/p>\n<p>A utiliza\u00e7\u00e3o de tais elementos, a sua reprodu\u00e7\u00e3o total ou parcial, comunica\u00e7\u00e3o e\/ou distribui\u00e7\u00e3o para fins comerciais ou lucrativos, bem como a sua modifica\u00e7\u00e3o, altera\u00e7\u00e3o, descompila\u00e7\u00e3o e\/ou qualquer outro ato de explora\u00e7\u00e3o do Site e cujos direitos de imagem o CEGID tem o direito de explorar. Para qualquer utiliza\u00e7\u00e3o para al\u00e9m das expressamente permitidas, ser\u00e1 necess\u00e1rio obter o consentimento pr\u00e9vio por escrito do titular dos direitos em quest\u00e3o.<\/p>\n<p>O presente Aviso Legal n\u00e3o concede ao Utilizador qualquer outro direito de utiliza\u00e7\u00e3o, altera\u00e7\u00e3o, explora\u00e7\u00e3o, reprodu\u00e7\u00e3o, distribui\u00e7\u00e3o ou comunica\u00e7\u00e3o p\u00fablica da P\u00e1gina Web e\/ou dos seus conte\u00fados para al\u00e9m dos expressamente previstos no mesmo. Qualquer outra utiliza\u00e7\u00e3o ou explora\u00e7\u00e3o de quaisquer direitos estar\u00e1 sujeita \u00e0 autoriza\u00e7\u00e3o pr\u00e9via e expressa concedida especificamente para o efeito pelo CEGID ou pelo terceiro titular dos direitos afectados.<\/p>\n<p>Sem preju\u00edzo do que precede, se o Utilizador considerar que qualquer conte\u00fado do S\u00edtio Web pode infringir os direitos de propriedade intelectual e industrial, deve informar-nos o mais rapidamente poss\u00edvel, enviando um e-mail para [ ****** ], REF: &#8220;Aviso Legal do S\u00edtio Web&#8221;.[\/vc_column_text][\/vc_column][\/vc_row][vc_row type=&#8221;in_container&#8221; full_screen_row_position=&#8221;middle&#8221; column_margin=&#8221;default&#8221; column_direction=&#8221;default&#8221; column_direction_tablet=&#8221;default&#8221; column_direction_phone=&#8221;default&#8221; scene_position=&#8221;center&#8221; top_margin=&#8221;5%&#8221; text_color=&#8221;dark&#8221; text_align=&#8221;left&#8221; row_border_radius=&#8221;none&#8221; row_border_radius_applies=&#8221;bg&#8221; overflow=&#8221;visible&#8221; overlay_strength=&#8221;0.3&#8243; gradient_direction=&#8221;left_to_right&#8221; shape_divider_position=&#8221;bottom&#8221; bg_image_animation=&#8221;none&#8221; gradient_type=&#8221;default&#8221; shape_type=&#8221;&#8221;][vc_column column_padding=&#8221;no-extra-padding&#8221; column_padding_tablet=&#8221;inherit&#8221; column_padding_phone=&#8221;inherit&#8221; column_padding_position=&#8221;all&#8221; left_margin=&#8221;2%&#8221; constrain_group_2=&#8221;yes&#8221; right_margin=&#8221;2%&#8221; column_element_direction_desktop=&#8221;default&#8221; column_element_spacing=&#8221;default&#8221; desktop_text_alignment=&#8221;default&#8221; tablet_text_alignment=&#8221;default&#8221; phone_text_alignment=&#8221;default&#8221; background_color_opacity=&#8221;1&#8243; background_hover_color_opacity=&#8221;1&#8243; column_backdrop_filter=&#8221;none&#8221; column_shadow=&#8221;none&#8221; column_border_radius=&#8221;none&#8221; column_link_target=&#8221;_self&#8221; column_position=&#8221;default&#8221; gradient_direction=&#8221;left_to_right&#8221; overlay_strength=&#8221;0.3&#8243; width=&#8221;1\/1&#8243; tablet_width_inherit=&#8221;default&#8221; animation_type=&#8221;default&#8221; bg_image_animation=&#8221;none&#8221; border_type=&#8221;simple&#8221; column_border_width=&#8221;none&#8221; column_border_style=&#8221;solid&#8221; column_padding_type=&#8221;default&#8221; gradient_type=&#8221;default&#8221;][vc_column_text]\n<h3>10. Prote\u00e7\u00e3o de dados<\/h3>\n<p>O CEGID cumpre o disposto no Regulamento (UE) 2016\/679 do Parlamento Europeu e do Conselho, de 27 de abril de 2016, relativo \u00e0 prote\u00e7\u00e3o das pessoas singulares no que diz respeito ao tratamento<\/p>\n<p>de dados pessoais e \u00e0 livre circula\u00e7\u00e3o desses dados (doravante, o &#8220;RGPD&#8221;), e demais regulamenta\u00e7\u00e3o em vigor em cada momento, e garante a correta utiliza\u00e7\u00e3o e tratamento dos dados pessoais do Utilizador.<\/p>\n<p>Por isso, na Pol\u00edtica de Privacidade e na Pol\u00edtica de Cookies do CEGID, \u00e9 fornecida informa\u00e7\u00e3o sobre o respons\u00e1vel pelo tratamento, a finalidade do tratamento, o tipo de dados, os prazos de conserva\u00e7\u00e3o, as comunica\u00e7\u00f5es de dados a terceiros, a possibilidade de exercer os seus direitos de acesso, retifica\u00e7\u00e3o, apagamento, oposi\u00e7\u00e3o e revoga\u00e7\u00e3o do consentimento, entre outros, de acordo com a regulamenta\u00e7\u00e3o aplic\u00e1vel.<\/p>\n<p>Para mais informa\u00e7\u00f5es sobre a forma como processamos os seus dados pessoais, consulte a nossa Pol\u00edtica de Privacidade e Pol\u00edtica de Cookies.[\/vc_column_text][\/vc_column][\/vc_row][vc_row type=&#8221;in_container&#8221; full_screen_row_position=&#8221;middle&#8221; column_margin=&#8221;default&#8221; column_direction=&#8221;default&#8221; column_direction_tablet=&#8221;default&#8221; column_direction_phone=&#8221;default&#8221; scene_position=&#8221;center&#8221; top_margin=&#8221;5%&#8221; text_color=&#8221;dark&#8221; text_align=&#8221;left&#8221; row_border_radius=&#8221;none&#8221; row_border_radius_applies=&#8221;bg&#8221; overflow=&#8221;visible&#8221; overlay_strength=&#8221;0.3&#8243; gradient_direction=&#8221;left_to_right&#8221; shape_divider_position=&#8221;bottom&#8221; bg_image_animation=&#8221;none&#8221; gradient_type=&#8221;default&#8221; shape_type=&#8221;&#8221;][vc_column column_padding=&#8221;no-extra-padding&#8221; column_padding_tablet=&#8221;inherit&#8221; column_padding_phone=&#8221;inherit&#8221; column_padding_position=&#8221;all&#8221; left_margin=&#8221;2%&#8221; constrain_group_2=&#8221;yes&#8221; right_margin=&#8221;2%&#8221; column_element_direction_desktop=&#8221;default&#8221; column_element_spacing=&#8221;default&#8221; desktop_text_alignment=&#8221;default&#8221; tablet_text_alignment=&#8221;default&#8221; phone_text_alignment=&#8221;default&#8221; background_color_opacity=&#8221;1&#8243; background_hover_color_opacity=&#8221;1&#8243; column_backdrop_filter=&#8221;none&#8221; column_shadow=&#8221;none&#8221; column_border_radius=&#8221;none&#8221; column_link_target=&#8221;_self&#8221; column_position=&#8221;default&#8221; gradient_direction=&#8221;left_to_right&#8221; overlay_strength=&#8221;0.3&#8243; width=&#8221;1\/1&#8243; tablet_width_inherit=&#8221;default&#8221; animation_type=&#8221;default&#8221; bg_image_animation=&#8221;none&#8221; border_type=&#8221;simple&#8221; column_border_width=&#8221;none&#8221; column_border_style=&#8221;solid&#8221; column_padding_type=&#8221;default&#8221; gradient_type=&#8221;default&#8221;][vc_column_text]\n<h3>11. Comunica\u00e7\u00f5es<\/h3>\n<p>O CEGID entrar\u00e1 em contacto com o Utilizador por correio eletr\u00f3nico ou fornecer\u00e1 informa\u00e7\u00f5es atrav\u00e9s da publica\u00e7\u00e3o de avisos no Website. Para efeitos contratuais, o Utilizador consente a utiliza\u00e7\u00e3o deste meio de comunica\u00e7\u00e3o eletr\u00f3nico e reconhece que todos os contratos, notifica\u00e7\u00f5es, informa\u00e7\u00f5es e outras comunica\u00e7\u00f5es que enviamos por via eletr\u00f3nica cumprem os requisitos legais.<\/p>\n<p>As comunica\u00e7\u00f5es enviadas pelo Utilizador devem ser preferencialmente enviadas por correio eletr\u00f3nico para o endere\u00e7o [ ****** ]. Poder\u00e1 ainda enviar uma comunica\u00e7\u00e3o escrita ao cuidado do CEGID para a morada Porto Salvo, no Edif\u00edcio PHC, Avenida Professor Doutor Cavaco Silva, 7\u00aa (Portugal), REF: &#8220;Comunica\u00e7\u00f5es Web&#8221;.[\/vc_column_text][\/vc_column][\/vc_row][vc_row type=&#8221;in_container&#8221; full_screen_row_position=&#8221;middle&#8221; column_margin=&#8221;default&#8221; column_direction=&#8221;default&#8221; column_direction_tablet=&#8221;default&#8221; column_direction_phone=&#8221;default&#8221; scene_position=&#8221;center&#8221; top_margin=&#8221;5%&#8221; text_color=&#8221;dark&#8221; text_align=&#8221;left&#8221; row_border_radius=&#8221;none&#8221; row_border_radius_applies=&#8221;bg&#8221; overflow=&#8221;visible&#8221; overlay_strength=&#8221;0.3&#8243; gradient_direction=&#8221;left_to_right&#8221; shape_divider_position=&#8221;bottom&#8221; bg_image_animation=&#8221;none&#8221; gradient_type=&#8221;default&#8221; shape_type=&#8221;&#8221;][vc_column column_padding=&#8221;no-extra-padding&#8221; column_padding_tablet=&#8221;inherit&#8221; column_padding_phone=&#8221;inherit&#8221; column_padding_position=&#8221;all&#8221; left_margin=&#8221;2%&#8221; constrain_group_2=&#8221;yes&#8221; right_margin=&#8221;2%&#8221; column_element_direction_desktop=&#8221;default&#8221; column_element_spacing=&#8221;default&#8221; desktop_text_alignment=&#8221;default&#8221; tablet_text_alignment=&#8221;default&#8221; phone_text_alignment=&#8221;default&#8221; background_color_opacity=&#8221;1&#8243; background_hover_color_opacity=&#8221;1&#8243; column_backdrop_filter=&#8221;none&#8221; column_shadow=&#8221;none&#8221; column_border_radius=&#8221;none&#8221; column_link_target=&#8221;_self&#8221; column_position=&#8221;default&#8221; gradient_direction=&#8221;left_to_right&#8221; overlay_strength=&#8221;0.3&#8243; width=&#8221;1\/1&#8243; tablet_width_inherit=&#8221;default&#8221; animation_type=&#8221;default&#8221; bg_image_animation=&#8221;none&#8221; border_type=&#8221;simple&#8221; column_border_width=&#8221;none&#8221; column_border_style=&#8221;solid&#8221; column_padding_type=&#8221;default&#8221; gradient_type=&#8221;default&#8221;][vc_column_text]\n<h3>12. Legisla\u00e7\u00e3o aplic\u00e1vel e jurisdi\u00e7\u00e3o competente<\/h3>\n<p>A regulamenta\u00e7\u00e3o em vigor determinar\u00e1 as leis que reger\u00e3o e a jurisdi\u00e7\u00e3o que ser\u00e1 respons\u00e1vel pelas rela\u00e7\u00f5es entre o CEGID e o Utilizador.<\/p>\n<p>N\u00e3o obstante, nos casos em que a legisla\u00e7\u00e3o vigente preveja a possibilidade de as partes se submeterem a um foro espec\u00edfico, o CEGID e o Utilizador, com ren\u00fancia expressa a qualquer outro foro que lhes possa corresponder, submeter-se-\u00e3o \u00e0 legisla\u00e7\u00e3o espanhola e aos Julgados e Tribunais de Madrid.<\/p>\n<p>\u00daltima atualiza\u00e7\u00e3o: 30 de maio de 2025[\/vc_column_text][\/vc_column][\/vc_row][vc_row type=&#8221;in_container&#8221; full_screen_row_position=&#8221;middle&#8221; column_margin=&#8221;default&#8221; column_direction=&#8221;default&#8221; column_direction_tablet=&#8221;default&#8221; column_direction_phone=&#8221;default&#8221; scene_position=&#8221;center&#8221; top_margin=&#8221;5%&#8221; text_color=&#8221;dark&#8221; text_align=&#8221;left&#8221; row_border_radius=&#8221;none&#8221; row_border_radius_applies=&#8221;bg&#8221; overflow=&#8221;visible&#8221; overlay_strength=&#8221;0.3&#8243; gradient_direction=&#8221;left_to_right&#8221; shape_divider_position=&#8221;bottom&#8221; bg_image_animation=&#8221;none&#8221; gradient_type=&#8221;default&#8221; shape_type=&#8221;&#8221;][vc_column column_padding=&#8221;no-extra-padding&#8221; column_padding_tablet=&#8221;inherit&#8221; column_padding_phone=&#8221;inherit&#8221; column_padding_position=&#8221;all&#8221; left_margin=&#8221;2%&#8221; constrain_group_2=&#8221;yes&#8221; right_margin=&#8221;2%&#8221; column_element_direction_desktop=&#8221;default&#8221; column_element_spacing=&#8221;default&#8221; desktop_text_alignment=&#8221;default&#8221; tablet_text_alignment=&#8221;default&#8221; phone_text_alignment=&#8221;default&#8221; background_color_opacity=&#8221;1&#8243; background_hover_color_opacity=&#8221;1&#8243; column_backdrop_filter=&#8221;none&#8221; column_shadow=&#8221;none&#8221; column_border_radius=&#8221;none&#8221; column_link_target=&#8221;_self&#8221; column_position=&#8221;default&#8221; gradient_direction=&#8221;left_to_right&#8221; overlay_strength=&#8221;0.3&#8243; width=&#8221;1\/1&#8243; tablet_width_inherit=&#8221;default&#8221; animation_type=&#8221;default&#8221; bg_image_animation=&#8221;none&#8221; border_type=&#8221;simple&#8221; column_border_width=&#8221;none&#8221; column_border_style=&#8221;solid&#8221; column_padding_type=&#8221;default&#8221; gradient_type=&#8221;default&#8221;][vc_column_text]\n<h3>13. Lei da Acessibilidade Digital<\/h3>\n<p>O website Cegid PHC vai ser substitu\u00eddo at\u00e9 31 de dezembro de 2026, processo que j\u00e1 est\u00e1 em curso. Adaptar o conte\u00fado a todas as quest\u00f5es de acessibilidade neste Portal \/s\u00edtio Web com data de substitui\u00e7\u00e3o j\u00e1 definida e pr\u00f3xima seria um encargo desproporcionado no \u00e2mbito da regulamenta\u00e7\u00e3o sobre a acessibilidade. O portal\/s\u00edtio web \u00e9 neste momento o mais acess\u00edvel poss\u00edvel.[\/vc_column_text][\/vc_column][\/vc_row]\n","protected":false},"excerpt":{"rendered":"<p>[vc_row type=&#8221;in_container&#8221; full_screen_row_position=&#8221;middle&#8221; column_margin=&#8221;default&#8221; column_direction=&#8221;default&#8221; column_direction_tablet=&#8221;default&#8221; column_direction_phone=&#8221;default&#8221; scene_position=&#8221;center&#8221; top_margin=&#8221;5%&#8221; top_margin_tablet=&#8221;10%&#8221; top_margin_phone=&#8221;20%&#8221; text_color=&#8221;dark&#8221; text_align=&#8221;left&#8221; row_border_radius=&#8221;none&#8221; row_border_radius_applies=&#8221;bg&#8221; overflow=&#8221;visible&#8221; overlay_strength=&#8221;0.3&#8243; gradient_direction=&#8221;left_to_right&#8221; shape_divider_position=&#8221;bottom&#8221; bg_image_animation=&#8221;none&#8221; gradient_type=&#8221;default&#8221; shape_type=&#8221;&#8221;][vc_column column_padding=&#8221;no-extra-padding&#8221; column_padding_tablet=&#8221;inherit&#8221; column_padding_phone=&#8221;inherit&#8221; column_padding_position=&#8221;all&#8221; left_margin=&#8221;2%&#8221; constrain_group_2=&#8221;yes&#8221; right_margin=&#8221;2%&#8221; column_element_direction_desktop=&#8221;default&#8221;&#8230;<\/p>\n","protected":false},"author":1,"featured_media":0,"parent":0,"menu_order":0,"comment_status":"closed","ping_status":"closed","template":"","meta":{"footnotes":""},"class_list":["post-23792","page","type-page","status-publish"],"yoast_head":"<!-- This site is optimized with the Yoast SEO plugin v25.8 - https:\/\/yoast.com\/wordpress\/plugins\/seo\/ -->\n<title>Aviso Legal - Portugal<\/title>\n<meta name=\"robots\" content=\"index, follow, max-snippet:-1, max-image-preview:large, max-video-preview:-1\" \/>\n<link rel=\"canonical\" href=\"https:\/\/phcsoftware.com\/pt\/aviso-legal\" \/>\n<meta property=\"og:locale\" content=\"pt_PT\" \/>\n<meta property=\"og:type\" content=\"article\" \/>\n<meta property=\"og:title\" content=\"Aviso Legal - Portugal\" \/>\n<meta property=\"og:description\" content=\"[vc_row type=&#8221;in_container&#8221; full_screen_row_position=&#8221;middle&#8221; column_margin=&#8221;default&#8221; column_direction=&#8221;default&#8221; column_direction_tablet=&#8221;default&#8221; column_direction_phone=&#8221;default&#8221; scene_position=&#8221;center&#8221; top_margin=&#8221;5%&#8221; top_margin_tablet=&#8221;10%&#8221; top_margin_phone=&#8221;20%&#8221; text_color=&#8221;dark&#8221; text_align=&#8221;left&#8221; row_border_radius=&#8221;none&#8221; row_border_radius_applies=&#8221;bg&#8221; overflow=&#8221;visible&#8221; overlay_strength=&#8221;0.3&#8243; gradient_direction=&#8221;left_to_right&#8221; shape_divider_position=&#8221;bottom&#8221; bg_image_animation=&#8221;none&#8221; gradient_type=&#8221;default&#8221; shape_type=&#8221;&#8221;][vc_column column_padding=&#8221;no-extra-padding&#8221; column_padding_tablet=&#8221;inherit&#8221; column_padding_phone=&#8221;inherit&#8221; column_padding_position=&#8221;all&#8221; left_margin=&#8221;2%&#8221; constrain_group_2=&#8221;yes&#8221; right_margin=&#8221;2%&#8221; column_element_direction_desktop=&#8221;default&#8221;...\" \/>\n<meta property=\"og:url\" content=\"https:\/\/phcsoftware.com\/pt\/aviso-legal\" \/>\n<meta property=\"og:site_name\" content=\"Portugal\" \/>\n<meta property=\"article:modified_time\" content=\"2025-06-27T13:57:06+00:00\" \/>\n<meta name=\"twitter:card\" content=\"summary_large_image\" \/>\n<meta name=\"twitter:label1\" content=\"Tempo estimado de leitura\" \/>\n\t<meta name=\"twitter:data1\" content=\"18 minutos\" \/>\n<script type=\"application\/ld+json\" class=\"yoast-schema-graph\">{\"@context\":\"https:\/\/schema.org\",\"@graph\":[{\"@type\":\"WebPage\",\"@id\":\"https:\/\/phcsoftware.com\/pt\/aviso-legal\",\"url\":\"https:\/\/phcsoftware.com\/pt\/aviso-legal\",\"name\":\"Aviso Legal - Portugal\",\"isPartOf\":{\"@id\":\"https:\/\/phcsoftware.com\/pt\/#website\"},\"datePublished\":\"2025-06-05T22:47:05+00:00\",\"dateModified\":\"2025-06-27T13:57:06+00:00\",\"breadcrumb\":{\"@id\":\"https:\/\/phcsoftware.com\/pt\/aviso-legal#breadcrumb\"},\"inLanguage\":\"pt-PT\",\"potentialAction\":[{\"@type\":\"ReadAction\",\"target\":[\"https:\/\/phcsoftware.com\/pt\/aviso-legal\"]}]},{\"@type\":\"BreadcrumbList\",\"@id\":\"https:\/\/phcsoftware.com\/pt\/aviso-legal#breadcrumb\",\"itemListElement\":[{\"@type\":\"ListItem\",\"position\":1,\"name\":\"In\u00edcio\",\"item\":\"https:\/\/phcsoftware.com\/pt\"},{\"@type\":\"ListItem\",\"position\":2,\"name\":\"Aviso Legal\"}]},{\"@type\":\"WebSite\",\"@id\":\"https:\/\/phcsoftware.com\/pt\/#website\",\"url\":\"https:\/\/phcsoftware.com\/pt\/\",\"name\":\"Portugal\",\"description\":\"\",\"potentialAction\":[{\"@type\":\"SearchAction\",\"target\":{\"@type\":\"EntryPoint\",\"urlTemplate\":\"https:\/\/phcsoftware.com\/pt\/?s={search_term_string}\"},\"query-input\":{\"@type\":\"PropertyValueSpecification\",\"valueRequired\":true,\"valueName\":\"search_term_string\"}}],\"inLanguage\":\"pt-PT\"}]}<\/script>\n<!-- \/ Yoast SEO plugin. -->","yoast_head_json":{"title":"Aviso Legal - Portugal","robots":{"index":"index","follow":"follow","max-snippet":"max-snippet:-1","max-image-preview":"max-image-preview:large","max-video-preview":"max-video-preview:-1"},"canonical":"https:\/\/phcsoftware.com\/pt\/aviso-legal","og_locale":"pt_PT","og_type":"article","og_title":"Aviso Legal - Portugal","og_description":"[vc_row type=&#8221;in_container&#8221; full_screen_row_position=&#8221;middle&#8221; column_margin=&#8221;default&#8221; column_direction=&#8221;default&#8221; column_direction_tablet=&#8221;default&#8221; column_direction_phone=&#8221;default&#8221; scene_position=&#8221;center&#8221; top_margin=&#8221;5%&#8221; top_margin_tablet=&#8221;10%&#8221; top_margin_phone=&#8221;20%&#8221; text_color=&#8221;dark&#8221; text_align=&#8221;left&#8221; row_border_radius=&#8221;none&#8221; row_border_radius_applies=&#8221;bg&#8221; overflow=&#8221;visible&#8221; overlay_strength=&#8221;0.3&#8243; gradient_direction=&#8221;left_to_right&#8221; shape_divider_position=&#8221;bottom&#8221; bg_image_animation=&#8221;none&#8221; gradient_type=&#8221;default&#8221; shape_type=&#8221;&#8221;][vc_column column_padding=&#8221;no-extra-padding&#8221; column_padding_tablet=&#8221;inherit&#8221; column_padding_phone=&#8221;inherit&#8221; column_padding_position=&#8221;all&#8221; left_margin=&#8221;2%&#8221; constrain_group_2=&#8221;yes&#8221; right_margin=&#8221;2%&#8221; column_element_direction_desktop=&#8221;default&#8221;...","og_url":"https:\/\/phcsoftware.com\/pt\/aviso-legal","og_site_name":"Portugal","article_modified_time":"2025-06-27T13:57:06+00:00","twitter_card":"summary_large_image","twitter_misc":{"Tempo estimado de leitura":"18 minutos"},"schema":{"@context":"https:\/\/schema.org","@graph":[{"@type":"WebPage","@id":"https:\/\/phcsoftware.com\/pt\/aviso-legal","url":"https:\/\/phcsoftware.com\/pt\/aviso-legal","name":"Aviso Legal - Portugal","isPartOf":{"@id":"https:\/\/phcsoftware.com\/pt\/#website"},"datePublished":"2025-06-05T22:47:05+00:00","dateModified":"2025-06-27T13:57:06+00:00","breadcrumb":{"@id":"https:\/\/phcsoftware.com\/pt\/aviso-legal#breadcrumb"},"inLanguage":"pt-PT","potentialAction":[{"@type":"ReadAction","target":["https:\/\/phcsoftware.com\/pt\/aviso-legal"]}]},{"@type":"BreadcrumbList","@id":"https:\/\/phcsoftware.com\/pt\/aviso-legal#breadcrumb","itemListElement":[{"@type":"ListItem","position":1,"name":"In\u00edcio","item":"https:\/\/phcsoftware.com\/pt"},{"@type":"ListItem","position":2,"name":"Aviso Legal"}]},{"@type":"WebSite","@id":"https:\/\/phcsoftware.com\/pt\/#website","url":"https:\/\/phcsoftware.com\/pt\/","name":"Portugal","description":"","potentialAction":[{"@type":"SearchAction","target":{"@type":"EntryPoint","urlTemplate":"https:\/\/phcsoftware.com\/pt\/?s={search_term_string}"},"query-input":{"@type":"PropertyValueSpecification","valueRequired":true,"valueName":"search_term_string"}}],"inLanguage":"pt-PT"}]}},"_links":{"self":[{"href":"https:\/\/phcsoftware.com\/pt\/wp-json\/wp\/v2\/pages\/23792","targetHints":{"allow":["GET"]}}],"collection":[{"href":"https:\/\/phcsoftware.com\/pt\/wp-json\/wp\/v2\/pages"}],"about":[{"href":"https:\/\/phcsoftware.com\/pt\/wp-json\/wp\/v2\/types\/page"}],"author":[{"embeddable":true,"href":"https:\/\/phcsoftware.com\/pt\/wp-json\/wp\/v2\/users\/1"}],"replies":[{"embeddable":true,"href":"https:\/\/phcsoftware.com\/pt\/wp-json\/wp\/v2\/comments?post=23792"}],"version-history":[{"count":7,"href":"https:\/\/phcsoftware.com\/pt\/wp-json\/wp\/v2\/pages\/23792\/revisions"}],"predecessor-version":[{"id":24042,"href":"https:\/\/phcsoftware.com\/pt\/wp-json\/wp\/v2\/pages\/23792\/revisions\/24042"}],"wp:attachment":[{"href":"https:\/\/phcsoftware.com\/pt\/wp-json\/wp\/v2\/media?parent=23792"}],"curies":[{"name":"wp","href":"https:\/\/api.w.org\/{rel}","templated":true}]}}